{"id":9749,"date":"2024-02-23T08:44:44","date_gmt":"2024-02-23T07:44:44","guid":{"rendered":"https:\/\/vslg.cz\/aktuality\/kombinovana-doprava-pro-logistiku\/"},"modified":"2024-03-27T11:28:27","modified_gmt":"2024-03-27T10:28:27","slug":"kombinovana-doprava-pro-logistiku","status":"publish","type":"aktuality","link":"https:\/\/vslg.cz\/sk\/aktuality\/kombinovana-doprava-pro-logistiku\/","title":{"rendered":"Kombinovan\u00e1 doprava pro logistiku"},"content":{"rendered":"\n<p>V\u00a0zasedac\u00edm s\u00e1le Ministerstva dopravy se 31. 1. 2024 konal semin\u00e1\u0159 s\u00a0n\u00e1zvem Kombinovan\u00e1 doprava pro logistiku. Na semin\u00e1\u0159i se setkali odborn\u00edci ze silni\u010dn\u00ed a \u017eelezni\u010dn\u00ed\u00a0dopravy, z\u00e1stupci oper\u00e1tor\u016f kombinovan\u00e9 dopravy, v\u00fdrobn\u00edch firem, logistick\u00fdch spole\u010dnost\u00ed, ve\u0159ejn\u00e9 spr\u00e1vy a vysok\u00fdch \u0161kol. Mezi z\u00e1stupci odborn\u00e9ho \u0161kolstv\u00ed byli tak\u00e9 dva z\u00e1stupci V\u0160LG.<\/p>\n\n<p>V\u00a0r\u00e1mci semin\u00e1\u0159e vystoupili odborn\u00edci z\u00a0r\u016fzn\u00fdch oblast\u00ed. Vyu\u017eit\u00ed kombinovan\u00e9 dopravy p\u0159edstavil ve sv\u00e9m p\u0159\u00edsp\u011bvku \u201eI po kolej\u00edch to jde\u201c z\u00e1stupce spole\u010dnosti IKEA pan \u0160ilh\u00e1\u010dek. Problematice dekarbonizace v\u00a0doprav\u011b se v\u00a0\u0161ir\u0161\u00edch souvislostech v\u011bnoval pan Pohl ze spole\u010dnosti Siemens Mobility. Jednatel spole\u010dnosti BOHEMIAKOMBI pan Fi\u0161er p\u0159edstavil \u00fa\u010dastn\u00edk\u016fm konference nov\u00fd koncept megahubu v\u00a0n\u011bmeck\u00e9m m\u011bst\u011b Lehrte, kde se v\u00a0Doln\u00edm Sasku pobl\u00ed\u017e Hannoveru nach\u00e1z\u00ed modern\u00ed p\u0159ekladi\u0161t\u011b, jeho\u017e koncepce je zalo\u017eena na rychl\u00e9 v\u00fdm\u011bn\u011b z\u00e1t\u011b\u017ee mezi vlaky, s\u00a0p\u0159ekl\u00e1dkou intermod\u00e1ln\u00edch jednotek bez roz\u0159azov\u00e1n\u00ed vlakov\u00fdch souprav. Novinky v p\u0159ipravovan\u00e9 evropsk\u00e9 legislativ\u011b v oblasti kombinovan\u00e9 dopravy a Koncepci n\u00e1kladn\u00ed dopravy p\u0159edstavili z\u00e1stupci MD \u010cR pan\u00ed Tomkov\u00e1 a pan Sedmidubsk\u00fd.<\/p>\n\n<p>V\u00a0r\u00e1mci panelov\u00e9 diskuse se problematice kombinovan\u00e9 dopravy a jej\u00edm probl\u00e9m\u016fm v\u00a0\u0161ir\u0161\u00edch souvislostech v\u011bnovali pozvan\u00ed host\u00e9 \u2013 z\u00e1stupci spole\u010dnost\u00ed METRANS, \u010cD Cargo, Spr\u00e1vy \u017eeleznic, \u010cSAD Logistic Ostrava, DB Schenker a Ministerstva dopravy SR. Vystoupen\u00ed odborn\u00edk\u016f i panelov\u00e1 diskuse \u00fa\u010dastn\u00edky semin\u00e1\u0159e zaujala a na z\u00e1v\u011br semin\u00e1\u0159e se do diskuse k\u00a0t\u00e9matu aktivn\u011b zapojili. <\/p>\n\n<p>Ing. Blanka Kalupov\u00e1, Ph.D., vedouc\u00ed Katedry magistersk\u00e9ho studia<\/p>\n<div class=\"wp-block-image\">\n<figure class=\"aligncenter size-large\"><img loading=\"lazy\" decoding=\"async\" width=\"1024\" height=\"461\" src=\"https:\/\/vslg.cz\/wp-content\/uploads\/2024\/02\/Obrazek2-1024x461.jpg\" alt=\"\" class=\"wp-image-9681\" srcset=\"https:\/\/vslg.cz\/wp-content\/uploads\/2024\/02\/Obrazek2-1024x461.jpg 1024w, https:\/\/vslg.cz\/wp-content\/uploads\/2024\/02\/Obrazek2-300x135.jpg 300w, https:\/\/vslg.cz\/wp-content\/uploads\/2024\/02\/Obrazek2-768x346.jpg 768w, https:\/\/vslg.cz\/wp-content\/uploads\/2024\/02\/Obrazek2.jpg 1386w\" sizes=\"auto, (max-width: 1024px) 100vw, 1024px\" \/><\/figure><\/div>","protected":false},"excerpt":{"rendered":"<p>V\u00a0zasedac\u00edm s\u00e1le Ministerstva dopravy se 31. 1. 2024 konal semin\u00e1\u0159 s\u00a0n\u00e1zvem Kombinovan\u00e1 doprava pro logistiku. Na semin\u00e1\u0159i se setkali odborn\u00edci ze silni\u010dn\u00ed a \u017eelezni\u010dn\u00ed\u00a0dopravy, z\u00e1stupci oper\u00e1tor\u016f kombinovan\u00e9 dopravy, v\u00fdrobn\u00edch firem, logistick\u00fdch spole\u010dnost\u00ed, ve\u0159ejn\u00e9 spr\u00e1vy a vysok\u00fdch \u0161kol. Mezi z\u00e1stupci odborn\u00e9ho \u0161kolstv\u00ed byli tak\u00e9 dva z\u00e1stupci V\u0160LG. V\u00a0r\u00e1mci semin\u00e1\u0159e vystoupili odborn\u00edci z\u00a0r\u016fzn\u00fdch oblast\u00ed. Vyu\u017eit\u00ed kombinovan\u00e9 dopravy [&hellip;]<\/p>\n","protected":false},"featured_media":4161,"template":"","kategoria":[11,12],"mesto":[],"skola":[],"class_list":["post-9749","aktuality","type-aktuality","status-publish","has-post-thumbnail","hentry","kategoria-novinky","kategoria-podujatia"],"yoast_head":"<!-- This site is optimized with the Yoast SEO plugin v26.8 - https:\/\/yoast.com\/product\/yoast-seo-wordpress\/ -->\n<title>Kombinovan\u00e1 doprava pro logistiku - Vysok\u00e1 \u0161kola logistiky o.p.s<\/title>\n<meta name=\"robots\" content=\"index, follow, max-snippet:-1, max-image-preview:large, max-video-preview:-1\" \/>\n<link rel=\"canonical\" href=\"https:\/\/vslg.cz\/sk\/aktuality\/kombinovana-doprava-pro-logistiku\/\" \/>\n<meta property=\"og:locale\" content=\"sk_SK\" \/>\n<meta property=\"og:type\" content=\"article\" \/>\n<meta property=\"og:title\" content=\"Kombinovan\u00e1 doprava pro logistiku - Vysok\u00e1 \u0161kola logistiky o.p.s\" \/>\n<meta property=\"og:description\" content=\"V\u00a0zasedac\u00edm s\u00e1le Ministerstva dopravy se 31. 1. 2024 konal semin\u00e1\u0159 s\u00a0n\u00e1zvem Kombinovan\u00e1 doprava pro logistiku. Na semin\u00e1\u0159i se setkali odborn\u00edci ze silni\u010dn\u00ed a \u017eelezni\u010dn\u00ed\u00a0dopravy, z\u00e1stupci oper\u00e1tor\u016f kombinovan\u00e9 dopravy, v\u00fdrobn\u00edch firem, logistick\u00fdch spole\u010dnost\u00ed, ve\u0159ejn\u00e9 spr\u00e1vy a vysok\u00fdch \u0161kol. Mezi z\u00e1stupci odborn\u00e9ho \u0161kolstv\u00ed byli tak\u00e9 dva z\u00e1stupci V\u0160LG. V\u00a0r\u00e1mci semin\u00e1\u0159e vystoupili odborn\u00edci z\u00a0r\u016fzn\u00fdch oblast\u00ed. Vyu\u017eit\u00ed kombinovan\u00e9 dopravy [&hellip;]\" \/>\n<meta property=\"og:url\" content=\"https:\/\/vslg.cz\/sk\/aktuality\/kombinovana-doprava-pro-logistiku\/\" \/>\n<meta property=\"og:site_name\" content=\"Vysok\u00e1 \u0161kola logistiky o.p.s\" \/>\n<meta property=\"article:modified_time\" content=\"2024-03-27T10:28:27+00:00\" \/>\n<meta property=\"og:image\" content=\"https:\/\/vslg.cz\/wp-content\/uploads\/2022\/02\/Screenshot-2022-02-01-at-17.07.49.png\" \/>\n\t<meta property=\"og:image:width\" content=\"1154\" \/>\n\t<meta property=\"og:image:height\" content=\"678\" \/>\n\t<meta property=\"og:image:type\" content=\"image\/png\" \/>\n<meta name=\"twitter:card\" content=\"summary_large_image\" \/>\n<meta name=\"twitter:label1\" content=\"Predpokladan\u00fd \u010das \u010d\u00edtania\" \/>\n\t<meta name=\"twitter:data1\" content=\"1 min\u00fata\" \/>\n<script type=\"application\/ld+json\" class=\"yoast-schema-graph\">{\"@context\":\"https:\/\/schema.org\",\"@graph\":[{\"@type\":\"WebPage\",\"@id\":\"https:\/\/vslg.cz\/sk\/aktuality\/kombinovana-doprava-pro-logistiku\/\",\"url\":\"https:\/\/vslg.cz\/sk\/aktuality\/kombinovana-doprava-pro-logistiku\/\",\"name\":\"Kombinovan\u00e1 doprava pro logistiku - Vysok\u00e1 \u0161kola logistiky o.p.s\",\"isPartOf\":{\"@id\":\"https:\/\/vslg.cz\/sk\/#website\"},\"primaryImageOfPage\":{\"@id\":\"https:\/\/vslg.cz\/sk\/aktuality\/kombinovana-doprava-pro-logistiku\/#primaryimage\"},\"image\":{\"@id\":\"https:\/\/vslg.cz\/sk\/aktuality\/kombinovana-doprava-pro-logistiku\/#primaryimage\"},\"thumbnailUrl\":\"https:\/\/vslg.cz\/wp-content\/uploads\/2022\/02\/Screenshot-2022-02-01-at-17.07.49.png\",\"datePublished\":\"2024-02-23T07:44:44+00:00\",\"dateModified\":\"2024-03-27T10:28:27+00:00\",\"breadcrumb\":{\"@id\":\"https:\/\/vslg.cz\/sk\/aktuality\/kombinovana-doprava-pro-logistiku\/#breadcrumb\"},\"inLanguage\":\"sk-SK\",\"potentialAction\":[{\"@type\":\"ReadAction\",\"target\":[\"https:\/\/vslg.cz\/sk\/aktuality\/kombinovana-doprava-pro-logistiku\/\"]}]},{\"@type\":\"ImageObject\",\"inLanguage\":\"sk-SK\",\"@id\":\"https:\/\/vslg.cz\/sk\/aktuality\/kombinovana-doprava-pro-logistiku\/#primaryimage\",\"url\":\"https:\/\/vslg.cz\/wp-content\/uploads\/2022\/02\/Screenshot-2022-02-01-at-17.07.49.png\",\"contentUrl\":\"https:\/\/vslg.cz\/wp-content\/uploads\/2022\/02\/Screenshot-2022-02-01-at-17.07.49.png\",\"width\":1154,\"height\":678},{\"@type\":\"BreadcrumbList\",\"@id\":\"https:\/\/vslg.cz\/sk\/aktuality\/kombinovana-doprava-pro-logistiku\/#breadcrumb\",\"itemListElement\":[{\"@type\":\"ListItem\",\"position\":1,\"name\":\"Vysok\u00e1 \u0161kola logistiky\",\"item\":\"https:\/\/vslg.cz\/sk\/\"},{\"@type\":\"ListItem\",\"position\":2,\"name\":\"Aktuality\",\"item\":\"https:\/\/vslg.cz\/sk\/aktuality\/\"},{\"@type\":\"ListItem\",\"position\":3,\"name\":\"Novinky\",\"item\":\"https:\/\/vslg.cz\/sk\/kategoria\/novinky\/\"},{\"@type\":\"ListItem\",\"position\":4,\"name\":\"Kombinovan\u00e1 doprava pro logistiku\"}]},{\"@type\":\"WebSite\",\"@id\":\"https:\/\/vslg.cz\/sk\/#website\",\"url\":\"https:\/\/vslg.cz\/sk\/\",\"name\":\"Vysok\u00e1 \u0161kola logistiky o.p.s\",\"description\":\"Kvalita. Prest\u00ed\u017e. \u00daspech. Prec\u00edznos\u0165.\",\"potentialAction\":[{\"@type\":\"SearchAction\",\"target\":{\"@type\":\"EntryPoint\",\"urlTemplate\":\"https:\/\/vslg.cz\/sk\/?s={search_term_string}\"},\"query-input\":{\"@type\":\"PropertyValueSpecification\",\"valueRequired\":true,\"valueName\":\"search_term_string\"}}],\"inLanguage\":\"sk-SK\"}]}<\/script>\n<!-- \/ Yoast SEO plugin. -->","yoast_head_json":{"title":"Kombinovan\u00e1 doprava pro logistiku - Vysok\u00e1 \u0161kola logistiky o.p.s","robots":{"index":"index","follow":"follow","max-snippet":"max-snippet:-1","max-image-preview":"max-image-preview:large","max-video-preview":"max-video-preview:-1"},"canonical":"https:\/\/vslg.cz\/sk\/aktuality\/kombinovana-doprava-pro-logistiku\/","og_locale":"sk_SK","og_type":"article","og_title":"Kombinovan\u00e1 doprava pro logistiku - Vysok\u00e1 \u0161kola logistiky o.p.s","og_description":"V\u00a0zasedac\u00edm s\u00e1le Ministerstva dopravy se 31. 1. 2024 konal semin\u00e1\u0159 s\u00a0n\u00e1zvem Kombinovan\u00e1 doprava pro logistiku. Na semin\u00e1\u0159i se setkali odborn\u00edci ze silni\u010dn\u00ed a \u017eelezni\u010dn\u00ed\u00a0dopravy, z\u00e1stupci oper\u00e1tor\u016f kombinovan\u00e9 dopravy, v\u00fdrobn\u00edch firem, logistick\u00fdch spole\u010dnost\u00ed, ve\u0159ejn\u00e9 spr\u00e1vy a vysok\u00fdch \u0161kol. Mezi z\u00e1stupci odborn\u00e9ho \u0161kolstv\u00ed byli tak\u00e9 dva z\u00e1stupci V\u0160LG. V\u00a0r\u00e1mci semin\u00e1\u0159e vystoupili odborn\u00edci z\u00a0r\u016fzn\u00fdch oblast\u00ed. Vyu\u017eit\u00ed kombinovan\u00e9 dopravy [&hellip;]","og_url":"https:\/\/vslg.cz\/sk\/aktuality\/kombinovana-doprava-pro-logistiku\/","og_site_name":"Vysok\u00e1 \u0161kola logistiky o.p.s","article_modified_time":"2024-03-27T10:28:27+00:00","og_image":[{"width":1154,"height":678,"url":"https:\/\/vslg.cz\/wp-content\/uploads\/2022\/02\/Screenshot-2022-02-01-at-17.07.49.png","type":"image\/png"}],"twitter_card":"summary_large_image","twitter_misc":{"Predpokladan\u00fd \u010das \u010d\u00edtania":"1 min\u00fata"},"schema":{"@context":"https:\/\/schema.org","@graph":[{"@type":"WebPage","@id":"https:\/\/vslg.cz\/sk\/aktuality\/kombinovana-doprava-pro-logistiku\/","url":"https:\/\/vslg.cz\/sk\/aktuality\/kombinovana-doprava-pro-logistiku\/","name":"Kombinovan\u00e1 doprava pro logistiku - Vysok\u00e1 \u0161kola logistiky o.p.s","isPartOf":{"@id":"https:\/\/vslg.cz\/sk\/#website"},"primaryImageOfPage":{"@id":"https:\/\/vslg.cz\/sk\/aktuality\/kombinovana-doprava-pro-logistiku\/#primaryimage"},"image":{"@id":"https:\/\/vslg.cz\/sk\/aktuality\/kombinovana-doprava-pro-logistiku\/#primaryimage"},"thumbnailUrl":"https:\/\/vslg.cz\/wp-content\/uploads\/2022\/02\/Screenshot-2022-02-01-at-17.07.49.png","datePublished":"2024-02-23T07:44:44+00:00","dateModified":"2024-03-27T10:28:27+00:00","breadcrumb":{"@id":"https:\/\/vslg.cz\/sk\/aktuality\/kombinovana-doprava-pro-logistiku\/#breadcrumb"},"inLanguage":"sk-SK","potentialAction":[{"@type":"ReadAction","target":["https:\/\/vslg.cz\/sk\/aktuality\/kombinovana-doprava-pro-logistiku\/"]}]},{"@type":"ImageObject","inLanguage":"sk-SK","@id":"https:\/\/vslg.cz\/sk\/aktuality\/kombinovana-doprava-pro-logistiku\/#primaryimage","url":"https:\/\/vslg.cz\/wp-content\/uploads\/2022\/02\/Screenshot-2022-02-01-at-17.07.49.png","contentUrl":"https:\/\/vslg.cz\/wp-content\/uploads\/2022\/02\/Screenshot-2022-02-01-at-17.07.49.png","width":1154,"height":678},{"@type":"BreadcrumbList","@id":"https:\/\/vslg.cz\/sk\/aktuality\/kombinovana-doprava-pro-logistiku\/#breadcrumb","itemListElement":[{"@type":"ListItem","position":1,"name":"Vysok\u00e1 \u0161kola logistiky","item":"https:\/\/vslg.cz\/sk\/"},{"@type":"ListItem","position":2,"name":"Aktuality","item":"https:\/\/vslg.cz\/sk\/aktuality\/"},{"@type":"ListItem","position":3,"name":"Novinky","item":"https:\/\/vslg.cz\/sk\/kategoria\/novinky\/"},{"@type":"ListItem","position":4,"name":"Kombinovan\u00e1 doprava pro logistiku"}]},{"@type":"WebSite","@id":"https:\/\/vslg.cz\/sk\/#website","url":"https:\/\/vslg.cz\/sk\/","name":"Vysok\u00e1 \u0161kola logistiky o.p.s","description":"Kvalita. Prest\u00ed\u017e. \u00daspech. Prec\u00edznos\u0165.","potentialAction":[{"@type":"SearchAction","target":{"@type":"EntryPoint","urlTemplate":"https:\/\/vslg.cz\/sk\/?s={search_term_string}"},"query-input":{"@type":"PropertyValueSpecification","valueRequired":true,"valueName":"search_term_string"}}],"inLanguage":"sk-SK"}]}},"meta_box":[],"_links":{"self":[{"href":"https:\/\/vslg.cz\/sk\/wp-json\/wp\/v2\/aktuality\/9749","targetHints":{"allow":["GET"]}}],"collection":[{"href":"https:\/\/vslg.cz\/sk\/wp-json\/wp\/v2\/aktuality"}],"about":[{"href":"https:\/\/vslg.cz\/sk\/wp-json\/wp\/v2\/types\/aktuality"}],"version-history":[{"count":1,"href":"https:\/\/vslg.cz\/sk\/wp-json\/wp\/v2\/aktuality\/9749\/revisions"}],"predecessor-version":[{"id":9750,"href":"https:\/\/vslg.cz\/sk\/wp-json\/wp\/v2\/aktuality\/9749\/revisions\/9750"}],"wp:featuredmedia":[{"embeddable":true,"href":"https:\/\/vslg.cz\/sk\/wp-json\/wp\/v2\/media\/4161"}],"wp:attachment":[{"href":"https:\/\/vslg.cz\/sk\/wp-json\/wp\/v2\/media?parent=9749"}],"wp:term":[{"taxonomy":"kategoria","embeddable":true,"href":"https:\/\/vslg.cz\/sk\/wp-json\/wp\/v2\/kategoria?post=9749"},{"taxonomy":"mesto","embeddable":true,"href":"https:\/\/vslg.cz\/sk\/wp-json\/wp\/v2\/mesto?post=9749"},{"taxonomy":"skola","embeddable":true,"href":"https:\/\/vslg.cz\/sk\/wp-json\/wp\/v2\/skola?post=9749"}],"curies":[{"name":"wp","href":"https:\/\/api.w.org\/{rel}","templated":true}]}}