{"id":8756,"date":"2023-07-17T13:47:57","date_gmt":"2023-07-17T11:47:57","guid":{"rendered":"https:\/\/vslg.cz\/aktuality\/slavnostni-predani-evropskych-certifikatu-celog\/"},"modified":"2023-07-17T13:47:58","modified_gmt":"2023-07-17T11:47:58","slug":"slavnostni-predani-evropskych-certifikatu-celog","status":"publish","type":"aktuality","link":"https:\/\/vslg.cz\/sk\/aktuality\/slavnostni-predani-evropskych-certifikatu-celog\/","title":{"rendered":"Slavnostn\u00ed p\u0159ed\u00e1n\u00ed evropsk\u00fdch certifik\u00e1t\u016f cElog"},"content":{"rendered":"\n<p>Slavnostn\u00ed p\u0159ed\u00e1v\u00e1n\u00ed certifik\u00e1t\u016f prob\u011bhlo v r\u00e1mci promoc\u00ed absolvent\u016f navazuj\u00edc\u00edho magistersk\u00e9ho studia, kter\u00e9 se konalo 29. \u010dervna 2023 v M\u011bstsk\u00e9m dom\u011b v\u00a0P\u0159erov\u011b. \u00dasp\u011b\u0161n\u00ed absolventi obdr\u017eeli nejen vysoko\u0161kolsk\u00fd diplom, ale i sou\u010dasn\u011b mezin\u00e1rodn\u011b uzn\u00e1van\u00fd certifik\u00e1t kandid\u00e1t logistiky ECBLc v \u00farovni Master. Certifik\u00e1t kandid\u00e1t\u016fm logistick\u00fdch profesion\u00e1l\u016f p\u0159edal prof. Ing. V\u00e1clav Cemp\u00edrek, Ph.D., DBA, president \u010cesk\u00e9 logistick\u00e9 asociace a rektor Vysok\u00e9 \u0161koly logistiky. Sv\u00e9 majitele z\u00a0Vysok\u00e9 \u0161koly logistiky zn\u00e1 39 certifik\u00e1t\u016f jarn\u00edho kola 2023. Program certifikace Evropsk\u00e9 logistick\u00e9 asociace (ELA) je \u0159\u00edzen Evropskou certifika\u010dn\u00ed radou pro logistiku (ECBL), kter\u00e1 je nez\u00e1visl\u00fdm org\u00e1nem slo\u017een\u00fdm ze z\u00e1stupc\u016f z \u010dlensk\u00fdch zem\u00ed ELA. C\u00edlem ELA je zvy\u0161ov\u00e1n\u00ed \u00farovn\u011b kvalifikace evropsk\u00fdch logistick\u00fdch odborn\u00edk\u016f, a t\u00edm jejich uplatn\u011bn\u00ed na n\u00e1rodn\u00ed i evropsk\u00e9 \u00farovni.<\/p>\n\n<figure class=\"wp-block-gallery has-nested-images columns-default is-cropped wp-block-gallery-1 is-layout-flex wp-block-gallery-is-layout-flex\">\n<figure class=\"wp-block-image size-large\"><img loading=\"lazy\" decoding=\"async\" width=\"1024\" height=\"683\" data-id=\"8734\" src=\"https:\/\/vslg.cz\/wp-content\/uploads\/2023\/07\/2023_2_blok-IMG_2663-1024x683.jpg\" alt=\"\" class=\"wp-image-8734\" srcset=\"https:\/\/vslg.cz\/wp-content\/uploads\/2023\/07\/2023_2_blok-IMG_2663-1024x683.jpg 1024w, https:\/\/vslg.cz\/wp-content\/uploads\/2023\/07\/2023_2_blok-IMG_2663-300x200.jpg 300w, https:\/\/vslg.cz\/wp-content\/uploads\/2023\/07\/2023_2_blok-IMG_2663-768x512.jpg 768w, https:\/\/vslg.cz\/wp-content\/uploads\/2023\/07\/2023_2_blok-IMG_2663-1536x1024.jpg 1536w, https:\/\/vslg.cz\/wp-content\/uploads\/2023\/07\/2023_2_blok-IMG_2663.jpg 2048w\" sizes=\"auto, (max-width: 1024px) 100vw, 1024px\" \/><\/figure>\n\n\n\n<figure class=\"wp-block-image size-large\"><img loading=\"lazy\" decoding=\"async\" width=\"1024\" height=\"683\" data-id=\"8729\" src=\"https:\/\/vslg.cz\/wp-content\/uploads\/2023\/07\/2023_2_blok_IMG_2689-002-1024x683.jpg\" alt=\"\" class=\"wp-image-8729\" srcset=\"https:\/\/vslg.cz\/wp-content\/uploads\/2023\/07\/2023_2_blok_IMG_2689-002-1024x683.jpg 1024w, https:\/\/vslg.cz\/wp-content\/uploads\/2023\/07\/2023_2_blok_IMG_2689-002-300x200.jpg 300w, https:\/\/vslg.cz\/wp-content\/uploads\/2023\/07\/2023_2_blok_IMG_2689-002-768x512.jpg 768w, https:\/\/vslg.cz\/wp-content\/uploads\/2023\/07\/2023_2_blok_IMG_2689-002-1536x1024.jpg 1536w, https:\/\/vslg.cz\/wp-content\/uploads\/2023\/07\/2023_2_blok_IMG_2689-002.jpg 2048w\" sizes=\"auto, (max-width: 1024px) 100vw, 1024px\" \/><\/figure>\n\n\n\n<figure class=\"wp-block-image size-large\"><img loading=\"lazy\" decoding=\"async\" width=\"1024\" height=\"683\" data-id=\"8724\" src=\"https:\/\/vslg.cz\/wp-content\/uploads\/2023\/07\/2023_1_blok_IMG_2371-1-1024x683.jpg\" alt=\"\" class=\"wp-image-8724\" srcset=\"https:\/\/vslg.cz\/wp-content\/uploads\/2023\/07\/2023_1_blok_IMG_2371-1-1024x683.jpg 1024w, https:\/\/vslg.cz\/wp-content\/uploads\/2023\/07\/2023_1_blok_IMG_2371-1-300x200.jpg 300w, https:\/\/vslg.cz\/wp-content\/uploads\/2023\/07\/2023_1_blok_IMG_2371-1-768x512.jpg 768w, https:\/\/vslg.cz\/wp-content\/uploads\/2023\/07\/2023_1_blok_IMG_2371-1-1536x1024.jpg 1536w, https:\/\/vslg.cz\/wp-content\/uploads\/2023\/07\/2023_1_blok_IMG_2371-1.jpg 2048w\" sizes=\"auto, (max-width: 1024px) 100vw, 1024px\" \/><\/figure>\n<\/figure>\n","protected":false},"excerpt":{"rendered":"<p>Slavnostn\u00ed p\u0159ed\u00e1v\u00e1n\u00ed certifik\u00e1t\u016f prob\u011bhlo v r\u00e1mci promoc\u00ed absolvent\u016f navazuj\u00edc\u00edho magistersk\u00e9ho studia, kter\u00e9 se konalo 29. \u010dervna 2023 v M\u011bstsk\u00e9m dom\u011b v\u00a0P\u0159erov\u011b. \u00dasp\u011b\u0161n\u00ed absolventi obdr\u017eeli nejen vysoko\u0161kolsk\u00fd diplom, ale i sou\u010dasn\u011b mezin\u00e1rodn\u011b uzn\u00e1van\u00fd certifik\u00e1t kandid\u00e1t logistiky ECBLc v \u00farovni Master. Certifik\u00e1t kandid\u00e1t\u016fm logistick\u00fdch profesion\u00e1l\u016f p\u0159edal prof. Ing. V\u00e1clav Cemp\u00edrek, Ph.D., DBA, president \u010cesk\u00e9 logistick\u00e9 asociace a [&hellip;]<\/p>\n","protected":false},"featured_media":8745,"template":"","kategoria":[11,12],"mesto":[],"skola":[],"class_list":["post-8756","aktuality","type-aktuality","status-publish","has-post-thumbnail","hentry","kategoria-novinky","kategoria-podujatia"],"yoast_head":"<!-- This site is optimized with the Yoast SEO plugin v26.8 - https:\/\/yoast.com\/product\/yoast-seo-wordpress\/ -->\n<title>Slavnostn\u00ed p\u0159ed\u00e1n\u00ed evropsk\u00fdch certifik\u00e1t\u016f cElog - Vysok\u00e1 \u0161kola logistiky o.p.s<\/title>\n<meta name=\"robots\" content=\"index, follow, max-snippet:-1, max-image-preview:large, max-video-preview:-1\" \/>\n<link rel=\"canonical\" href=\"https:\/\/vslg.cz\/sk\/aktuality\/slavnostni-predani-evropskych-certifikatu-celog\/\" \/>\n<meta property=\"og:locale\" content=\"sk_SK\" \/>\n<meta property=\"og:type\" content=\"article\" \/>\n<meta property=\"og:title\" content=\"Slavnostn\u00ed p\u0159ed\u00e1n\u00ed evropsk\u00fdch certifik\u00e1t\u016f cElog - Vysok\u00e1 \u0161kola logistiky o.p.s\" \/>\n<meta property=\"og:description\" content=\"Slavnostn\u00ed p\u0159ed\u00e1v\u00e1n\u00ed certifik\u00e1t\u016f prob\u011bhlo v r\u00e1mci promoc\u00ed absolvent\u016f navazuj\u00edc\u00edho magistersk\u00e9ho studia, kter\u00e9 se konalo 29. \u010dervna 2023 v M\u011bstsk\u00e9m dom\u011b v\u00a0P\u0159erov\u011b. \u00dasp\u011b\u0161n\u00ed absolventi obdr\u017eeli nejen vysoko\u0161kolsk\u00fd diplom, ale i sou\u010dasn\u011b mezin\u00e1rodn\u011b uzn\u00e1van\u00fd certifik\u00e1t kandid\u00e1t logistiky ECBLc v \u00farovni Master. Certifik\u00e1t kandid\u00e1t\u016fm logistick\u00fdch profesion\u00e1l\u016f p\u0159edal prof. Ing. V\u00e1clav Cemp\u00edrek, Ph.D., DBA, president \u010cesk\u00e9 logistick\u00e9 asociace a [&hellip;]\" \/>\n<meta property=\"og:url\" content=\"https:\/\/vslg.cz\/sk\/aktuality\/slavnostni-predani-evropskych-certifikatu-celog\/\" \/>\n<meta property=\"og:site_name\" content=\"Vysok\u00e1 \u0161kola logistiky o.p.s\" \/>\n<meta property=\"article:modified_time\" content=\"2023-07-17T11:47:58+00:00\" \/>\n<meta property=\"og:image\" content=\"https:\/\/vslg.cz\/wp-content\/uploads\/2023\/07\/cELog-stamp-level-6.png\" \/>\n\t<meta property=\"og:image:width\" content=\"640\" \/>\n\t<meta property=\"og:image:height\" content=\"219\" \/>\n\t<meta property=\"og:image:type\" content=\"image\/png\" \/>\n<meta name=\"twitter:card\" content=\"summary_large_image\" \/>\n<meta name=\"twitter:label1\" content=\"Predpokladan\u00fd \u010das \u010d\u00edtania\" \/>\n\t<meta name=\"twitter:data1\" content=\"1 min\u00fata\" \/>\n<script type=\"application\/ld+json\" class=\"yoast-schema-graph\">{\"@context\":\"https:\/\/schema.org\",\"@graph\":[{\"@type\":\"WebPage\",\"@id\":\"https:\/\/vslg.cz\/sk\/aktuality\/slavnostni-predani-evropskych-certifikatu-celog\/\",\"url\":\"https:\/\/vslg.cz\/sk\/aktuality\/slavnostni-predani-evropskych-certifikatu-celog\/\",\"name\":\"Slavnostn\u00ed p\u0159ed\u00e1n\u00ed evropsk\u00fdch certifik\u00e1t\u016f cElog - Vysok\u00e1 \u0161kola logistiky o.p.s\",\"isPartOf\":{\"@id\":\"https:\/\/vslg.cz\/sk\/#website\"},\"primaryImageOfPage\":{\"@id\":\"https:\/\/vslg.cz\/sk\/aktuality\/slavnostni-predani-evropskych-certifikatu-celog\/#primaryimage\"},\"image\":{\"@id\":\"https:\/\/vslg.cz\/sk\/aktuality\/slavnostni-predani-evropskych-certifikatu-celog\/#primaryimage\"},\"thumbnailUrl\":\"https:\/\/vslg.cz\/wp-content\/uploads\/2023\/07\/cELog-stamp-level-6.png\",\"datePublished\":\"2023-07-17T11:47:57+00:00\",\"dateModified\":\"2023-07-17T11:47:58+00:00\",\"breadcrumb\":{\"@id\":\"https:\/\/vslg.cz\/sk\/aktuality\/slavnostni-predani-evropskych-certifikatu-celog\/#breadcrumb\"},\"inLanguage\":\"sk-SK\",\"potentialAction\":[{\"@type\":\"ReadAction\",\"target\":[\"https:\/\/vslg.cz\/sk\/aktuality\/slavnostni-predani-evropskych-certifikatu-celog\/\"]}]},{\"@type\":\"ImageObject\",\"inLanguage\":\"sk-SK\",\"@id\":\"https:\/\/vslg.cz\/sk\/aktuality\/slavnostni-predani-evropskych-certifikatu-celog\/#primaryimage\",\"url\":\"https:\/\/vslg.cz\/wp-content\/uploads\/2023\/07\/cELog-stamp-level-6.png\",\"contentUrl\":\"https:\/\/vslg.cz\/wp-content\/uploads\/2023\/07\/cELog-stamp-level-6.png\",\"width\":640,\"height\":219},{\"@type\":\"BreadcrumbList\",\"@id\":\"https:\/\/vslg.cz\/sk\/aktuality\/slavnostni-predani-evropskych-certifikatu-celog\/#breadcrumb\",\"itemListElement\":[{\"@type\":\"ListItem\",\"position\":1,\"name\":\"Vysok\u00e1 \u0161kola logistiky\",\"item\":\"https:\/\/vslg.cz\/sk\/\"},{\"@type\":\"ListItem\",\"position\":2,\"name\":\"Aktuality\",\"item\":\"https:\/\/vslg.cz\/sk\/aktuality\/\"},{\"@type\":\"ListItem\",\"position\":3,\"name\":\"Slavnostn\u00ed p\u0159ed\u00e1n\u00ed evropsk\u00fdch certifik\u00e1t\u016f cElog\"}]},{\"@type\":\"WebSite\",\"@id\":\"https:\/\/vslg.cz\/sk\/#website\",\"url\":\"https:\/\/vslg.cz\/sk\/\",\"name\":\"Vysok\u00e1 \u0161kola logistiky o.p.s\",\"description\":\"Kvalita. Prest\u00ed\u017e. \u00daspech. Prec\u00edznos\u0165.\",\"potentialAction\":[{\"@type\":\"SearchAction\",\"target\":{\"@type\":\"EntryPoint\",\"urlTemplate\":\"https:\/\/vslg.cz\/sk\/?s={search_term_string}\"},\"query-input\":{\"@type\":\"PropertyValueSpecification\",\"valueRequired\":true,\"valueName\":\"search_term_string\"}}],\"inLanguage\":\"sk-SK\"}]}<\/script>\n<!-- \/ Yoast SEO plugin. -->","yoast_head_json":{"title":"Slavnostn\u00ed p\u0159ed\u00e1n\u00ed evropsk\u00fdch certifik\u00e1t\u016f cElog - Vysok\u00e1 \u0161kola logistiky o.p.s","robots":{"index":"index","follow":"follow","max-snippet":"max-snippet:-1","max-image-preview":"max-image-preview:large","max-video-preview":"max-video-preview:-1"},"canonical":"https:\/\/vslg.cz\/sk\/aktuality\/slavnostni-predani-evropskych-certifikatu-celog\/","og_locale":"sk_SK","og_type":"article","og_title":"Slavnostn\u00ed p\u0159ed\u00e1n\u00ed evropsk\u00fdch certifik\u00e1t\u016f cElog - Vysok\u00e1 \u0161kola logistiky o.p.s","og_description":"Slavnostn\u00ed p\u0159ed\u00e1v\u00e1n\u00ed certifik\u00e1t\u016f prob\u011bhlo v r\u00e1mci promoc\u00ed absolvent\u016f navazuj\u00edc\u00edho magistersk\u00e9ho studia, kter\u00e9 se konalo 29. \u010dervna 2023 v M\u011bstsk\u00e9m dom\u011b v\u00a0P\u0159erov\u011b. \u00dasp\u011b\u0161n\u00ed absolventi obdr\u017eeli nejen vysoko\u0161kolsk\u00fd diplom, ale i sou\u010dasn\u011b mezin\u00e1rodn\u011b uzn\u00e1van\u00fd certifik\u00e1t kandid\u00e1t logistiky ECBLc v \u00farovni Master. Certifik\u00e1t kandid\u00e1t\u016fm logistick\u00fdch profesion\u00e1l\u016f p\u0159edal prof. Ing. V\u00e1clav Cemp\u00edrek, Ph.D., DBA, president \u010cesk\u00e9 logistick\u00e9 asociace a [&hellip;]","og_url":"https:\/\/vslg.cz\/sk\/aktuality\/slavnostni-predani-evropskych-certifikatu-celog\/","og_site_name":"Vysok\u00e1 \u0161kola logistiky o.p.s","article_modified_time":"2023-07-17T11:47:58+00:00","og_image":[{"width":640,"height":219,"url":"https:\/\/vslg.cz\/wp-content\/uploads\/2023\/07\/cELog-stamp-level-6.png","type":"image\/png"}],"twitter_card":"summary_large_image","twitter_misc":{"Predpokladan\u00fd \u010das \u010d\u00edtania":"1 min\u00fata"},"schema":{"@context":"https:\/\/schema.org","@graph":[{"@type":"WebPage","@id":"https:\/\/vslg.cz\/sk\/aktuality\/slavnostni-predani-evropskych-certifikatu-celog\/","url":"https:\/\/vslg.cz\/sk\/aktuality\/slavnostni-predani-evropskych-certifikatu-celog\/","name":"Slavnostn\u00ed p\u0159ed\u00e1n\u00ed evropsk\u00fdch certifik\u00e1t\u016f cElog - Vysok\u00e1 \u0161kola logistiky o.p.s","isPartOf":{"@id":"https:\/\/vslg.cz\/sk\/#website"},"primaryImageOfPage":{"@id":"https:\/\/vslg.cz\/sk\/aktuality\/slavnostni-predani-evropskych-certifikatu-celog\/#primaryimage"},"image":{"@id":"https:\/\/vslg.cz\/sk\/aktuality\/slavnostni-predani-evropskych-certifikatu-celog\/#primaryimage"},"thumbnailUrl":"https:\/\/vslg.cz\/wp-content\/uploads\/2023\/07\/cELog-stamp-level-6.png","datePublished":"2023-07-17T11:47:57+00:00","dateModified":"2023-07-17T11:47:58+00:00","breadcrumb":{"@id":"https:\/\/vslg.cz\/sk\/aktuality\/slavnostni-predani-evropskych-certifikatu-celog\/#breadcrumb"},"inLanguage":"sk-SK","potentialAction":[{"@type":"ReadAction","target":["https:\/\/vslg.cz\/sk\/aktuality\/slavnostni-predani-evropskych-certifikatu-celog\/"]}]},{"@type":"ImageObject","inLanguage":"sk-SK","@id":"https:\/\/vslg.cz\/sk\/aktuality\/slavnostni-predani-evropskych-certifikatu-celog\/#primaryimage","url":"https:\/\/vslg.cz\/wp-content\/uploads\/2023\/07\/cELog-stamp-level-6.png","contentUrl":"https:\/\/vslg.cz\/wp-content\/uploads\/2023\/07\/cELog-stamp-level-6.png","width":640,"height":219},{"@type":"BreadcrumbList","@id":"https:\/\/vslg.cz\/sk\/aktuality\/slavnostni-predani-evropskych-certifikatu-celog\/#breadcrumb","itemListElement":[{"@type":"ListItem","position":1,"name":"Vysok\u00e1 \u0161kola logistiky","item":"https:\/\/vslg.cz\/sk\/"},{"@type":"ListItem","position":2,"name":"Aktuality","item":"https:\/\/vslg.cz\/sk\/aktuality\/"},{"@type":"ListItem","position":3,"name":"Slavnostn\u00ed p\u0159ed\u00e1n\u00ed evropsk\u00fdch certifik\u00e1t\u016f cElog"}]},{"@type":"WebSite","@id":"https:\/\/vslg.cz\/sk\/#website","url":"https:\/\/vslg.cz\/sk\/","name":"Vysok\u00e1 \u0161kola logistiky o.p.s","description":"Kvalita. Prest\u00ed\u017e. \u00daspech. Prec\u00edznos\u0165.","potentialAction":[{"@type":"SearchAction","target":{"@type":"EntryPoint","urlTemplate":"https:\/\/vslg.cz\/sk\/?s={search_term_string}"},"query-input":{"@type":"PropertyValueSpecification","valueRequired":true,"valueName":"search_term_string"}}],"inLanguage":"sk-SK"}]}},"meta_box":[],"_links":{"self":[{"href":"https:\/\/vslg.cz\/sk\/wp-json\/wp\/v2\/aktuality\/8756","targetHints":{"allow":["GET"]}}],"collection":[{"href":"https:\/\/vslg.cz\/sk\/wp-json\/wp\/v2\/aktuality"}],"about":[{"href":"https:\/\/vslg.cz\/sk\/wp-json\/wp\/v2\/types\/aktuality"}],"version-history":[{"count":1,"href":"https:\/\/vslg.cz\/sk\/wp-json\/wp\/v2\/aktuality\/8756\/revisions"}],"predecessor-version":[{"id":8757,"href":"https:\/\/vslg.cz\/sk\/wp-json\/wp\/v2\/aktuality\/8756\/revisions\/8757"}],"wp:featuredmedia":[{"embeddable":true,"href":"https:\/\/vslg.cz\/sk\/wp-json\/wp\/v2\/media\/8745"}],"wp:attachment":[{"href":"https:\/\/vslg.cz\/sk\/wp-json\/wp\/v2\/media?parent=8756"}],"wp:term":[{"taxonomy":"kategoria","embeddable":true,"href":"https:\/\/vslg.cz\/sk\/wp-json\/wp\/v2\/kategoria?post=8756"},{"taxonomy":"mesto","embeddable":true,"href":"https:\/\/vslg.cz\/sk\/wp-json\/wp\/v2\/mesto?post=8756"},{"taxonomy":"skola","embeddable":true,"href":"https:\/\/vslg.cz\/sk\/wp-json\/wp\/v2\/skola?post=8756"}],"curies":[{"name":"wp","href":"https:\/\/api.w.org\/{rel}","templated":true}]}}