{"id":7716,"date":"2023-04-25T10:59:17","date_gmt":"2023-04-25T08:59:17","guid":{"rendered":"https:\/\/vslg.cz\/aktuality\/pozvanka-na-cyklus-odbornych-prednasek-logistika-namorni-dopravy-v-praxi\/"},"modified":"2023-04-25T10:59:18","modified_gmt":"2023-04-25T08:59:18","slug":"pozvanka-na-cyklus-odbornych-prednasek-logistika-namorni-dopravy-v-praxi","status":"publish","type":"aktuality","link":"https:\/\/vslg.cz\/sk\/aktuality\/pozvanka-na-cyklus-odbornych-prednasek-logistika-namorni-dopravy-v-praxi\/","title":{"rendered":"Pozv\u00e1nka na cyklus odborn\u00fdch p\u0159edn\u00e1\u0161ek \u201eLogistika n\u00e1mo\u0159n\u00ed dopravy v\u00a0praxi\u201c"},"content":{"rendered":"\n<figure class=\"wp-block-image size-full is-resized\"><img loading=\"lazy\" decoding=\"async\" src=\"https:\/\/vslg.cz\/wp-content\/uploads\/2023\/03\/obrazek.png\" alt=\"\" class=\"wp-image-7305\" width=\"247\" height=\"89\"\/><\/figure>\n\n<p>Katedra magistersk\u00e9ho studia ve spolupr\u00e1ci se spole\u010dnost\u00ed A.P. Moller \u2013 Maersk uspo\u0159\u00e1dala 28. 3. 2023 1. odbornou p\u0159edn\u00e1\u0161ku na t\u00e9ma <strong>\u201eLogistika n\u00e1mo\u0159n\u00ed dopravy v\u00a0praxi\u201c<\/strong>. <\/p>\n\n<p>Cyklus odborn\u00fdch p\u0159edn\u00e1\u0161ek bude pokra\u010dovat 4. 4. 2023 a 18. 4. 2023 v \u010dase kon\u00e1n\u00ed od 8:30 hodin na posluch\u00e1rn\u011b \u010d. 104.<\/p>\n\n<p><\/p>\n\n<p>Blanka Kalupov\u00e1, vedouc\u00ed Katedry magistersk\u00e9ho studia<\/p>\n<div class=\"wp-block-image\">\n<figure class=\"aligncenter size-large is-resized\"><img loading=\"lazy\" decoding=\"async\" src=\"https:\/\/vslg.cz\/wp-content\/uploads\/2023\/03\/IMG_0953-1024x768.jpg\" alt=\"\" class=\"wp-image-7456\" width=\"485\" height=\"560\"\/><\/figure><\/div>","protected":false},"excerpt":{"rendered":"<p>Katedra magistersk\u00e9ho studia ve spolupr\u00e1ci se spole\u010dnost\u00ed A.P. Moller \u2013 Maersk uspo\u0159\u00e1dala 28. 3. 2023 1. odbornou p\u0159edn\u00e1\u0161ku na t\u00e9ma \u201eLogistika n\u00e1mo\u0159n\u00ed dopravy v\u00a0praxi\u201c. Cyklus odborn\u00fdch p\u0159edn\u00e1\u0161ek bude pokra\u010dovat 4. 4. 2023 a 18. 4. 2023 v \u010dase kon\u00e1n\u00ed od 8:30 hodin na posluch\u00e1rn\u011b \u010d. 104. Blanka Kalupov\u00e1, vedouc\u00ed Katedry magistersk\u00e9ho studia<\/p>\n","protected":false},"featured_media":7455,"template":"","kategoria":[11,12],"mesto":[],"skola":[],"class_list":["post-7716","aktuality","type-aktuality","status-publish","has-post-thumbnail","hentry","kategoria-novinky","kategoria-podujatia"],"yoast_head":"<!-- This site is optimized with the Yoast SEO plugin v26.8 - https:\/\/yoast.com\/product\/yoast-seo-wordpress\/ -->\n<title>Pozv\u00e1nka na cyklus odborn\u00fdch p\u0159edn\u00e1\u0161ek \u201eLogistika n\u00e1mo\u0159n\u00ed dopravy v\u00a0praxi\u201c - Vysok\u00e1 \u0161kola logistiky o.p.s<\/title>\n<meta name=\"robots\" content=\"index, follow, max-snippet:-1, max-image-preview:large, max-video-preview:-1\" \/>\n<link rel=\"canonical\" href=\"https:\/\/vslg.cz\/sk\/aktuality\/pozvanka-na-cyklus-odbornych-prednasek-logistika-namorni-dopravy-v-praxi\/\" \/>\n<meta property=\"og:locale\" content=\"sk_SK\" \/>\n<meta property=\"og:type\" content=\"article\" \/>\n<meta property=\"og:title\" content=\"Pozv\u00e1nka na cyklus odborn\u00fdch p\u0159edn\u00e1\u0161ek \u201eLogistika n\u00e1mo\u0159n\u00ed dopravy v\u00a0praxi\u201c - Vysok\u00e1 \u0161kola logistiky o.p.s\" \/>\n<meta property=\"og:description\" content=\"Katedra magistersk\u00e9ho studia ve spolupr\u00e1ci se spole\u010dnost\u00ed A.P. Moller \u2013 Maersk uspo\u0159\u00e1dala 28. 3. 2023 1. odbornou p\u0159edn\u00e1\u0161ku na t\u00e9ma \u201eLogistika n\u00e1mo\u0159n\u00ed dopravy v\u00a0praxi\u201c. Cyklus odborn\u00fdch p\u0159edn\u00e1\u0161ek bude pokra\u010dovat 4. 4. 2023 a 18. 4. 2023 v \u010dase kon\u00e1n\u00ed od 8:30 hodin na posluch\u00e1rn\u011b \u010d. 104. Blanka Kalupov\u00e1, vedouc\u00ed Katedry magistersk\u00e9ho studia\" \/>\n<meta property=\"og:url\" content=\"https:\/\/vslg.cz\/sk\/aktuality\/pozvanka-na-cyklus-odbornych-prednasek-logistika-namorni-dopravy-v-praxi\/\" \/>\n<meta property=\"og:site_name\" content=\"Vysok\u00e1 \u0161kola logistiky o.p.s\" \/>\n<meta property=\"article:modified_time\" content=\"2023-04-25T08:59:18+00:00\" \/>\n<meta property=\"og:image\" content=\"https:\/\/vslg.cz\/wp-content\/uploads\/2023\/03\/IMG_0961-scaled.jpg\" \/>\n\t<meta property=\"og:image:width\" content=\"2560\" \/>\n\t<meta property=\"og:image:height\" content=\"1044\" \/>\n\t<meta property=\"og:image:type\" content=\"image\/jpeg\" \/>\n<meta name=\"twitter:card\" content=\"summary_large_image\" \/>\n<script type=\"application\/ld+json\" class=\"yoast-schema-graph\">{\"@context\":\"https:\/\/schema.org\",\"@graph\":[{\"@type\":\"WebPage\",\"@id\":\"https:\/\/vslg.cz\/sk\/aktuality\/pozvanka-na-cyklus-odbornych-prednasek-logistika-namorni-dopravy-v-praxi\/\",\"url\":\"https:\/\/vslg.cz\/sk\/aktuality\/pozvanka-na-cyklus-odbornych-prednasek-logistika-namorni-dopravy-v-praxi\/\",\"name\":\"Pozv\u00e1nka na cyklus odborn\u00fdch p\u0159edn\u00e1\u0161ek \u201eLogistika n\u00e1mo\u0159n\u00ed dopravy v\u00a0praxi\u201c - Vysok\u00e1 \u0161kola logistiky o.p.s\",\"isPartOf\":{\"@id\":\"https:\/\/vslg.cz\/sk\/#website\"},\"primaryImageOfPage\":{\"@id\":\"https:\/\/vslg.cz\/sk\/aktuality\/pozvanka-na-cyklus-odbornych-prednasek-logistika-namorni-dopravy-v-praxi\/#primaryimage\"},\"image\":{\"@id\":\"https:\/\/vslg.cz\/sk\/aktuality\/pozvanka-na-cyklus-odbornych-prednasek-logistika-namorni-dopravy-v-praxi\/#primaryimage\"},\"thumbnailUrl\":\"https:\/\/vslg.cz\/wp-content\/uploads\/2023\/03\/IMG_0961-scaled.jpg\",\"datePublished\":\"2023-04-25T08:59:17+00:00\",\"dateModified\":\"2023-04-25T08:59:18+00:00\",\"breadcrumb\":{\"@id\":\"https:\/\/vslg.cz\/sk\/aktuality\/pozvanka-na-cyklus-odbornych-prednasek-logistika-namorni-dopravy-v-praxi\/#breadcrumb\"},\"inLanguage\":\"sk-SK\",\"potentialAction\":[{\"@type\":\"ReadAction\",\"target\":[\"https:\/\/vslg.cz\/sk\/aktuality\/pozvanka-na-cyklus-odbornych-prednasek-logistika-namorni-dopravy-v-praxi\/\"]}]},{\"@type\":\"ImageObject\",\"inLanguage\":\"sk-SK\",\"@id\":\"https:\/\/vslg.cz\/sk\/aktuality\/pozvanka-na-cyklus-odbornych-prednasek-logistika-namorni-dopravy-v-praxi\/#primaryimage\",\"url\":\"https:\/\/vslg.cz\/wp-content\/uploads\/2023\/03\/IMG_0961-scaled.jpg\",\"contentUrl\":\"https:\/\/vslg.cz\/wp-content\/uploads\/2023\/03\/IMG_0961-scaled.jpg\",\"width\":2560,\"height\":1044},{\"@type\":\"BreadcrumbList\",\"@id\":\"https:\/\/vslg.cz\/sk\/aktuality\/pozvanka-na-cyklus-odbornych-prednasek-logistika-namorni-dopravy-v-praxi\/#breadcrumb\",\"itemListElement\":[{\"@type\":\"ListItem\",\"position\":1,\"name\":\"Vysok\u00e1 \u0161kola logistiky\",\"item\":\"https:\/\/vslg.cz\/sk\/\"},{\"@type\":\"ListItem\",\"position\":2,\"name\":\"Aktuality\",\"item\":\"https:\/\/vslg.cz\/sk\/aktuality\/\"},{\"@type\":\"ListItem\",\"position\":3,\"name\":\"Pozv\u00e1nka na cyklus odborn\u00fdch p\u0159edn\u00e1\u0161ek \u201eLogistika n\u00e1mo\u0159n\u00ed dopravy v\u00a0praxi\u201c\"}]},{\"@type\":\"WebSite\",\"@id\":\"https:\/\/vslg.cz\/sk\/#website\",\"url\":\"https:\/\/vslg.cz\/sk\/\",\"name\":\"Vysok\u00e1 \u0161kola logistiky o.p.s\",\"description\":\"Kvalita. Prest\u00ed\u017e. \u00daspech. Prec\u00edznos\u0165.\",\"potentialAction\":[{\"@type\":\"SearchAction\",\"target\":{\"@type\":\"EntryPoint\",\"urlTemplate\":\"https:\/\/vslg.cz\/sk\/?s={search_term_string}\"},\"query-input\":{\"@type\":\"PropertyValueSpecification\",\"valueRequired\":true,\"valueName\":\"search_term_string\"}}],\"inLanguage\":\"sk-SK\"}]}<\/script>\n<!-- \/ Yoast SEO plugin. -->","yoast_head_json":{"title":"Pozv\u00e1nka na cyklus odborn\u00fdch p\u0159edn\u00e1\u0161ek \u201eLogistika n\u00e1mo\u0159n\u00ed dopravy v\u00a0praxi\u201c - Vysok\u00e1 \u0161kola logistiky o.p.s","robots":{"index":"index","follow":"follow","max-snippet":"max-snippet:-1","max-image-preview":"max-image-preview:large","max-video-preview":"max-video-preview:-1"},"canonical":"https:\/\/vslg.cz\/sk\/aktuality\/pozvanka-na-cyklus-odbornych-prednasek-logistika-namorni-dopravy-v-praxi\/","og_locale":"sk_SK","og_type":"article","og_title":"Pozv\u00e1nka na cyklus odborn\u00fdch p\u0159edn\u00e1\u0161ek \u201eLogistika n\u00e1mo\u0159n\u00ed dopravy v\u00a0praxi\u201c - Vysok\u00e1 \u0161kola logistiky o.p.s","og_description":"Katedra magistersk\u00e9ho studia ve spolupr\u00e1ci se spole\u010dnost\u00ed A.P. Moller \u2013 Maersk uspo\u0159\u00e1dala 28. 3. 2023 1. odbornou p\u0159edn\u00e1\u0161ku na t\u00e9ma \u201eLogistika n\u00e1mo\u0159n\u00ed dopravy v\u00a0praxi\u201c. Cyklus odborn\u00fdch p\u0159edn\u00e1\u0161ek bude pokra\u010dovat 4. 4. 2023 a 18. 4. 2023 v \u010dase kon\u00e1n\u00ed od 8:30 hodin na posluch\u00e1rn\u011b \u010d. 104. Blanka Kalupov\u00e1, vedouc\u00ed Katedry magistersk\u00e9ho studia","og_url":"https:\/\/vslg.cz\/sk\/aktuality\/pozvanka-na-cyklus-odbornych-prednasek-logistika-namorni-dopravy-v-praxi\/","og_site_name":"Vysok\u00e1 \u0161kola logistiky o.p.s","article_modified_time":"2023-04-25T08:59:18+00:00","og_image":[{"width":2560,"height":1044,"url":"https:\/\/vslg.cz\/wp-content\/uploads\/2023\/03\/IMG_0961-scaled.jpg","type":"image\/jpeg"}],"twitter_card":"summary_large_image","schema":{"@context":"https:\/\/schema.org","@graph":[{"@type":"WebPage","@id":"https:\/\/vslg.cz\/sk\/aktuality\/pozvanka-na-cyklus-odbornych-prednasek-logistika-namorni-dopravy-v-praxi\/","url":"https:\/\/vslg.cz\/sk\/aktuality\/pozvanka-na-cyklus-odbornych-prednasek-logistika-namorni-dopravy-v-praxi\/","name":"Pozv\u00e1nka na cyklus odborn\u00fdch p\u0159edn\u00e1\u0161ek \u201eLogistika n\u00e1mo\u0159n\u00ed dopravy v\u00a0praxi\u201c - Vysok\u00e1 \u0161kola logistiky o.p.s","isPartOf":{"@id":"https:\/\/vslg.cz\/sk\/#website"},"primaryImageOfPage":{"@id":"https:\/\/vslg.cz\/sk\/aktuality\/pozvanka-na-cyklus-odbornych-prednasek-logistika-namorni-dopravy-v-praxi\/#primaryimage"},"image":{"@id":"https:\/\/vslg.cz\/sk\/aktuality\/pozvanka-na-cyklus-odbornych-prednasek-logistika-namorni-dopravy-v-praxi\/#primaryimage"},"thumbnailUrl":"https:\/\/vslg.cz\/wp-content\/uploads\/2023\/03\/IMG_0961-scaled.jpg","datePublished":"2023-04-25T08:59:17+00:00","dateModified":"2023-04-25T08:59:18+00:00","breadcrumb":{"@id":"https:\/\/vslg.cz\/sk\/aktuality\/pozvanka-na-cyklus-odbornych-prednasek-logistika-namorni-dopravy-v-praxi\/#breadcrumb"},"inLanguage":"sk-SK","potentialAction":[{"@type":"ReadAction","target":["https:\/\/vslg.cz\/sk\/aktuality\/pozvanka-na-cyklus-odbornych-prednasek-logistika-namorni-dopravy-v-praxi\/"]}]},{"@type":"ImageObject","inLanguage":"sk-SK","@id":"https:\/\/vslg.cz\/sk\/aktuality\/pozvanka-na-cyklus-odbornych-prednasek-logistika-namorni-dopravy-v-praxi\/#primaryimage","url":"https:\/\/vslg.cz\/wp-content\/uploads\/2023\/03\/IMG_0961-scaled.jpg","contentUrl":"https:\/\/vslg.cz\/wp-content\/uploads\/2023\/03\/IMG_0961-scaled.jpg","width":2560,"height":1044},{"@type":"BreadcrumbList","@id":"https:\/\/vslg.cz\/sk\/aktuality\/pozvanka-na-cyklus-odbornych-prednasek-logistika-namorni-dopravy-v-praxi\/#breadcrumb","itemListElement":[{"@type":"ListItem","position":1,"name":"Vysok\u00e1 \u0161kola logistiky","item":"https:\/\/vslg.cz\/sk\/"},{"@type":"ListItem","position":2,"name":"Aktuality","item":"https:\/\/vslg.cz\/sk\/aktuality\/"},{"@type":"ListItem","position":3,"name":"Pozv\u00e1nka na cyklus odborn\u00fdch p\u0159edn\u00e1\u0161ek \u201eLogistika n\u00e1mo\u0159n\u00ed dopravy v\u00a0praxi\u201c"}]},{"@type":"WebSite","@id":"https:\/\/vslg.cz\/sk\/#website","url":"https:\/\/vslg.cz\/sk\/","name":"Vysok\u00e1 \u0161kola logistiky o.p.s","description":"Kvalita. Prest\u00ed\u017e. \u00daspech. Prec\u00edznos\u0165.","potentialAction":[{"@type":"SearchAction","target":{"@type":"EntryPoint","urlTemplate":"https:\/\/vslg.cz\/sk\/?s={search_term_string}"},"query-input":{"@type":"PropertyValueSpecification","valueRequired":true,"valueName":"search_term_string"}}],"inLanguage":"sk-SK"}]}},"meta_box":[],"_links":{"self":[{"href":"https:\/\/vslg.cz\/sk\/wp-json\/wp\/v2\/aktuality\/7716","targetHints":{"allow":["GET"]}}],"collection":[{"href":"https:\/\/vslg.cz\/sk\/wp-json\/wp\/v2\/aktuality"}],"about":[{"href":"https:\/\/vslg.cz\/sk\/wp-json\/wp\/v2\/types\/aktuality"}],"version-history":[{"count":1,"href":"https:\/\/vslg.cz\/sk\/wp-json\/wp\/v2\/aktuality\/7716\/revisions"}],"predecessor-version":[{"id":7717,"href":"https:\/\/vslg.cz\/sk\/wp-json\/wp\/v2\/aktuality\/7716\/revisions\/7717"}],"wp:featuredmedia":[{"embeddable":true,"href":"https:\/\/vslg.cz\/sk\/wp-json\/wp\/v2\/media\/7455"}],"wp:attachment":[{"href":"https:\/\/vslg.cz\/sk\/wp-json\/wp\/v2\/media?parent=7716"}],"wp:term":[{"taxonomy":"kategoria","embeddable":true,"href":"https:\/\/vslg.cz\/sk\/wp-json\/wp\/v2\/kategoria?post=7716"},{"taxonomy":"mesto","embeddable":true,"href":"https:\/\/vslg.cz\/sk\/wp-json\/wp\/v2\/mesto?post=7716"},{"taxonomy":"skola","embeddable":true,"href":"https:\/\/vslg.cz\/sk\/wp-json\/wp\/v2\/skola?post=7716"}],"curies":[{"name":"wp","href":"https:\/\/api.w.org\/{rel}","templated":true}]}}