{"id":7701,"date":"2023-04-25T10:51:23","date_gmt":"2023-04-25T08:51:23","guid":{"rendered":"https:\/\/vslg.cz\/aktuality\/celoevropska-akce-erasmus-days\/"},"modified":"2023-04-25T10:51:24","modified_gmt":"2023-04-25T08:51:24","slug":"celoevropska-akce-erasmus-days","status":"publish","type":"aktuality","link":"https:\/\/vslg.cz\/sk\/aktuality\/celoevropska-akce-erasmus-days\/","title":{"rendered":"Celoevropsk\u00e1 akce Erasmus Days"},"content":{"rendered":"\n<p>V\u00a0leto\u0161n\u00edm roce slav\u00ed mezin\u00e1rodn\u00ed vzd\u011bl\u00e1vac\u00ed program Erasmus 35. v\u00fdro\u010d\u00ed od sv\u00e9ho spu\u0161t\u011bn\u00ed, a Vysok\u00e1 \u0161kola logistiky o.p.s. se spolu s\u00a0dal\u0161\u00edmi 542 institucemi po cel\u00e9 Evrop\u011b tak\u00e9 zapojila do jeho oslav a propagace. Akce byla c\u00edlena p\u0159edev\u0161\u00edm na studenty prvn\u00edch ro\u010dn\u00edk\u016f, kte\u0159\u00ed se mohli dozv\u011bd\u011bt v\u00edce o mo\u017enostech, kter\u00e9 Erasmus+ na na\u0161\u00ed \u0161kole nab\u00edz\u00ed. T\u011b\u0161it se mohli i z propaga\u010dn\u00edch p\u0159edm\u011bt\u016f a interkulturn\u00edch her.<\/p>\n\n<figure class=\"wp-block-image size-large\"><img loading=\"lazy\" decoding=\"async\" width=\"323\" height=\"323\" src=\"https:\/\/vslg.cz\/wp-content\/uploads\/2022\/10\/Erasmus.png\" alt=\"\" class=\"wp-image-6015\" srcset=\"https:\/\/vslg.cz\/wp-content\/uploads\/2022\/10\/Erasmus.png 323w, https:\/\/vslg.cz\/wp-content\/uploads\/2022\/10\/Erasmus-300x300.png 300w, https:\/\/vslg.cz\/wp-content\/uploads\/2022\/10\/Erasmus-150x150.png 150w\" sizes=\"auto, (max-width: 323px) 100vw, 323px\" \/><\/figure>\n","protected":false},"excerpt":{"rendered":"<p>V\u00a0leto\u0161n\u00edm roce slav\u00ed mezin\u00e1rodn\u00ed vzd\u011bl\u00e1vac\u00ed program Erasmus 35. v\u00fdro\u010d\u00ed od sv\u00e9ho spu\u0161t\u011bn\u00ed, a Vysok\u00e1 \u0161kola logistiky o.p.s. se spolu s\u00a0dal\u0161\u00edmi 542 institucemi po cel\u00e9 Evrop\u011b tak\u00e9 zapojila do jeho oslav a propagace. Akce byla c\u00edlena p\u0159edev\u0161\u00edm na studenty prvn\u00edch ro\u010dn\u00edk\u016f, kte\u0159\u00ed se mohli dozv\u011bd\u011bt v\u00edce o mo\u017enostech, kter\u00e9 Erasmus+ na na\u0161\u00ed \u0161kole nab\u00edz\u00ed. T\u011b\u0161it se [&hellip;]<\/p>\n","protected":false},"featured_media":6035,"template":"","kategoria":[11,12],"mesto":[],"skola":[],"class_list":["post-7701","aktuality","type-aktuality","status-publish","has-post-thumbnail","hentry","kategoria-novinky","kategoria-podujatia"],"yoast_head":"<!-- This site is optimized with the Yoast SEO plugin v26.8 - https:\/\/yoast.com\/product\/yoast-seo-wordpress\/ -->\n<title>Celoevropsk\u00e1 akce Erasmus Days - Vysok\u00e1 \u0161kola logistiky o.p.s<\/title>\n<meta name=\"robots\" content=\"index, follow, max-snippet:-1, max-image-preview:large, max-video-preview:-1\" \/>\n<link rel=\"canonical\" href=\"https:\/\/vslg.cz\/sk\/aktuality\/celoevropska-akce-erasmus-days\/\" \/>\n<meta property=\"og:locale\" content=\"sk_SK\" \/>\n<meta property=\"og:type\" content=\"article\" \/>\n<meta property=\"og:title\" content=\"Celoevropsk\u00e1 akce Erasmus Days - Vysok\u00e1 \u0161kola logistiky o.p.s\" \/>\n<meta property=\"og:description\" content=\"V\u00a0leto\u0161n\u00edm roce slav\u00ed mezin\u00e1rodn\u00ed vzd\u011bl\u00e1vac\u00ed program Erasmus 35. v\u00fdro\u010d\u00ed od sv\u00e9ho spu\u0161t\u011bn\u00ed, a Vysok\u00e1 \u0161kola logistiky o.p.s. se spolu s\u00a0dal\u0161\u00edmi 542 institucemi po cel\u00e9 Evrop\u011b tak\u00e9 zapojila do jeho oslav a propagace. Akce byla c\u00edlena p\u0159edev\u0161\u00edm na studenty prvn\u00edch ro\u010dn\u00edk\u016f, kte\u0159\u00ed se mohli dozv\u011bd\u011bt v\u00edce o mo\u017enostech, kter\u00e9 Erasmus+ na na\u0161\u00ed \u0161kole nab\u00edz\u00ed. T\u011b\u0161it se [&hellip;]\" \/>\n<meta property=\"og:url\" content=\"https:\/\/vslg.cz\/sk\/aktuality\/celoevropska-akce-erasmus-days\/\" \/>\n<meta property=\"og:site_name\" content=\"Vysok\u00e1 \u0161kola logistiky o.p.s\" \/>\n<meta property=\"article:modified_time\" content=\"2023-04-25T08:51:24+00:00\" \/>\n<meta property=\"og:image\" content=\"https:\/\/vslg.cz\/wp-content\/uploads\/2022\/10\/Erasmus-scaled.jpg\" \/>\n\t<meta property=\"og:image:width\" content=\"2560\" \/>\n\t<meta property=\"og:image:height\" content=\"2333\" \/>\n\t<meta property=\"og:image:type\" content=\"image\/jpeg\" \/>\n<meta name=\"twitter:card\" content=\"summary_large_image\" \/>\n<script type=\"application\/ld+json\" class=\"yoast-schema-graph\">{\"@context\":\"https:\/\/schema.org\",\"@graph\":[{\"@type\":\"WebPage\",\"@id\":\"https:\/\/vslg.cz\/sk\/aktuality\/celoevropska-akce-erasmus-days\/\",\"url\":\"https:\/\/vslg.cz\/sk\/aktuality\/celoevropska-akce-erasmus-days\/\",\"name\":\"Celoevropsk\u00e1 akce Erasmus Days - Vysok\u00e1 \u0161kola logistiky o.p.s\",\"isPartOf\":{\"@id\":\"https:\/\/vslg.cz\/sk\/#website\"},\"primaryImageOfPage\":{\"@id\":\"https:\/\/vslg.cz\/sk\/aktuality\/celoevropska-akce-erasmus-days\/#primaryimage\"},\"image\":{\"@id\":\"https:\/\/vslg.cz\/sk\/aktuality\/celoevropska-akce-erasmus-days\/#primaryimage\"},\"thumbnailUrl\":\"https:\/\/vslg.cz\/wp-content\/uploads\/2022\/10\/Erasmus-scaled.jpg\",\"datePublished\":\"2023-04-25T08:51:23+00:00\",\"dateModified\":\"2023-04-25T08:51:24+00:00\",\"breadcrumb\":{\"@id\":\"https:\/\/vslg.cz\/sk\/aktuality\/celoevropska-akce-erasmus-days\/#breadcrumb\"},\"inLanguage\":\"sk-SK\",\"potentialAction\":[{\"@type\":\"ReadAction\",\"target\":[\"https:\/\/vslg.cz\/sk\/aktuality\/celoevropska-akce-erasmus-days\/\"]}]},{\"@type\":\"ImageObject\",\"inLanguage\":\"sk-SK\",\"@id\":\"https:\/\/vslg.cz\/sk\/aktuality\/celoevropska-akce-erasmus-days\/#primaryimage\",\"url\":\"https:\/\/vslg.cz\/wp-content\/uploads\/2022\/10\/Erasmus-scaled.jpg\",\"contentUrl\":\"https:\/\/vslg.cz\/wp-content\/uploads\/2022\/10\/Erasmus-scaled.jpg\",\"width\":2560,\"height\":2333},{\"@type\":\"BreadcrumbList\",\"@id\":\"https:\/\/vslg.cz\/sk\/aktuality\/celoevropska-akce-erasmus-days\/#breadcrumb\",\"itemListElement\":[{\"@type\":\"ListItem\",\"position\":1,\"name\":\"Vysok\u00e1 \u0161kola logistiky\",\"item\":\"https:\/\/vslg.cz\/sk\/\"},{\"@type\":\"ListItem\",\"position\":2,\"name\":\"Aktuality\",\"item\":\"https:\/\/vslg.cz\/sk\/aktuality\/\"},{\"@type\":\"ListItem\",\"position\":3,\"name\":\"Celoevropsk\u00e1 akce Erasmus Days\"}]},{\"@type\":\"WebSite\",\"@id\":\"https:\/\/vslg.cz\/sk\/#website\",\"url\":\"https:\/\/vslg.cz\/sk\/\",\"name\":\"Vysok\u00e1 \u0161kola logistiky o.p.s\",\"description\":\"Kvalita. Prest\u00ed\u017e. \u00daspech. Prec\u00edznos\u0165.\",\"potentialAction\":[{\"@type\":\"SearchAction\",\"target\":{\"@type\":\"EntryPoint\",\"urlTemplate\":\"https:\/\/vslg.cz\/sk\/?s={search_term_string}\"},\"query-input\":{\"@type\":\"PropertyValueSpecification\",\"valueRequired\":true,\"valueName\":\"search_term_string\"}}],\"inLanguage\":\"sk-SK\"}]}<\/script>\n<!-- \/ Yoast SEO plugin. -->","yoast_head_json":{"title":"Celoevropsk\u00e1 akce Erasmus Days - Vysok\u00e1 \u0161kola logistiky o.p.s","robots":{"index":"index","follow":"follow","max-snippet":"max-snippet:-1","max-image-preview":"max-image-preview:large","max-video-preview":"max-video-preview:-1"},"canonical":"https:\/\/vslg.cz\/sk\/aktuality\/celoevropska-akce-erasmus-days\/","og_locale":"sk_SK","og_type":"article","og_title":"Celoevropsk\u00e1 akce Erasmus Days - Vysok\u00e1 \u0161kola logistiky o.p.s","og_description":"V\u00a0leto\u0161n\u00edm roce slav\u00ed mezin\u00e1rodn\u00ed vzd\u011bl\u00e1vac\u00ed program Erasmus 35. v\u00fdro\u010d\u00ed od sv\u00e9ho spu\u0161t\u011bn\u00ed, a Vysok\u00e1 \u0161kola logistiky o.p.s. se spolu s\u00a0dal\u0161\u00edmi 542 institucemi po cel\u00e9 Evrop\u011b tak\u00e9 zapojila do jeho oslav a propagace. Akce byla c\u00edlena p\u0159edev\u0161\u00edm na studenty prvn\u00edch ro\u010dn\u00edk\u016f, kte\u0159\u00ed se mohli dozv\u011bd\u011bt v\u00edce o mo\u017enostech, kter\u00e9 Erasmus+ na na\u0161\u00ed \u0161kole nab\u00edz\u00ed. T\u011b\u0161it se [&hellip;]","og_url":"https:\/\/vslg.cz\/sk\/aktuality\/celoevropska-akce-erasmus-days\/","og_site_name":"Vysok\u00e1 \u0161kola logistiky o.p.s","article_modified_time":"2023-04-25T08:51:24+00:00","og_image":[{"width":2560,"height":2333,"url":"https:\/\/vslg.cz\/wp-content\/uploads\/2022\/10\/Erasmus-scaled.jpg","type":"image\/jpeg"}],"twitter_card":"summary_large_image","schema":{"@context":"https:\/\/schema.org","@graph":[{"@type":"WebPage","@id":"https:\/\/vslg.cz\/sk\/aktuality\/celoevropska-akce-erasmus-days\/","url":"https:\/\/vslg.cz\/sk\/aktuality\/celoevropska-akce-erasmus-days\/","name":"Celoevropsk\u00e1 akce Erasmus Days - Vysok\u00e1 \u0161kola logistiky o.p.s","isPartOf":{"@id":"https:\/\/vslg.cz\/sk\/#website"},"primaryImageOfPage":{"@id":"https:\/\/vslg.cz\/sk\/aktuality\/celoevropska-akce-erasmus-days\/#primaryimage"},"image":{"@id":"https:\/\/vslg.cz\/sk\/aktuality\/celoevropska-akce-erasmus-days\/#primaryimage"},"thumbnailUrl":"https:\/\/vslg.cz\/wp-content\/uploads\/2022\/10\/Erasmus-scaled.jpg","datePublished":"2023-04-25T08:51:23+00:00","dateModified":"2023-04-25T08:51:24+00:00","breadcrumb":{"@id":"https:\/\/vslg.cz\/sk\/aktuality\/celoevropska-akce-erasmus-days\/#breadcrumb"},"inLanguage":"sk-SK","potentialAction":[{"@type":"ReadAction","target":["https:\/\/vslg.cz\/sk\/aktuality\/celoevropska-akce-erasmus-days\/"]}]},{"@type":"ImageObject","inLanguage":"sk-SK","@id":"https:\/\/vslg.cz\/sk\/aktuality\/celoevropska-akce-erasmus-days\/#primaryimage","url":"https:\/\/vslg.cz\/wp-content\/uploads\/2022\/10\/Erasmus-scaled.jpg","contentUrl":"https:\/\/vslg.cz\/wp-content\/uploads\/2022\/10\/Erasmus-scaled.jpg","width":2560,"height":2333},{"@type":"BreadcrumbList","@id":"https:\/\/vslg.cz\/sk\/aktuality\/celoevropska-akce-erasmus-days\/#breadcrumb","itemListElement":[{"@type":"ListItem","position":1,"name":"Vysok\u00e1 \u0161kola logistiky","item":"https:\/\/vslg.cz\/sk\/"},{"@type":"ListItem","position":2,"name":"Aktuality","item":"https:\/\/vslg.cz\/sk\/aktuality\/"},{"@type":"ListItem","position":3,"name":"Celoevropsk\u00e1 akce Erasmus Days"}]},{"@type":"WebSite","@id":"https:\/\/vslg.cz\/sk\/#website","url":"https:\/\/vslg.cz\/sk\/","name":"Vysok\u00e1 \u0161kola logistiky o.p.s","description":"Kvalita. Prest\u00ed\u017e. \u00daspech. Prec\u00edznos\u0165.","potentialAction":[{"@type":"SearchAction","target":{"@type":"EntryPoint","urlTemplate":"https:\/\/vslg.cz\/sk\/?s={search_term_string}"},"query-input":{"@type":"PropertyValueSpecification","valueRequired":true,"valueName":"search_term_string"}}],"inLanguage":"sk-SK"}]}},"meta_box":[],"_links":{"self":[{"href":"https:\/\/vslg.cz\/sk\/wp-json\/wp\/v2\/aktuality\/7701","targetHints":{"allow":["GET"]}}],"collection":[{"href":"https:\/\/vslg.cz\/sk\/wp-json\/wp\/v2\/aktuality"}],"about":[{"href":"https:\/\/vslg.cz\/sk\/wp-json\/wp\/v2\/types\/aktuality"}],"version-history":[{"count":1,"href":"https:\/\/vslg.cz\/sk\/wp-json\/wp\/v2\/aktuality\/7701\/revisions"}],"predecessor-version":[{"id":7702,"href":"https:\/\/vslg.cz\/sk\/wp-json\/wp\/v2\/aktuality\/7701\/revisions\/7702"}],"wp:featuredmedia":[{"embeddable":true,"href":"https:\/\/vslg.cz\/sk\/wp-json\/wp\/v2\/media\/6035"}],"wp:attachment":[{"href":"https:\/\/vslg.cz\/sk\/wp-json\/wp\/v2\/media?parent=7701"}],"wp:term":[{"taxonomy":"kategoria","embeddable":true,"href":"https:\/\/vslg.cz\/sk\/wp-json\/wp\/v2\/kategoria?post=7701"},{"taxonomy":"mesto","embeddable":true,"href":"https:\/\/vslg.cz\/sk\/wp-json\/wp\/v2\/mesto?post=7701"},{"taxonomy":"skola","embeddable":true,"href":"https:\/\/vslg.cz\/sk\/wp-json\/wp\/v2\/skola?post=7701"}],"curies":[{"name":"wp","href":"https:\/\/api.w.org\/{rel}","templated":true}]}}