{"id":7689,"date":"2023-04-25T10:46:50","date_gmt":"2023-04-25T08:46:50","guid":{"rendered":"https:\/\/vslg.cz\/aktuality\/pozvanka-na-odbornou-prednaskuhistorie-dopravy-z-ekonomickeho-pohledu\/"},"modified":"2023-04-25T10:46:50","modified_gmt":"2023-04-25T08:46:50","slug":"pozvanka-na-odbornou-prednaskuhistorie-dopravy-z-ekonomickeho-pohledu","status":"publish","type":"aktuality","link":"https:\/\/vslg.cz\/sk\/aktuality\/pozvanka-na-odbornou-prednaskuhistorie-dopravy-z-ekonomickeho-pohledu\/","title":{"rendered":"POZV\u00c1NKA NA ODBORNOU P\u0158EDN\u00c1\u0160KU<br>\u201eHistorie dopravy z ekonomick\u00e9ho pohledu\u201c"},"content":{"rendered":"\n<p>Odborn\u00e1 p\u0159edn\u00e1\u0161ka byla realizov\u00e1na v r\u00e1mci v\u00fduky Katedry bakal\u00e1\u0159sk\u00e9ho studia. P\u0159edn\u00e1\u0161ka na t\u00e9ma \u201eHistorie dopravy z\u00a0ekonomick\u00e9ho pohledu\u201c se uskute\u010dnila dne <strong>26. 4. 2022. <\/strong> P\u0159edn\u00e1\u0161ej\u00edc\u00edm byl doc. Ing. Zden\u011bk \u0158\u00edha, Ph.D. <\/p>\n\n<p>Setk\u00e1n\u00ed prob\u011bhlo <strong>online<\/strong>, prost\u0159ednictv\u00edm aplikace MS Teams. <br\/><\/p>\n\n<p><\/p>\n","protected":false},"excerpt":{"rendered":"<p>Odborn\u00e1 p\u0159edn\u00e1\u0161ka byla realizov\u00e1na v r\u00e1mci v\u00fduky Katedry bakal\u00e1\u0159sk\u00e9ho studia. P\u0159edn\u00e1\u0161ka na t\u00e9ma \u201eHistorie dopravy z\u00a0ekonomick\u00e9ho pohledu\u201c se uskute\u010dnila dne 26. 4. 2022. P\u0159edn\u00e1\u0161ej\u00edc\u00edm byl doc. Ing. Zden\u011bk \u0158\u00edha, Ph.D. Setk\u00e1n\u00ed prob\u011bhlo online, prost\u0159ednictv\u00edm aplikace MS Teams.<\/p>\n","protected":false},"featured_media":5321,"template":"","kategoria":[11,12],"mesto":[],"skola":[],"class_list":["post-7689","aktuality","type-aktuality","status-publish","has-post-thumbnail","hentry","kategoria-novinky","kategoria-podujatia"],"yoast_head":"<!-- This site is optimized with the Yoast SEO plugin v26.8 - https:\/\/yoast.com\/product\/yoast-seo-wordpress\/ -->\n<title>POZV\u00c1NKA NA ODBORNOU P\u0158EDN\u00c1\u0160KU\u201eHistorie dopravy z ekonomick\u00e9ho pohledu\u201c - Vysok\u00e1 \u0161kola logistiky o.p.s<\/title>\n<meta name=\"robots\" content=\"index, follow, max-snippet:-1, max-image-preview:large, max-video-preview:-1\" \/>\n<link rel=\"canonical\" href=\"https:\/\/vslg.cz\/sk\/aktuality\/pozvanka-na-odbornou-prednaskuhistorie-dopravy-z-ekonomickeho-pohledu\/\" \/>\n<meta property=\"og:locale\" content=\"sk_SK\" \/>\n<meta property=\"og:type\" content=\"article\" \/>\n<meta property=\"og:title\" content=\"POZV\u00c1NKA NA ODBORNOU P\u0158EDN\u00c1\u0160KU\u201eHistorie dopravy z ekonomick\u00e9ho pohledu\u201c - Vysok\u00e1 \u0161kola logistiky o.p.s\" \/>\n<meta property=\"og:description\" content=\"Odborn\u00e1 p\u0159edn\u00e1\u0161ka byla realizov\u00e1na v r\u00e1mci v\u00fduky Katedry bakal\u00e1\u0159sk\u00e9ho studia. P\u0159edn\u00e1\u0161ka na t\u00e9ma \u201eHistorie dopravy z\u00a0ekonomick\u00e9ho pohledu\u201c se uskute\u010dnila dne 26. 4. 2022. P\u0159edn\u00e1\u0161ej\u00edc\u00edm byl doc. Ing. Zden\u011bk \u0158\u00edha, Ph.D. Setk\u00e1n\u00ed prob\u011bhlo online, prost\u0159ednictv\u00edm aplikace MS Teams.\" \/>\n<meta property=\"og:url\" content=\"https:\/\/vslg.cz\/sk\/aktuality\/pozvanka-na-odbornou-prednaskuhistorie-dopravy-z-ekonomickeho-pohledu\/\" \/>\n<meta property=\"og:site_name\" content=\"Vysok\u00e1 \u0161kola logistiky o.p.s\" \/>\n<meta property=\"og:image\" content=\"https:\/\/vslg.cz\/wp-content\/uploads\/2022\/04\/Historie.png\" \/>\n\t<meta property=\"og:image:width\" content=\"998\" \/>\n\t<meta property=\"og:image:height\" content=\"574\" \/>\n\t<meta property=\"og:image:type\" content=\"image\/png\" \/>\n<meta name=\"twitter:card\" content=\"summary_large_image\" \/>\n<script type=\"application\/ld+json\" class=\"yoast-schema-graph\">{\"@context\":\"https:\/\/schema.org\",\"@graph\":[{\"@type\":\"WebPage\",\"@id\":\"https:\/\/vslg.cz\/sk\/aktuality\/pozvanka-na-odbornou-prednaskuhistorie-dopravy-z-ekonomickeho-pohledu\/\",\"url\":\"https:\/\/vslg.cz\/sk\/aktuality\/pozvanka-na-odbornou-prednaskuhistorie-dopravy-z-ekonomickeho-pohledu\/\",\"name\":\"POZV\u00c1NKA NA ODBORNOU P\u0158EDN\u00c1\u0160KU \u201eHistorie dopravy z ekonomick\u00e9ho pohledu\u201c - Vysok\u00e1 \u0161kola logistiky o.p.s\",\"isPartOf\":{\"@id\":\"https:\/\/vslg.cz\/sk\/#website\"},\"primaryImageOfPage\":{\"@id\":\"https:\/\/vslg.cz\/sk\/aktuality\/pozvanka-na-odbornou-prednaskuhistorie-dopravy-z-ekonomickeho-pohledu\/#primaryimage\"},\"image\":{\"@id\":\"https:\/\/vslg.cz\/sk\/aktuality\/pozvanka-na-odbornou-prednaskuhistorie-dopravy-z-ekonomickeho-pohledu\/#primaryimage\"},\"thumbnailUrl\":\"https:\/\/vslg.cz\/wp-content\/uploads\/2022\/04\/Historie.png\",\"datePublished\":\"2023-04-25T08:46:50+00:00\",\"breadcrumb\":{\"@id\":\"https:\/\/vslg.cz\/sk\/aktuality\/pozvanka-na-odbornou-prednaskuhistorie-dopravy-z-ekonomickeho-pohledu\/#breadcrumb\"},\"inLanguage\":\"sk-SK\",\"potentialAction\":[{\"@type\":\"ReadAction\",\"target\":[\"https:\/\/vslg.cz\/sk\/aktuality\/pozvanka-na-odbornou-prednaskuhistorie-dopravy-z-ekonomickeho-pohledu\/\"]}]},{\"@type\":\"ImageObject\",\"inLanguage\":\"sk-SK\",\"@id\":\"https:\/\/vslg.cz\/sk\/aktuality\/pozvanka-na-odbornou-prednaskuhistorie-dopravy-z-ekonomickeho-pohledu\/#primaryimage\",\"url\":\"https:\/\/vslg.cz\/wp-content\/uploads\/2022\/04\/Historie.png\",\"contentUrl\":\"https:\/\/vslg.cz\/wp-content\/uploads\/2022\/04\/Historie.png\",\"width\":998,\"height\":574},{\"@type\":\"BreadcrumbList\",\"@id\":\"https:\/\/vslg.cz\/sk\/aktuality\/pozvanka-na-odbornou-prednaskuhistorie-dopravy-z-ekonomickeho-pohledu\/#breadcrumb\",\"itemListElement\":[{\"@type\":\"ListItem\",\"position\":1,\"name\":\"Vysok\u00e1 \u0161kola logistiky\",\"item\":\"https:\/\/vslg.cz\/sk\/\"},{\"@type\":\"ListItem\",\"position\":2,\"name\":\"Aktuality\",\"item\":\"https:\/\/vslg.cz\/sk\/aktuality\/\"},{\"@type\":\"ListItem\",\"position\":3,\"name\":\"POZV\u00c1NKA NA ODBORNOU P\u0158EDN\u00c1\u0160KU\u201eHistorie dopravy z ekonomick\u00e9ho pohledu\u201c\"}]},{\"@type\":\"WebSite\",\"@id\":\"https:\/\/vslg.cz\/sk\/#website\",\"url\":\"https:\/\/vslg.cz\/sk\/\",\"name\":\"Vysok\u00e1 \u0161kola logistiky o.p.s\",\"description\":\"Kvalita. Prest\u00ed\u017e. \u00daspech. Prec\u00edznos\u0165.\",\"potentialAction\":[{\"@type\":\"SearchAction\",\"target\":{\"@type\":\"EntryPoint\",\"urlTemplate\":\"https:\/\/vslg.cz\/sk\/?s={search_term_string}\"},\"query-input\":{\"@type\":\"PropertyValueSpecification\",\"valueRequired\":true,\"valueName\":\"search_term_string\"}}],\"inLanguage\":\"sk-SK\"}]}<\/script>\n<!-- \/ Yoast SEO plugin. -->","yoast_head_json":{"title":"POZV\u00c1NKA NA ODBORNOU P\u0158EDN\u00c1\u0160KU\u201eHistorie dopravy z ekonomick\u00e9ho pohledu\u201c - Vysok\u00e1 \u0161kola logistiky o.p.s","robots":{"index":"index","follow":"follow","max-snippet":"max-snippet:-1","max-image-preview":"max-image-preview:large","max-video-preview":"max-video-preview:-1"},"canonical":"https:\/\/vslg.cz\/sk\/aktuality\/pozvanka-na-odbornou-prednaskuhistorie-dopravy-z-ekonomickeho-pohledu\/","og_locale":"sk_SK","og_type":"article","og_title":"POZV\u00c1NKA NA ODBORNOU P\u0158EDN\u00c1\u0160KU\u201eHistorie dopravy z ekonomick\u00e9ho pohledu\u201c - Vysok\u00e1 \u0161kola logistiky o.p.s","og_description":"Odborn\u00e1 p\u0159edn\u00e1\u0161ka byla realizov\u00e1na v r\u00e1mci v\u00fduky Katedry bakal\u00e1\u0159sk\u00e9ho studia. P\u0159edn\u00e1\u0161ka na t\u00e9ma \u201eHistorie dopravy z\u00a0ekonomick\u00e9ho pohledu\u201c se uskute\u010dnila dne 26. 4. 2022. P\u0159edn\u00e1\u0161ej\u00edc\u00edm byl doc. Ing. Zden\u011bk \u0158\u00edha, Ph.D. Setk\u00e1n\u00ed prob\u011bhlo online, prost\u0159ednictv\u00edm aplikace MS Teams.","og_url":"https:\/\/vslg.cz\/sk\/aktuality\/pozvanka-na-odbornou-prednaskuhistorie-dopravy-z-ekonomickeho-pohledu\/","og_site_name":"Vysok\u00e1 \u0161kola logistiky o.p.s","og_image":[{"width":998,"height":574,"url":"https:\/\/vslg.cz\/wp-content\/uploads\/2022\/04\/Historie.png","type":"image\/png"}],"twitter_card":"summary_large_image","schema":{"@context":"https:\/\/schema.org","@graph":[{"@type":"WebPage","@id":"https:\/\/vslg.cz\/sk\/aktuality\/pozvanka-na-odbornou-prednaskuhistorie-dopravy-z-ekonomickeho-pohledu\/","url":"https:\/\/vslg.cz\/sk\/aktuality\/pozvanka-na-odbornou-prednaskuhistorie-dopravy-z-ekonomickeho-pohledu\/","name":"POZV\u00c1NKA NA ODBORNOU P\u0158EDN\u00c1\u0160KU \u201eHistorie dopravy z ekonomick\u00e9ho pohledu\u201c - Vysok\u00e1 \u0161kola logistiky o.p.s","isPartOf":{"@id":"https:\/\/vslg.cz\/sk\/#website"},"primaryImageOfPage":{"@id":"https:\/\/vslg.cz\/sk\/aktuality\/pozvanka-na-odbornou-prednaskuhistorie-dopravy-z-ekonomickeho-pohledu\/#primaryimage"},"image":{"@id":"https:\/\/vslg.cz\/sk\/aktuality\/pozvanka-na-odbornou-prednaskuhistorie-dopravy-z-ekonomickeho-pohledu\/#primaryimage"},"thumbnailUrl":"https:\/\/vslg.cz\/wp-content\/uploads\/2022\/04\/Historie.png","datePublished":"2023-04-25T08:46:50+00:00","breadcrumb":{"@id":"https:\/\/vslg.cz\/sk\/aktuality\/pozvanka-na-odbornou-prednaskuhistorie-dopravy-z-ekonomickeho-pohledu\/#breadcrumb"},"inLanguage":"sk-SK","potentialAction":[{"@type":"ReadAction","target":["https:\/\/vslg.cz\/sk\/aktuality\/pozvanka-na-odbornou-prednaskuhistorie-dopravy-z-ekonomickeho-pohledu\/"]}]},{"@type":"ImageObject","inLanguage":"sk-SK","@id":"https:\/\/vslg.cz\/sk\/aktuality\/pozvanka-na-odbornou-prednaskuhistorie-dopravy-z-ekonomickeho-pohledu\/#primaryimage","url":"https:\/\/vslg.cz\/wp-content\/uploads\/2022\/04\/Historie.png","contentUrl":"https:\/\/vslg.cz\/wp-content\/uploads\/2022\/04\/Historie.png","width":998,"height":574},{"@type":"BreadcrumbList","@id":"https:\/\/vslg.cz\/sk\/aktuality\/pozvanka-na-odbornou-prednaskuhistorie-dopravy-z-ekonomickeho-pohledu\/#breadcrumb","itemListElement":[{"@type":"ListItem","position":1,"name":"Vysok\u00e1 \u0161kola logistiky","item":"https:\/\/vslg.cz\/sk\/"},{"@type":"ListItem","position":2,"name":"Aktuality","item":"https:\/\/vslg.cz\/sk\/aktuality\/"},{"@type":"ListItem","position":3,"name":"POZV\u00c1NKA NA ODBORNOU P\u0158EDN\u00c1\u0160KU\u201eHistorie dopravy z ekonomick\u00e9ho pohledu\u201c"}]},{"@type":"WebSite","@id":"https:\/\/vslg.cz\/sk\/#website","url":"https:\/\/vslg.cz\/sk\/","name":"Vysok\u00e1 \u0161kola logistiky o.p.s","description":"Kvalita. Prest\u00ed\u017e. \u00daspech. Prec\u00edznos\u0165.","potentialAction":[{"@type":"SearchAction","target":{"@type":"EntryPoint","urlTemplate":"https:\/\/vslg.cz\/sk\/?s={search_term_string}"},"query-input":{"@type":"PropertyValueSpecification","valueRequired":true,"valueName":"search_term_string"}}],"inLanguage":"sk-SK"}]}},"meta_box":[],"_links":{"self":[{"href":"https:\/\/vslg.cz\/sk\/wp-json\/wp\/v2\/aktuality\/7689","targetHints":{"allow":["GET"]}}],"collection":[{"href":"https:\/\/vslg.cz\/sk\/wp-json\/wp\/v2\/aktuality"}],"about":[{"href":"https:\/\/vslg.cz\/sk\/wp-json\/wp\/v2\/types\/aktuality"}],"version-history":[{"count":1,"href":"https:\/\/vslg.cz\/sk\/wp-json\/wp\/v2\/aktuality\/7689\/revisions"}],"predecessor-version":[{"id":7690,"href":"https:\/\/vslg.cz\/sk\/wp-json\/wp\/v2\/aktuality\/7689\/revisions\/7690"}],"wp:featuredmedia":[{"embeddable":true,"href":"https:\/\/vslg.cz\/sk\/wp-json\/wp\/v2\/media\/5321"}],"wp:attachment":[{"href":"https:\/\/vslg.cz\/sk\/wp-json\/wp\/v2\/media?parent=7689"}],"wp:term":[{"taxonomy":"kategoria","embeddable":true,"href":"https:\/\/vslg.cz\/sk\/wp-json\/wp\/v2\/kategoria?post=7689"},{"taxonomy":"mesto","embeddable":true,"href":"https:\/\/vslg.cz\/sk\/wp-json\/wp\/v2\/mesto?post=7689"},{"taxonomy":"skola","embeddable":true,"href":"https:\/\/vslg.cz\/sk\/wp-json\/wp\/v2\/skola?post=7689"}],"curies":[{"name":"wp","href":"https:\/\/api.w.org\/{rel}","templated":true}]}}