{"id":7685,"date":"2023-04-25T10:45:37","date_gmt":"2023-04-25T08:45:37","guid":{"rendered":"https:\/\/vslg.cz\/aktuality\/pozvanka-k-seminari-na-tema-3d-tisk-pro-zacatecniky\/"},"modified":"2023-04-25T10:45:37","modified_gmt":"2023-04-25T08:45:37","slug":"pozvanka-k-seminari-na-tema-3d-tisk-pro-zacatecniky","status":"publish","type":"aktuality","link":"https:\/\/vslg.cz\/sk\/aktuality\/pozvanka-k-seminari-na-tema-3d-tisk-pro-zacatecniky\/","title":{"rendered":"Pozv\u00e1nka k semin\u00e1\u0159i na t\u00e9ma &#8222;3D tisk pro za\u010d\u00e1te\u010dn\u00edky&#8220;"},"content":{"rendered":"\n<p>Semin\u00e1\u0159 organizuje <a href=\"https:\/\/www.ikap.cz\/krajske-metodicke-kabinety\/krajsky-metodicky-kabinet-digitalni-gramotnosti\">Krajsk\u00fd metodick\u00fd kabinet Digit\u00e1ln\u00ed gramotnosti<\/a> ve spolupr\u00e1ci se <a href=\"https:\/\/vslg.cz\/sk\/\">vzd\u011bl\u00e1vac\u00edm centrem V\u0160LG v P\u0159erov\u011b<\/a>. Semin\u00e1\u0159 se uskute\u010dn\u00ed prezen\u010dn\u011b v \u00fater\u00fd 26. 4. 2022 od 14:00 do 18:00 hod na St\u0159edn\u00ed pr\u016fmyslov\u00e9 \u0161kole v P\u0159erov\u011b, Havl\u00ed\u010dkova 2, v u\u010debn\u011b 1\/10. Konkr\u00e9tn\u00ed obsah a podrobnosti najdete v\u00a0<a href=\"https:\/\/drive.google.com\/drive\/u\/2\/folders\/1uS8rVgE_GhDSoeBP-nvHTOXiXXVSFKtl\">pozv\u00e1nce<\/a>. Semin\u00e1\u0159 je ur\u010den pedagogick\u00fdm pracovn\u00edk\u016fm, zejm\u00e9na st\u0159edn\u00edch i z\u00e1kladn\u00edch \u0161kol, kte\u0159\u00ed nemaj\u00ed s 3D tiskem \u017e\u00e1dn\u00e9 nebo jen minim\u00e1ln\u00ed zku\u0161enosti. \u00da\u010dast na semin\u00e1\u0159i je bezplatn\u00e1.<\/p>\n\n<p>Po\u010det \u00fa\u010dastn\u00edk\u016f je omezen na 15 osob. Registrace bude uzav\u0159ena 18. 4. 2022 nebo po napln\u011bn\u00ed kapacity a registrovan\u00fdm budou n\u00e1sledn\u011b zasl\u00e1ny aktu\u00e1ln\u00ed informace. Z\u00e1jemci o \u00fa\u010dast se mohou registrovat prost\u0159ednictv\u00edm registra\u010dn\u00edho formul\u00e1\u0159e <a href=\"https:\/\/docs.google.com\/forms\/d\/e\/1FAIpQLScI8WtQcapoRgPVXVBBWrwVvHaD_c60ASYfxw22CRx2XTFxfw\/viewform?usp=sf_link\">zde<\/a>. <\/p>\n\n<p>Tento semin\u00e1\u0159 je dal\u0161\u00edm z \u0159ady semin\u00e1\u0159\u016f v\u00a0r\u00e1mci projektu Implementace krajsk\u00e9ho ak\u010dn\u00edho pl\u00e1nu v Olomouck\u00e9m kraji II (IKAP OK II), registra\u010dn\u00ed \u010d\u00edslo CZ.02.3.68\/0.0\/0.0\/19_078\/0017425. Semin\u00e1\u0159e na podporu rozvoje digit\u00e1ln\u00ed gramotnosti jsou organizov\u00e1ny p\u0159ibli\u017en\u011b 1x m\u011bs\u00ed\u010dn\u011b a zam\u011b\u0159uj\u00ed se na vyu\u017eit\u00ed digit\u00e1ln\u00edch technologi\u00ed pro podporu v\u00fduky.<\/p>\n","protected":false},"excerpt":{"rendered":"<p>Semin\u00e1\u0159 organizuje Krajsk\u00fd metodick\u00fd kabinet Digit\u00e1ln\u00ed gramotnosti ve spolupr\u00e1ci se vzd\u011bl\u00e1vac\u00edm centrem V\u0160LG v P\u0159erov\u011b. Semin\u00e1\u0159 se uskute\u010dn\u00ed prezen\u010dn\u011b v \u00fater\u00fd 26. 4. 2022 od 14:00 do 18:00 hod na St\u0159edn\u00ed pr\u016fmyslov\u00e9 \u0161kole v P\u0159erov\u011b, Havl\u00ed\u010dkova 2, v u\u010debn\u011b 1\/10. Konkr\u00e9tn\u00ed obsah a podrobnosti najdete v\u00a0pozv\u00e1nce. Semin\u00e1\u0159 je ur\u010den pedagogick\u00fdm pracovn\u00edk\u016fm, zejm\u00e9na st\u0159edn\u00edch i z\u00e1kladn\u00edch [&hellip;]<\/p>\n","protected":false},"featured_media":5302,"template":"","kategoria":[11,12],"mesto":[],"skola":[],"class_list":["post-7685","aktuality","type-aktuality","status-publish","has-post-thumbnail","hentry","kategoria-novinky","kategoria-podujatia"],"yoast_head":"<!-- This site is optimized with the Yoast SEO plugin v26.8 - https:\/\/yoast.com\/product\/yoast-seo-wordpress\/ -->\n<title>Pozv\u00e1nka k semin\u00e1\u0159i na t\u00e9ma &quot;3D tisk pro za\u010d\u00e1te\u010dn\u00edky&quot; - Vysok\u00e1 \u0161kola logistiky o.p.s<\/title>\n<meta name=\"robots\" content=\"index, follow, max-snippet:-1, max-image-preview:large, max-video-preview:-1\" \/>\n<link rel=\"canonical\" href=\"https:\/\/vslg.cz\/sk\/aktuality\/pozvanka-k-seminari-na-tema-3d-tisk-pro-zacatecniky\/\" \/>\n<meta property=\"og:locale\" content=\"sk_SK\" \/>\n<meta property=\"og:type\" content=\"article\" \/>\n<meta property=\"og:title\" content=\"Pozv\u00e1nka k semin\u00e1\u0159i na t\u00e9ma &quot;3D tisk pro za\u010d\u00e1te\u010dn\u00edky&quot; - Vysok\u00e1 \u0161kola logistiky o.p.s\" \/>\n<meta property=\"og:description\" content=\"Semin\u00e1\u0159 organizuje Krajsk\u00fd metodick\u00fd kabinet Digit\u00e1ln\u00ed gramotnosti ve spolupr\u00e1ci se vzd\u011bl\u00e1vac\u00edm centrem V\u0160LG v P\u0159erov\u011b. Semin\u00e1\u0159 se uskute\u010dn\u00ed prezen\u010dn\u011b v \u00fater\u00fd 26. 4. 2022 od 14:00 do 18:00 hod na St\u0159edn\u00ed pr\u016fmyslov\u00e9 \u0161kole v P\u0159erov\u011b, Havl\u00ed\u010dkova 2, v u\u010debn\u011b 1\/10. Konkr\u00e9tn\u00ed obsah a podrobnosti najdete v\u00a0pozv\u00e1nce. Semin\u00e1\u0159 je ur\u010den pedagogick\u00fdm pracovn\u00edk\u016fm, zejm\u00e9na st\u0159edn\u00edch i z\u00e1kladn\u00edch [&hellip;]\" \/>\n<meta property=\"og:url\" content=\"https:\/\/vslg.cz\/sk\/aktuality\/pozvanka-k-seminari-na-tema-3d-tisk-pro-zacatecniky\/\" \/>\n<meta property=\"og:site_name\" content=\"Vysok\u00e1 \u0161kola logistiky o.p.s\" \/>\n<meta property=\"og:image\" content=\"https:\/\/vslg.cz\/wp-content\/uploads\/2022\/04\/3d-printing-gcf352aab9_1920.jpg\" \/>\n\t<meta property=\"og:image:width\" content=\"1920\" \/>\n\t<meta property=\"og:image:height\" content=\"1375\" \/>\n\t<meta property=\"og:image:type\" content=\"image\/jpeg\" \/>\n<meta name=\"twitter:card\" content=\"summary_large_image\" \/>\n<meta name=\"twitter:label1\" content=\"Predpokladan\u00fd \u010das \u010d\u00edtania\" \/>\n\t<meta name=\"twitter:data1\" content=\"1 min\u00fata\" \/>\n<script type=\"application\/ld+json\" class=\"yoast-schema-graph\">{\"@context\":\"https:\/\/schema.org\",\"@graph\":[{\"@type\":\"WebPage\",\"@id\":\"https:\/\/vslg.cz\/sk\/aktuality\/pozvanka-k-seminari-na-tema-3d-tisk-pro-zacatecniky\/\",\"url\":\"https:\/\/vslg.cz\/sk\/aktuality\/pozvanka-k-seminari-na-tema-3d-tisk-pro-zacatecniky\/\",\"name\":\"Pozv\u00e1nka k semin\u00e1\u0159i na t\u00e9ma \\\"3D tisk pro za\u010d\u00e1te\u010dn\u00edky\\\" - Vysok\u00e1 \u0161kola logistiky o.p.s\",\"isPartOf\":{\"@id\":\"https:\/\/vslg.cz\/sk\/#website\"},\"primaryImageOfPage\":{\"@id\":\"https:\/\/vslg.cz\/sk\/aktuality\/pozvanka-k-seminari-na-tema-3d-tisk-pro-zacatecniky\/#primaryimage\"},\"image\":{\"@id\":\"https:\/\/vslg.cz\/sk\/aktuality\/pozvanka-k-seminari-na-tema-3d-tisk-pro-zacatecniky\/#primaryimage\"},\"thumbnailUrl\":\"https:\/\/vslg.cz\/wp-content\/uploads\/2022\/04\/3d-printing-gcf352aab9_1920.jpg\",\"datePublished\":\"2023-04-25T08:45:37+00:00\",\"breadcrumb\":{\"@id\":\"https:\/\/vslg.cz\/sk\/aktuality\/pozvanka-k-seminari-na-tema-3d-tisk-pro-zacatecniky\/#breadcrumb\"},\"inLanguage\":\"sk-SK\",\"potentialAction\":[{\"@type\":\"ReadAction\",\"target\":[\"https:\/\/vslg.cz\/sk\/aktuality\/pozvanka-k-seminari-na-tema-3d-tisk-pro-zacatecniky\/\"]}]},{\"@type\":\"ImageObject\",\"inLanguage\":\"sk-SK\",\"@id\":\"https:\/\/vslg.cz\/sk\/aktuality\/pozvanka-k-seminari-na-tema-3d-tisk-pro-zacatecniky\/#primaryimage\",\"url\":\"https:\/\/vslg.cz\/wp-content\/uploads\/2022\/04\/3d-printing-gcf352aab9_1920.jpg\",\"contentUrl\":\"https:\/\/vslg.cz\/wp-content\/uploads\/2022\/04\/3d-printing-gcf352aab9_1920.jpg\",\"width\":1920,\"height\":1375},{\"@type\":\"BreadcrumbList\",\"@id\":\"https:\/\/vslg.cz\/sk\/aktuality\/pozvanka-k-seminari-na-tema-3d-tisk-pro-zacatecniky\/#breadcrumb\",\"itemListElement\":[{\"@type\":\"ListItem\",\"position\":1,\"name\":\"Vysok\u00e1 \u0161kola logistiky\",\"item\":\"https:\/\/vslg.cz\/sk\/\"},{\"@type\":\"ListItem\",\"position\":2,\"name\":\"Aktuality\",\"item\":\"https:\/\/vslg.cz\/sk\/aktuality\/\"},{\"@type\":\"ListItem\",\"position\":3,\"name\":\"Pozv\u00e1nka k semin\u00e1\u0159i na t\u00e9ma &#8222;3D tisk pro za\u010d\u00e1te\u010dn\u00edky&#8220;\"}]},{\"@type\":\"WebSite\",\"@id\":\"https:\/\/vslg.cz\/sk\/#website\",\"url\":\"https:\/\/vslg.cz\/sk\/\",\"name\":\"Vysok\u00e1 \u0161kola logistiky o.p.s\",\"description\":\"Kvalita. Prest\u00ed\u017e. \u00daspech. Prec\u00edznos\u0165.\",\"potentialAction\":[{\"@type\":\"SearchAction\",\"target\":{\"@type\":\"EntryPoint\",\"urlTemplate\":\"https:\/\/vslg.cz\/sk\/?s={search_term_string}\"},\"query-input\":{\"@type\":\"PropertyValueSpecification\",\"valueRequired\":true,\"valueName\":\"search_term_string\"}}],\"inLanguage\":\"sk-SK\"}]}<\/script>\n<!-- \/ Yoast SEO plugin. -->","yoast_head_json":{"title":"Pozv\u00e1nka k semin\u00e1\u0159i na t\u00e9ma \"3D tisk pro za\u010d\u00e1te\u010dn\u00edky\" - Vysok\u00e1 \u0161kola logistiky o.p.s","robots":{"index":"index","follow":"follow","max-snippet":"max-snippet:-1","max-image-preview":"max-image-preview:large","max-video-preview":"max-video-preview:-1"},"canonical":"https:\/\/vslg.cz\/sk\/aktuality\/pozvanka-k-seminari-na-tema-3d-tisk-pro-zacatecniky\/","og_locale":"sk_SK","og_type":"article","og_title":"Pozv\u00e1nka k semin\u00e1\u0159i na t\u00e9ma \"3D tisk pro za\u010d\u00e1te\u010dn\u00edky\" - Vysok\u00e1 \u0161kola logistiky o.p.s","og_description":"Semin\u00e1\u0159 organizuje Krajsk\u00fd metodick\u00fd kabinet Digit\u00e1ln\u00ed gramotnosti ve spolupr\u00e1ci se vzd\u011bl\u00e1vac\u00edm centrem V\u0160LG v P\u0159erov\u011b. Semin\u00e1\u0159 se uskute\u010dn\u00ed prezen\u010dn\u011b v \u00fater\u00fd 26. 4. 2022 od 14:00 do 18:00 hod na St\u0159edn\u00ed pr\u016fmyslov\u00e9 \u0161kole v P\u0159erov\u011b, Havl\u00ed\u010dkova 2, v u\u010debn\u011b 1\/10. Konkr\u00e9tn\u00ed obsah a podrobnosti najdete v\u00a0pozv\u00e1nce. Semin\u00e1\u0159 je ur\u010den pedagogick\u00fdm pracovn\u00edk\u016fm, zejm\u00e9na st\u0159edn\u00edch i z\u00e1kladn\u00edch [&hellip;]","og_url":"https:\/\/vslg.cz\/sk\/aktuality\/pozvanka-k-seminari-na-tema-3d-tisk-pro-zacatecniky\/","og_site_name":"Vysok\u00e1 \u0161kola logistiky o.p.s","og_image":[{"width":1920,"height":1375,"url":"https:\/\/vslg.cz\/wp-content\/uploads\/2022\/04\/3d-printing-gcf352aab9_1920.jpg","type":"image\/jpeg"}],"twitter_card":"summary_large_image","twitter_misc":{"Predpokladan\u00fd \u010das \u010d\u00edtania":"1 min\u00fata"},"schema":{"@context":"https:\/\/schema.org","@graph":[{"@type":"WebPage","@id":"https:\/\/vslg.cz\/sk\/aktuality\/pozvanka-k-seminari-na-tema-3d-tisk-pro-zacatecniky\/","url":"https:\/\/vslg.cz\/sk\/aktuality\/pozvanka-k-seminari-na-tema-3d-tisk-pro-zacatecniky\/","name":"Pozv\u00e1nka k semin\u00e1\u0159i na t\u00e9ma \"3D tisk pro za\u010d\u00e1te\u010dn\u00edky\" - Vysok\u00e1 \u0161kola logistiky o.p.s","isPartOf":{"@id":"https:\/\/vslg.cz\/sk\/#website"},"primaryImageOfPage":{"@id":"https:\/\/vslg.cz\/sk\/aktuality\/pozvanka-k-seminari-na-tema-3d-tisk-pro-zacatecniky\/#primaryimage"},"image":{"@id":"https:\/\/vslg.cz\/sk\/aktuality\/pozvanka-k-seminari-na-tema-3d-tisk-pro-zacatecniky\/#primaryimage"},"thumbnailUrl":"https:\/\/vslg.cz\/wp-content\/uploads\/2022\/04\/3d-printing-gcf352aab9_1920.jpg","datePublished":"2023-04-25T08:45:37+00:00","breadcrumb":{"@id":"https:\/\/vslg.cz\/sk\/aktuality\/pozvanka-k-seminari-na-tema-3d-tisk-pro-zacatecniky\/#breadcrumb"},"inLanguage":"sk-SK","potentialAction":[{"@type":"ReadAction","target":["https:\/\/vslg.cz\/sk\/aktuality\/pozvanka-k-seminari-na-tema-3d-tisk-pro-zacatecniky\/"]}]},{"@type":"ImageObject","inLanguage":"sk-SK","@id":"https:\/\/vslg.cz\/sk\/aktuality\/pozvanka-k-seminari-na-tema-3d-tisk-pro-zacatecniky\/#primaryimage","url":"https:\/\/vslg.cz\/wp-content\/uploads\/2022\/04\/3d-printing-gcf352aab9_1920.jpg","contentUrl":"https:\/\/vslg.cz\/wp-content\/uploads\/2022\/04\/3d-printing-gcf352aab9_1920.jpg","width":1920,"height":1375},{"@type":"BreadcrumbList","@id":"https:\/\/vslg.cz\/sk\/aktuality\/pozvanka-k-seminari-na-tema-3d-tisk-pro-zacatecniky\/#breadcrumb","itemListElement":[{"@type":"ListItem","position":1,"name":"Vysok\u00e1 \u0161kola logistiky","item":"https:\/\/vslg.cz\/sk\/"},{"@type":"ListItem","position":2,"name":"Aktuality","item":"https:\/\/vslg.cz\/sk\/aktuality\/"},{"@type":"ListItem","position":3,"name":"Pozv\u00e1nka k semin\u00e1\u0159i na t\u00e9ma &#8222;3D tisk pro za\u010d\u00e1te\u010dn\u00edky&#8220;"}]},{"@type":"WebSite","@id":"https:\/\/vslg.cz\/sk\/#website","url":"https:\/\/vslg.cz\/sk\/","name":"Vysok\u00e1 \u0161kola logistiky o.p.s","description":"Kvalita. Prest\u00ed\u017e. \u00daspech. Prec\u00edznos\u0165.","potentialAction":[{"@type":"SearchAction","target":{"@type":"EntryPoint","urlTemplate":"https:\/\/vslg.cz\/sk\/?s={search_term_string}"},"query-input":{"@type":"PropertyValueSpecification","valueRequired":true,"valueName":"search_term_string"}}],"inLanguage":"sk-SK"}]}},"meta_box":[],"_links":{"self":[{"href":"https:\/\/vslg.cz\/sk\/wp-json\/wp\/v2\/aktuality\/7685","targetHints":{"allow":["GET"]}}],"collection":[{"href":"https:\/\/vslg.cz\/sk\/wp-json\/wp\/v2\/aktuality"}],"about":[{"href":"https:\/\/vslg.cz\/sk\/wp-json\/wp\/v2\/types\/aktuality"}],"version-history":[{"count":1,"href":"https:\/\/vslg.cz\/sk\/wp-json\/wp\/v2\/aktuality\/7685\/revisions"}],"predecessor-version":[{"id":7686,"href":"https:\/\/vslg.cz\/sk\/wp-json\/wp\/v2\/aktuality\/7685\/revisions\/7686"}],"wp:featuredmedia":[{"embeddable":true,"href":"https:\/\/vslg.cz\/sk\/wp-json\/wp\/v2\/media\/5302"}],"wp:attachment":[{"href":"https:\/\/vslg.cz\/sk\/wp-json\/wp\/v2\/media?parent=7685"}],"wp:term":[{"taxonomy":"kategoria","embeddable":true,"href":"https:\/\/vslg.cz\/sk\/wp-json\/wp\/v2\/kategoria?post=7685"},{"taxonomy":"mesto","embeddable":true,"href":"https:\/\/vslg.cz\/sk\/wp-json\/wp\/v2\/mesto?post=7685"},{"taxonomy":"skola","embeddable":true,"href":"https:\/\/vslg.cz\/sk\/wp-json\/wp\/v2\/skola?post=7685"}],"curies":[{"name":"wp","href":"https:\/\/api.w.org\/{rel}","templated":true}]}}