{"id":7671,"date":"2023-04-25T10:28:30","date_gmt":"2023-04-25T08:28:30","guid":{"rendered":"https:\/\/vslg.cz\/aktuality\/zveme-vas-na-dny-otevrenych-dveri-vysoke-skoly-logistiky-2-5-2023-v-prerove-20-5-2023-v-bratislave-a-20-5-2023-v-praze\/"},"modified":"2023-04-25T10:28:31","modified_gmt":"2023-04-25T08:28:31","slug":"zveme-vas-na-dny-otevrenych-dveri-vysoke-skoly-logistiky-2-5-2023-v-prerove-20-5-2023-v-bratislave-a-20-5-2023-v-praze","status":"publish","type":"aktuality","link":"https:\/\/vslg.cz\/sk\/aktuality\/zveme-vas-na-dny-otevrenych-dveri-vysoke-skoly-logistiky-2-5-2023-v-prerove-20-5-2023-v-bratislave-a-20-5-2023-v-praze\/","title":{"rendered":"Zveme V\u00e1s na Dny otev\u0159en\u00fdch dve\u0159\u00ed Vysok\u00e9 \u0161koly logistiky 2. 5. 2023 v P\u0159erov\u011b, 20. 5. 2023 v Bratislav\u011b a 20. 5. 2023 v Praze"},"content":{"rendered":"\n<p>Zaj\u00edm\u00e1 V\u00e1s, jak vypadaj\u00ed prostory V\u0160LG? Chcete poznat prost\u0159ed\u00ed, kde prob\u00edh\u00e1 v\u00fduka? Chcete se setkat se z\u00e1stupci \u0161koly? Pak se na\u00a0V\u00e1s t\u011b\u0161\u00edme na\u00a0Dnu otev\u0159en\u00fdch dve\u0159\u00ed Vysok\u00e9 \u0161koly logistiky. Z\u00e1jemci o studium mohou z\u00edskat pot\u0159ebn\u00e9 informace a prohl\u00e9dnout si v\u00fdukov\u00e9 prostory. B\u011bhem n\u00e1v\u0161t\u011bvy prob\u00edh\u00e1 prezentace, ve\u00a0kter\u00e9 se sezn\u00e1m\u00edte se z\u00e1kladn\u00edmi informacemi o pr\u016fb\u011bhu a form\u00e1ch studia, o organizaci akademick\u00e9ho roku, o uplatn\u011bn\u00ed absolvent\u016f na\u0161\u00ed vysok\u00e9 \u0161koly apod. Budete m\u00edt mo\u017enost prohl\u00e9dnout si auly, u\u010debny, studovnu, knihovnu a dal\u0161\u00ed z\u00e1zem\u00ed na\u00a0na\u0161\u00ed vysok\u00e9 \u0161kole.<\/p>\n\n<p>Ji\u017e nyn\u00ed si m\u016f\u017eete virtu\u00e1ln\u011b prohl\u00e9dnout prostory na\u0161\u00ed \u0161koly v\u00a0P\u0159erov\u011b\u00a0<a href=\"https:\/\/www.google.cz\/maps\/place\/Vysok%C3%A1+%C5%A1kola+logistiky+o.p.s.\/@49.4524092,17.4493478,3a,75y,220h,90t\/data=!3m8!1e1!3m6!1sAF1QipOEagey3JV3xQaA8qQ7F4iKX4Sr8zZUaAQv0A_O!2e10!3e11!6shttps:%2F%2Flh5.googleusercontent.com%2Fp%2FAF1QipOEagey3JV3xQaA8qQ7F4iKX4Sr8zZUaAQv0A_O%3Dw203-h100-k-no-pi0-ya19.76131-ro-0-fo100!7i12800!8i6400!4m5!3m4!1s0x4713aea3017e14fd:0x734063383513290e!8m2!3d49.452499!4d17.449346?hl=cs\">zde<\/a><\/p>\n\n<p>Term\u00edny dn\u016f otev\u0159en\u00fdch dve\u0159\u00ed v P\u0159erov\u011b, Praze a Bratislav\u011b naleznete <a href=\"https:\/\/vslg.cz\/den-otevrenych-dveri\/\" target=\"_blank\" rel=\"noreferrer noopener\">zde<\/a><\/p>\n\n<p><strong>Individu\u00e1ln\u00ed term\u00edn n\u00e1v\u0161t\u011bvy \u0161koly:<\/strong>&#13;\nIndividu\u00e1ln\u00ed term\u00edn n\u00e1v\u0161t\u011bvy \u0161koly si m\u016f\u017eete domluvit na\u00a0kontaktn\u00edm emailu:\u00a0<a href=\"mailto:studijni@vslg.cz\">studijni@vslg.cz<\/a><\/p>\n","protected":false},"excerpt":{"rendered":"<p>Zaj\u00edm\u00e1 V\u00e1s, jak vypadaj\u00ed prostory V\u0160LG? Chcete poznat prost\u0159ed\u00ed, kde prob\u00edh\u00e1 v\u00fduka? Chcete se setkat se z\u00e1stupci \u0161koly? Pak se na\u00a0V\u00e1s t\u011b\u0161\u00edme na\u00a0Dnu otev\u0159en\u00fdch dve\u0159\u00ed Vysok\u00e9 \u0161koly logistiky. Z\u00e1jemci o studium mohou z\u00edskat pot\u0159ebn\u00e9 informace a prohl\u00e9dnout si v\u00fdukov\u00e9 prostory. B\u011bhem n\u00e1v\u0161t\u011bvy prob\u00edh\u00e1 prezentace, ve\u00a0kter\u00e9 se sezn\u00e1m\u00edte se z\u00e1kladn\u00edmi informacemi o pr\u016fb\u011bhu a form\u00e1ch studia, [&hellip;]<\/p>\n","protected":false},"featured_media":6274,"template":"","kategoria":[11,12],"mesto":[],"skola":[],"class_list":["post-7671","aktuality","type-aktuality","status-publish","has-post-thumbnail","hentry","kategoria-novinky","kategoria-podujatia"],"yoast_head":"<!-- This site is optimized with the Yoast SEO plugin v26.8 - https:\/\/yoast.com\/product\/yoast-seo-wordpress\/ -->\n<title>Zveme V\u00e1s na Dny otev\u0159en\u00fdch dve\u0159\u00ed Vysok\u00e9 \u0161koly logistiky 2. 5. 2023 v P\u0159erov\u011b, 20. 5. 2023 v Bratislav\u011b a 20. 5. 2023 v Praze - Vysok\u00e1 \u0161kola logistiky o.p.s<\/title>\n<meta name=\"robots\" content=\"index, follow, max-snippet:-1, max-image-preview:large, max-video-preview:-1\" \/>\n<link rel=\"canonical\" href=\"https:\/\/vslg.cz\/sk\/aktuality\/zveme-vas-na-dny-otevrenych-dveri-vysoke-skoly-logistiky-2-5-2023-v-prerove-20-5-2023-v-bratislave-a-20-5-2023-v-praze\/\" \/>\n<meta property=\"og:locale\" content=\"sk_SK\" \/>\n<meta property=\"og:type\" content=\"article\" \/>\n<meta property=\"og:title\" content=\"Zveme V\u00e1s na Dny otev\u0159en\u00fdch dve\u0159\u00ed Vysok\u00e9 \u0161koly logistiky 2. 5. 2023 v P\u0159erov\u011b, 20. 5. 2023 v Bratislav\u011b a 20. 5. 2023 v Praze - Vysok\u00e1 \u0161kola logistiky o.p.s\" \/>\n<meta property=\"og:description\" content=\"Zaj\u00edm\u00e1 V\u00e1s, jak vypadaj\u00ed prostory V\u0160LG? Chcete poznat prost\u0159ed\u00ed, kde prob\u00edh\u00e1 v\u00fduka? Chcete se setkat se z\u00e1stupci \u0161koly? Pak se na\u00a0V\u00e1s t\u011b\u0161\u00edme na\u00a0Dnu otev\u0159en\u00fdch dve\u0159\u00ed Vysok\u00e9 \u0161koly logistiky. Z\u00e1jemci o studium mohou z\u00edskat pot\u0159ebn\u00e9 informace a prohl\u00e9dnout si v\u00fdukov\u00e9 prostory. B\u011bhem n\u00e1v\u0161t\u011bvy prob\u00edh\u00e1 prezentace, ve\u00a0kter\u00e9 se sezn\u00e1m\u00edte se z\u00e1kladn\u00edmi informacemi o pr\u016fb\u011bhu a form\u00e1ch studia, [&hellip;]\" \/>\n<meta property=\"og:url\" content=\"https:\/\/vslg.cz\/sk\/aktuality\/zveme-vas-na-dny-otevrenych-dveri-vysoke-skoly-logistiky-2-5-2023-v-prerove-20-5-2023-v-bratislave-a-20-5-2023-v-praze\/\" \/>\n<meta property=\"og:site_name\" content=\"Vysok\u00e1 \u0161kola logistiky o.p.s\" \/>\n<meta property=\"article:modified_time\" content=\"2023-04-25T08:28:31+00:00\" \/>\n<meta property=\"og:image\" content=\"https:\/\/vslg.cz\/wp-content\/uploads\/2022\/12\/Screenshot-2022-12-07-at-16.44.40-1.png\" \/>\n\t<meta property=\"og:image:width\" content=\"946\" \/>\n\t<meta property=\"og:image:height\" content=\"881\" \/>\n\t<meta property=\"og:image:type\" content=\"image\/png\" \/>\n<meta name=\"twitter:card\" content=\"summary_large_image\" \/>\n<meta name=\"twitter:label1\" content=\"Predpokladan\u00fd \u010das \u010d\u00edtania\" \/>\n\t<meta name=\"twitter:data1\" content=\"1 min\u00fata\" \/>\n<script type=\"application\/ld+json\" class=\"yoast-schema-graph\">{\"@context\":\"https:\/\/schema.org\",\"@graph\":[{\"@type\":\"WebPage\",\"@id\":\"https:\/\/vslg.cz\/sk\/aktuality\/zveme-vas-na-dny-otevrenych-dveri-vysoke-skoly-logistiky-2-5-2023-v-prerove-20-5-2023-v-bratislave-a-20-5-2023-v-praze\/\",\"url\":\"https:\/\/vslg.cz\/sk\/aktuality\/zveme-vas-na-dny-otevrenych-dveri-vysoke-skoly-logistiky-2-5-2023-v-prerove-20-5-2023-v-bratislave-a-20-5-2023-v-praze\/\",\"name\":\"Zveme V\u00e1s na Dny otev\u0159en\u00fdch dve\u0159\u00ed Vysok\u00e9 \u0161koly logistiky 2. 5. 2023 v P\u0159erov\u011b, 20. 5. 2023 v Bratislav\u011b a 20. 5. 2023 v Praze - Vysok\u00e1 \u0161kola logistiky o.p.s\",\"isPartOf\":{\"@id\":\"https:\/\/vslg.cz\/sk\/#website\"},\"primaryImageOfPage\":{\"@id\":\"https:\/\/vslg.cz\/sk\/aktuality\/zveme-vas-na-dny-otevrenych-dveri-vysoke-skoly-logistiky-2-5-2023-v-prerove-20-5-2023-v-bratislave-a-20-5-2023-v-praze\/#primaryimage\"},\"image\":{\"@id\":\"https:\/\/vslg.cz\/sk\/aktuality\/zveme-vas-na-dny-otevrenych-dveri-vysoke-skoly-logistiky-2-5-2023-v-prerove-20-5-2023-v-bratislave-a-20-5-2023-v-praze\/#primaryimage\"},\"thumbnailUrl\":\"https:\/\/vslg.cz\/wp-content\/uploads\/2022\/12\/Screenshot-2022-12-07-at-16.44.40-1.png\",\"datePublished\":\"2023-04-25T08:28:30+00:00\",\"dateModified\":\"2023-04-25T08:28:31+00:00\",\"breadcrumb\":{\"@id\":\"https:\/\/vslg.cz\/sk\/aktuality\/zveme-vas-na-dny-otevrenych-dveri-vysoke-skoly-logistiky-2-5-2023-v-prerove-20-5-2023-v-bratislave-a-20-5-2023-v-praze\/#breadcrumb\"},\"inLanguage\":\"sk-SK\",\"potentialAction\":[{\"@type\":\"ReadAction\",\"target\":[\"https:\/\/vslg.cz\/sk\/aktuality\/zveme-vas-na-dny-otevrenych-dveri-vysoke-skoly-logistiky-2-5-2023-v-prerove-20-5-2023-v-bratislave-a-20-5-2023-v-praze\/\"]}]},{\"@type\":\"ImageObject\",\"inLanguage\":\"sk-SK\",\"@id\":\"https:\/\/vslg.cz\/sk\/aktuality\/zveme-vas-na-dny-otevrenych-dveri-vysoke-skoly-logistiky-2-5-2023-v-prerove-20-5-2023-v-bratislave-a-20-5-2023-v-praze\/#primaryimage\",\"url\":\"https:\/\/vslg.cz\/wp-content\/uploads\/2022\/12\/Screenshot-2022-12-07-at-16.44.40-1.png\",\"contentUrl\":\"https:\/\/vslg.cz\/wp-content\/uploads\/2022\/12\/Screenshot-2022-12-07-at-16.44.40-1.png\",\"width\":946,\"height\":881},{\"@type\":\"BreadcrumbList\",\"@id\":\"https:\/\/vslg.cz\/sk\/aktuality\/zveme-vas-na-dny-otevrenych-dveri-vysoke-skoly-logistiky-2-5-2023-v-prerove-20-5-2023-v-bratislave-a-20-5-2023-v-praze\/#breadcrumb\",\"itemListElement\":[{\"@type\":\"ListItem\",\"position\":1,\"name\":\"Vysok\u00e1 \u0161kola logistiky\",\"item\":\"https:\/\/vslg.cz\/sk\/\"},{\"@type\":\"ListItem\",\"position\":2,\"name\":\"Aktuality\",\"item\":\"https:\/\/vslg.cz\/sk\/aktuality\/\"},{\"@type\":\"ListItem\",\"position\":3,\"name\":\"Zveme V\u00e1s na Dny otev\u0159en\u00fdch dve\u0159\u00ed Vysok\u00e9 \u0161koly logistiky 2. 5. 2023 v P\u0159erov\u011b, 20. 5. 2023 v Bratislav\u011b a 20. 5. 2023 v Praze\"}]},{\"@type\":\"WebSite\",\"@id\":\"https:\/\/vslg.cz\/sk\/#website\",\"url\":\"https:\/\/vslg.cz\/sk\/\",\"name\":\"Vysok\u00e1 \u0161kola logistiky o.p.s\",\"description\":\"Kvalita. Prest\u00ed\u017e. \u00daspech. Prec\u00edznos\u0165.\",\"potentialAction\":[{\"@type\":\"SearchAction\",\"target\":{\"@type\":\"EntryPoint\",\"urlTemplate\":\"https:\/\/vslg.cz\/sk\/?s={search_term_string}\"},\"query-input\":{\"@type\":\"PropertyValueSpecification\",\"valueRequired\":true,\"valueName\":\"search_term_string\"}}],\"inLanguage\":\"sk-SK\"}]}<\/script>\n<!-- \/ Yoast SEO plugin. -->","yoast_head_json":{"title":"Zveme V\u00e1s na Dny otev\u0159en\u00fdch dve\u0159\u00ed Vysok\u00e9 \u0161koly logistiky 2. 5. 2023 v P\u0159erov\u011b, 20. 5. 2023 v Bratislav\u011b a 20. 5. 2023 v Praze - Vysok\u00e1 \u0161kola logistiky o.p.s","robots":{"index":"index","follow":"follow","max-snippet":"max-snippet:-1","max-image-preview":"max-image-preview:large","max-video-preview":"max-video-preview:-1"},"canonical":"https:\/\/vslg.cz\/sk\/aktuality\/zveme-vas-na-dny-otevrenych-dveri-vysoke-skoly-logistiky-2-5-2023-v-prerove-20-5-2023-v-bratislave-a-20-5-2023-v-praze\/","og_locale":"sk_SK","og_type":"article","og_title":"Zveme V\u00e1s na Dny otev\u0159en\u00fdch dve\u0159\u00ed Vysok\u00e9 \u0161koly logistiky 2. 5. 2023 v P\u0159erov\u011b, 20. 5. 2023 v Bratislav\u011b a 20. 5. 2023 v Praze - Vysok\u00e1 \u0161kola logistiky o.p.s","og_description":"Zaj\u00edm\u00e1 V\u00e1s, jak vypadaj\u00ed prostory V\u0160LG? Chcete poznat prost\u0159ed\u00ed, kde prob\u00edh\u00e1 v\u00fduka? Chcete se setkat se z\u00e1stupci \u0161koly? Pak se na\u00a0V\u00e1s t\u011b\u0161\u00edme na\u00a0Dnu otev\u0159en\u00fdch dve\u0159\u00ed Vysok\u00e9 \u0161koly logistiky. Z\u00e1jemci o studium mohou z\u00edskat pot\u0159ebn\u00e9 informace a prohl\u00e9dnout si v\u00fdukov\u00e9 prostory. B\u011bhem n\u00e1v\u0161t\u011bvy prob\u00edh\u00e1 prezentace, ve\u00a0kter\u00e9 se sezn\u00e1m\u00edte se z\u00e1kladn\u00edmi informacemi o pr\u016fb\u011bhu a form\u00e1ch studia, [&hellip;]","og_url":"https:\/\/vslg.cz\/sk\/aktuality\/zveme-vas-na-dny-otevrenych-dveri-vysoke-skoly-logistiky-2-5-2023-v-prerove-20-5-2023-v-bratislave-a-20-5-2023-v-praze\/","og_site_name":"Vysok\u00e1 \u0161kola logistiky o.p.s","article_modified_time":"2023-04-25T08:28:31+00:00","og_image":[{"width":946,"height":881,"url":"https:\/\/vslg.cz\/wp-content\/uploads\/2022\/12\/Screenshot-2022-12-07-at-16.44.40-1.png","type":"image\/png"}],"twitter_card":"summary_large_image","twitter_misc":{"Predpokladan\u00fd \u010das \u010d\u00edtania":"1 min\u00fata"},"schema":{"@context":"https:\/\/schema.org","@graph":[{"@type":"WebPage","@id":"https:\/\/vslg.cz\/sk\/aktuality\/zveme-vas-na-dny-otevrenych-dveri-vysoke-skoly-logistiky-2-5-2023-v-prerove-20-5-2023-v-bratislave-a-20-5-2023-v-praze\/","url":"https:\/\/vslg.cz\/sk\/aktuality\/zveme-vas-na-dny-otevrenych-dveri-vysoke-skoly-logistiky-2-5-2023-v-prerove-20-5-2023-v-bratislave-a-20-5-2023-v-praze\/","name":"Zveme V\u00e1s na Dny otev\u0159en\u00fdch dve\u0159\u00ed Vysok\u00e9 \u0161koly logistiky 2. 5. 2023 v P\u0159erov\u011b, 20. 5. 2023 v Bratislav\u011b a 20. 5. 2023 v Praze - Vysok\u00e1 \u0161kola logistiky o.p.s","isPartOf":{"@id":"https:\/\/vslg.cz\/sk\/#website"},"primaryImageOfPage":{"@id":"https:\/\/vslg.cz\/sk\/aktuality\/zveme-vas-na-dny-otevrenych-dveri-vysoke-skoly-logistiky-2-5-2023-v-prerove-20-5-2023-v-bratislave-a-20-5-2023-v-praze\/#primaryimage"},"image":{"@id":"https:\/\/vslg.cz\/sk\/aktuality\/zveme-vas-na-dny-otevrenych-dveri-vysoke-skoly-logistiky-2-5-2023-v-prerove-20-5-2023-v-bratislave-a-20-5-2023-v-praze\/#primaryimage"},"thumbnailUrl":"https:\/\/vslg.cz\/wp-content\/uploads\/2022\/12\/Screenshot-2022-12-07-at-16.44.40-1.png","datePublished":"2023-04-25T08:28:30+00:00","dateModified":"2023-04-25T08:28:31+00:00","breadcrumb":{"@id":"https:\/\/vslg.cz\/sk\/aktuality\/zveme-vas-na-dny-otevrenych-dveri-vysoke-skoly-logistiky-2-5-2023-v-prerove-20-5-2023-v-bratislave-a-20-5-2023-v-praze\/#breadcrumb"},"inLanguage":"sk-SK","potentialAction":[{"@type":"ReadAction","target":["https:\/\/vslg.cz\/sk\/aktuality\/zveme-vas-na-dny-otevrenych-dveri-vysoke-skoly-logistiky-2-5-2023-v-prerove-20-5-2023-v-bratislave-a-20-5-2023-v-praze\/"]}]},{"@type":"ImageObject","inLanguage":"sk-SK","@id":"https:\/\/vslg.cz\/sk\/aktuality\/zveme-vas-na-dny-otevrenych-dveri-vysoke-skoly-logistiky-2-5-2023-v-prerove-20-5-2023-v-bratislave-a-20-5-2023-v-praze\/#primaryimage","url":"https:\/\/vslg.cz\/wp-content\/uploads\/2022\/12\/Screenshot-2022-12-07-at-16.44.40-1.png","contentUrl":"https:\/\/vslg.cz\/wp-content\/uploads\/2022\/12\/Screenshot-2022-12-07-at-16.44.40-1.png","width":946,"height":881},{"@type":"BreadcrumbList","@id":"https:\/\/vslg.cz\/sk\/aktuality\/zveme-vas-na-dny-otevrenych-dveri-vysoke-skoly-logistiky-2-5-2023-v-prerove-20-5-2023-v-bratislave-a-20-5-2023-v-praze\/#breadcrumb","itemListElement":[{"@type":"ListItem","position":1,"name":"Vysok\u00e1 \u0161kola logistiky","item":"https:\/\/vslg.cz\/sk\/"},{"@type":"ListItem","position":2,"name":"Aktuality","item":"https:\/\/vslg.cz\/sk\/aktuality\/"},{"@type":"ListItem","position":3,"name":"Zveme V\u00e1s na Dny otev\u0159en\u00fdch dve\u0159\u00ed Vysok\u00e9 \u0161koly logistiky 2. 5. 2023 v P\u0159erov\u011b, 20. 5. 2023 v Bratislav\u011b a 20. 5. 2023 v Praze"}]},{"@type":"WebSite","@id":"https:\/\/vslg.cz\/sk\/#website","url":"https:\/\/vslg.cz\/sk\/","name":"Vysok\u00e1 \u0161kola logistiky o.p.s","description":"Kvalita. Prest\u00ed\u017e. \u00daspech. Prec\u00edznos\u0165.","potentialAction":[{"@type":"SearchAction","target":{"@type":"EntryPoint","urlTemplate":"https:\/\/vslg.cz\/sk\/?s={search_term_string}"},"query-input":{"@type":"PropertyValueSpecification","valueRequired":true,"valueName":"search_term_string"}}],"inLanguage":"sk-SK"}]}},"meta_box":[],"_links":{"self":[{"href":"https:\/\/vslg.cz\/sk\/wp-json\/wp\/v2\/aktuality\/7671","targetHints":{"allow":["GET"]}}],"collection":[{"href":"https:\/\/vslg.cz\/sk\/wp-json\/wp\/v2\/aktuality"}],"about":[{"href":"https:\/\/vslg.cz\/sk\/wp-json\/wp\/v2\/types\/aktuality"}],"version-history":[{"count":1,"href":"https:\/\/vslg.cz\/sk\/wp-json\/wp\/v2\/aktuality\/7671\/revisions"}],"predecessor-version":[{"id":7672,"href":"https:\/\/vslg.cz\/sk\/wp-json\/wp\/v2\/aktuality\/7671\/revisions\/7672"}],"wp:featuredmedia":[{"embeddable":true,"href":"https:\/\/vslg.cz\/sk\/wp-json\/wp\/v2\/media\/6274"}],"wp:attachment":[{"href":"https:\/\/vslg.cz\/sk\/wp-json\/wp\/v2\/media?parent=7671"}],"wp:term":[{"taxonomy":"kategoria","embeddable":true,"href":"https:\/\/vslg.cz\/sk\/wp-json\/wp\/v2\/kategoria?post=7671"},{"taxonomy":"mesto","embeddable":true,"href":"https:\/\/vslg.cz\/sk\/wp-json\/wp\/v2\/mesto?post=7671"},{"taxonomy":"skola","embeddable":true,"href":"https:\/\/vslg.cz\/sk\/wp-json\/wp\/v2\/skola?post=7671"}],"curies":[{"name":"wp","href":"https:\/\/api.w.org\/{rel}","templated":true}]}}