{"id":7256,"date":"2023-03-21T14:16:50","date_gmt":"2023-03-21T13:16:50","guid":{"rendered":"https:\/\/vslg.cz\/aktuality\/spokojeni-absolventi-vysoke-skoly-logistiky\/"},"modified":"2023-03-21T14:16:50","modified_gmt":"2023-03-21T13:16:50","slug":"spokojeni-absolventi-vysoke-skoly-logistiky","status":"publish","type":"aktuality","link":"https:\/\/vslg.cz\/sk\/aktuality\/spokojeni-absolventi-vysoke-skoly-logistiky\/","title":{"rendered":"Spokojen\u00ed absolventi Vysok\u00e9 \u0161koly logistiky"},"content":{"rendered":"\n<p>V\u00a0tomto obdob\u00ed prob\u00edh\u00e1 <a href=\"https:\/\/www.csvs.cz\/aktualni-projekty\/eurograduate\/\" target=\"_blank\" rel=\"noreferrer noopener\">v\u00fdzkumn\u00e9 \u0161et\u0159en\u00ed<\/a>, jeho\u017e c\u00edlem je lep\u0161\u00ed pozn\u00e1n\u00ed \u017eivot\u016f a kari\u00e9r absolvent\u016f. V\u00a0jeho r\u00e1mci jsem za V\u0160LG oslovil 939 absolvent\u016f, kte\u0159\u00ed ukon\u010dili sv\u00e9 studium v posledn\u00edch letech. Je pro m\u011b p\u0159\u00edjemn\u00fdm zji\u0161t\u011bn\u00edm, \u017ee na\u0161e kontakty na absolventy jsou st\u00e1le aktu\u00e1ln\u00ed, sv\u00e9ho adres\u00e1ta nena\u0161lo pouze necel\u00fdch 40 mail\u016f. Term\u00edn pro \u00fa\u010dast absolvent\u016f v\u00a0\u0161et\u0159en\u00ed sice je\u0161t\u011b neuplynul, nicm\u00e9n\u011b n\u011bkte\u0159\u00ed absolventi krom\u011b vypln\u011bn\u00ed dotazn\u00edku zaslali i reakci na mou \u017e\u00e1dost. Jejich zn\u011bn\u00ed je samoz\u0159ejm\u011b ovlivn\u011bno p\u0159edv\u00e1no\u010dn\u00edm obdob\u00edm.<\/p>\n\n<ul class=\"wp-block-list\">\n<li>Dobr\u00fd den pane docente. D\u011bkuji, r\u00e1d se z\u00fa\u010dastn\u00edm v\u00fdzkumn\u00e9ho \u0161et\u0159en\u00ed. P\u0159eji klidn\u00e9 v\u00e1no\u010dn\u00ed sv\u00e1tky, hodn\u011b sil a pevn\u00e9 zdrav\u00ed do nov\u00e9ho roku. S\u00a0pozdravem Ing. D.P.<\/li>\n\n\n\n<li>V\u00e1\u017een\u00fd pane Docente, profesore, Samoz\u0159ejm\u011b se do projektu zapoj\u00edm a dotazn\u00edk vypln\u00edm. <em>V\u017edy je co zlep\u0161ovat, p\u0159esto mi Va\u0161e \u0161kola dala do \u017eivota mnoho pozitivn\u00edch v\u011bc\u00ed. <\/em>Zdrav\u00edm a p\u0159eji mnoho \u00fasp\u011bch\u016f, pevn\u00e9 zdrav\u00ed a kr\u00e1sn\u00e9 sv\u00e1tky. S.S.<\/li>\n\n\n\n<li>Dobr\u00fd den, pane doc. Kodyme.\u00a0D\u011bkuji za zasl\u00e1n\u00ed dotazn\u00edku. Vypln\u00edm<em>. Jsem hrd\u00fd, \u017ee jsem mohl u V\u00e1s studovat. \u010clov\u011bk se c\u00edt\u00ed, \u017ee opravdu v oboru logistiky m\u016f\u017ee fungovat, orientovat se \u2013 kombinovat se \u017eeleznic\u00ed, rovn\u011b\u017e mnoho nov\u00fdch p\u0159edm\u011bt\u016f jako inovace a nov\u00e1 informatika byla u\u017eite\u010dn\u00e1. S dal\u0161\u00ed radost\u00ed pozoruji, jak i na \u017eeleznici rozv\u00edj\u00edte v\u00fduku cvi\u010dn\u00fdm s\u00e1lem.<\/em> S p\u0159\u00e1n\u00edm hezk\u00e9ho zbytku adventu a klidn\u00e9ho pro\u017eit\u00ed V\u00e1noc. V\u00e1\u0161 absolvent J.K.<\/li>\n\n\n\n<li>V\u00e1\u017een\u00fd pane docente, omlouv\u00e1m se za pozdn\u00ed reakci na Va\u0161i v\u00fdzvu. V\u00fdzkumn\u00e9ho \u0161et\u0159en\u00ed jsem se z\u00fa\u010dastnil hned n\u00e1sleduj\u00edc\u00ed den po obdr\u017een\u00ed Va\u0161eho emailu prost\u0159ednictv\u00edm odkazu n\u00ed\u017ee. Sou\u010dasn\u011b mi dovolte abych vyu\u017eil t\u00e9to p\u0159\u00edle\u017eitosti a pop\u0159\u00e1l V\u00e1m a cel\u00e9mu akademick\u00e9mu sboru do nov\u00e9ho roku hodn\u011b zdrav\u00ed, \u0161t\u011bst\u00ed a \u00fasp\u011bch\u016f nejen v profesn\u00edm \u017eivot\u011b ale zejm\u00e9na tak\u00e9 v osobn\u00edm \u017eivot\u011b.\u00a0S pozdravem, I.D.<\/li>\n\n\n\n<li>Dobr\u00fd den, dotazn\u00edk vypln\u011bn, jsem velmi pot\u011b\u0161ena za kontaktov\u00e1n\u00ed. P\u0159eji V\u00e1m kr\u00e1sn\u00e9 V\u00e1noce a mnoho dal\u0161\u00edch spokojen\u00fdch student\u016f. S\u00a0pozdravem Ing. M.Z.<\/li>\n\n\n\n<li>V\u00e1\u017een\u00fd pane docente, d\u011bkuji V\u00e1m za e-mail, v\u00fdzkumn\u00e9 \u0161et\u0159en\u00ed jsem vyplnil. Zdrav\u00edm V\u00e1s a p\u0159eji V\u00e1m klidn\u00e9 V\u00e1noce a \u00fasp\u011b\u0161n\u00fd start do nov\u00e9ho roku. P.O.<\/li>\n<\/ul>\n\n<p>R\u00e1d bych alespo\u0148 touto cestou pod\u011bkoval absolvent\u016fm za reakci nad r\u00e1mec samotn\u00e9ho \u0161et\u0159en\u00ed. V\u017edy jsem r\u00e1d, kdy\u017e absolventi jsou nejen ve sv\u00e9m profesn\u00edm \u017eivot\u011b \u00fasp\u011b\u0161n\u00ed.<\/p>\n\n<p>Pro \u00faplnost uv\u00e1d\u00edm, \u017ee na z\u00e1klad\u011b pravidel \u0161et\u0159en\u00ed byli osloveni i absolventi na\u0161eho bakal\u00e1\u0159sk\u00e9ho studia, kte\u0159\u00ed pokra\u010dovali nebo pokra\u010duj\u00ed v\u00a0na\u0161em studiu magistersk\u00e9m.<\/p>\n\n<p>P\u0159eji v\u0161em na\u0161im absolvent\u016fm i sou\u010dasn\u00fdm student\u016fm hodn\u011b zdrav\u00ed a spokojenosti v\u00a0nov\u00e9m roce!<\/p>\n\n<p>Old\u0159ich Kodym, prorektor pro studium<\/p>\n<div class=\"wp-block-image\">\n<figure class=\"alignleft size-full\"><img loading=\"lazy\" decoding=\"async\" width=\"596\" height=\"432\" src=\"https:\/\/vslg.cz\/wp-content\/uploads\/2023\/01\/Znak.png\" alt=\"\" class=\"wp-image-6537\" srcset=\"https:\/\/vslg.cz\/wp-content\/uploads\/2023\/01\/Znak.png 596w, https:\/\/vslg.cz\/wp-content\/uploads\/2023\/01\/Znak-300x217.png 300w\" sizes=\"auto, (max-width: 596px) 100vw, 596px\" \/><\/figure><\/div>","protected":false},"excerpt":{"rendered":"<p>V\u00a0tomto obdob\u00ed prob\u00edh\u00e1 v\u00fdzkumn\u00e9 \u0161et\u0159en\u00ed, jeho\u017e c\u00edlem je lep\u0161\u00ed pozn\u00e1n\u00ed \u017eivot\u016f a kari\u00e9r absolvent\u016f. V\u00a0jeho r\u00e1mci jsem za V\u0160LG oslovil 939 absolvent\u016f, kte\u0159\u00ed ukon\u010dili sv\u00e9 studium v posledn\u00edch letech. Je pro m\u011b p\u0159\u00edjemn\u00fdm zji\u0161t\u011bn\u00edm, \u017ee na\u0161e kontakty na absolventy jsou st\u00e1le aktu\u00e1ln\u00ed, sv\u00e9ho adres\u00e1ta nena\u0161lo pouze necel\u00fdch 40 mail\u016f. Term\u00edn pro \u00fa\u010dast absolvent\u016f v\u00a0\u0161et\u0159en\u00ed sice [&hellip;]<\/p>\n","protected":false},"featured_media":4161,"template":"","kategoria":[11,12],"mesto":[],"skola":[],"class_list":["post-7256","aktuality","type-aktuality","status-publish","has-post-thumbnail","hentry","kategoria-novinky","kategoria-podujatia"],"yoast_head":"<!-- This site is optimized with the Yoast SEO plugin v26.8 - https:\/\/yoast.com\/product\/yoast-seo-wordpress\/ -->\n<title>Spokojen\u00ed absolventi Vysok\u00e9 \u0161koly logistiky - Vysok\u00e1 \u0161kola logistiky o.p.s<\/title>\n<meta name=\"robots\" content=\"index, follow, max-snippet:-1, max-image-preview:large, max-video-preview:-1\" \/>\n<link rel=\"canonical\" href=\"https:\/\/vslg.cz\/sk\/aktuality\/spokojeni-absolventi-vysoke-skoly-logistiky\/\" \/>\n<meta property=\"og:locale\" content=\"sk_SK\" \/>\n<meta property=\"og:type\" content=\"article\" \/>\n<meta property=\"og:title\" content=\"Spokojen\u00ed absolventi Vysok\u00e9 \u0161koly logistiky - Vysok\u00e1 \u0161kola logistiky o.p.s\" \/>\n<meta property=\"og:description\" content=\"V\u00a0tomto obdob\u00ed prob\u00edh\u00e1 v\u00fdzkumn\u00e9 \u0161et\u0159en\u00ed, jeho\u017e c\u00edlem je lep\u0161\u00ed pozn\u00e1n\u00ed \u017eivot\u016f a kari\u00e9r absolvent\u016f. V\u00a0jeho r\u00e1mci jsem za V\u0160LG oslovil 939 absolvent\u016f, kte\u0159\u00ed ukon\u010dili sv\u00e9 studium v posledn\u00edch letech. Je pro m\u011b p\u0159\u00edjemn\u00fdm zji\u0161t\u011bn\u00edm, \u017ee na\u0161e kontakty na absolventy jsou st\u00e1le aktu\u00e1ln\u00ed, sv\u00e9ho adres\u00e1ta nena\u0161lo pouze necel\u00fdch 40 mail\u016f. Term\u00edn pro \u00fa\u010dast absolvent\u016f v\u00a0\u0161et\u0159en\u00ed sice [&hellip;]\" \/>\n<meta property=\"og:url\" content=\"https:\/\/vslg.cz\/sk\/aktuality\/spokojeni-absolventi-vysoke-skoly-logistiky\/\" \/>\n<meta property=\"og:site_name\" content=\"Vysok\u00e1 \u0161kola logistiky o.p.s\" \/>\n<meta property=\"og:image\" content=\"https:\/\/vslg.cz\/wp-content\/uploads\/2022\/02\/Screenshot-2022-02-01-at-17.07.49.png\" \/>\n\t<meta property=\"og:image:width\" content=\"1154\" \/>\n\t<meta property=\"og:image:height\" content=\"678\" \/>\n\t<meta property=\"og:image:type\" content=\"image\/png\" \/>\n<meta name=\"twitter:card\" content=\"summary_large_image\" \/>\n<meta name=\"twitter:label1\" content=\"Predpokladan\u00fd \u010das \u010d\u00edtania\" \/>\n\t<meta name=\"twitter:data1\" content=\"3 min\u00faty\" \/>\n<script type=\"application\/ld+json\" class=\"yoast-schema-graph\">{\"@context\":\"https:\/\/schema.org\",\"@graph\":[{\"@type\":\"WebPage\",\"@id\":\"https:\/\/vslg.cz\/sk\/aktuality\/spokojeni-absolventi-vysoke-skoly-logistiky\/\",\"url\":\"https:\/\/vslg.cz\/sk\/aktuality\/spokojeni-absolventi-vysoke-skoly-logistiky\/\",\"name\":\"Spokojen\u00ed absolventi Vysok\u00e9 \u0161koly logistiky - Vysok\u00e1 \u0161kola logistiky o.p.s\",\"isPartOf\":{\"@id\":\"https:\/\/vslg.cz\/sk\/#website\"},\"primaryImageOfPage\":{\"@id\":\"https:\/\/vslg.cz\/sk\/aktuality\/spokojeni-absolventi-vysoke-skoly-logistiky\/#primaryimage\"},\"image\":{\"@id\":\"https:\/\/vslg.cz\/sk\/aktuality\/spokojeni-absolventi-vysoke-skoly-logistiky\/#primaryimage\"},\"thumbnailUrl\":\"https:\/\/vslg.cz\/wp-content\/uploads\/2022\/02\/Screenshot-2022-02-01-at-17.07.49.png\",\"datePublished\":\"2023-03-21T13:16:50+00:00\",\"breadcrumb\":{\"@id\":\"https:\/\/vslg.cz\/sk\/aktuality\/spokojeni-absolventi-vysoke-skoly-logistiky\/#breadcrumb\"},\"inLanguage\":\"sk-SK\",\"potentialAction\":[{\"@type\":\"ReadAction\",\"target\":[\"https:\/\/vslg.cz\/sk\/aktuality\/spokojeni-absolventi-vysoke-skoly-logistiky\/\"]}]},{\"@type\":\"ImageObject\",\"inLanguage\":\"sk-SK\",\"@id\":\"https:\/\/vslg.cz\/sk\/aktuality\/spokojeni-absolventi-vysoke-skoly-logistiky\/#primaryimage\",\"url\":\"https:\/\/vslg.cz\/wp-content\/uploads\/2022\/02\/Screenshot-2022-02-01-at-17.07.49.png\",\"contentUrl\":\"https:\/\/vslg.cz\/wp-content\/uploads\/2022\/02\/Screenshot-2022-02-01-at-17.07.49.png\",\"width\":1154,\"height\":678},{\"@type\":\"BreadcrumbList\",\"@id\":\"https:\/\/vslg.cz\/sk\/aktuality\/spokojeni-absolventi-vysoke-skoly-logistiky\/#breadcrumb\",\"itemListElement\":[{\"@type\":\"ListItem\",\"position\":1,\"name\":\"Vysok\u00e1 \u0161kola logistiky\",\"item\":\"https:\/\/vslg.cz\/sk\/\"},{\"@type\":\"ListItem\",\"position\":2,\"name\":\"Aktuality\",\"item\":\"https:\/\/vslg.cz\/sk\/aktuality\/\"},{\"@type\":\"ListItem\",\"position\":3,\"name\":\"Spokojen\u00ed absolventi Vysok\u00e9 \u0161koly logistiky\"}]},{\"@type\":\"WebSite\",\"@id\":\"https:\/\/vslg.cz\/sk\/#website\",\"url\":\"https:\/\/vslg.cz\/sk\/\",\"name\":\"Vysok\u00e1 \u0161kola logistiky o.p.s\",\"description\":\"Kvalita. Prest\u00ed\u017e. \u00daspech. Prec\u00edznos\u0165.\",\"potentialAction\":[{\"@type\":\"SearchAction\",\"target\":{\"@type\":\"EntryPoint\",\"urlTemplate\":\"https:\/\/vslg.cz\/sk\/?s={search_term_string}\"},\"query-input\":{\"@type\":\"PropertyValueSpecification\",\"valueRequired\":true,\"valueName\":\"search_term_string\"}}],\"inLanguage\":\"sk-SK\"}]}<\/script>\n<!-- \/ Yoast SEO plugin. -->","yoast_head_json":{"title":"Spokojen\u00ed absolventi Vysok\u00e9 \u0161koly logistiky - Vysok\u00e1 \u0161kola logistiky o.p.s","robots":{"index":"index","follow":"follow","max-snippet":"max-snippet:-1","max-image-preview":"max-image-preview:large","max-video-preview":"max-video-preview:-1"},"canonical":"https:\/\/vslg.cz\/sk\/aktuality\/spokojeni-absolventi-vysoke-skoly-logistiky\/","og_locale":"sk_SK","og_type":"article","og_title":"Spokojen\u00ed absolventi Vysok\u00e9 \u0161koly logistiky - Vysok\u00e1 \u0161kola logistiky o.p.s","og_description":"V\u00a0tomto obdob\u00ed prob\u00edh\u00e1 v\u00fdzkumn\u00e9 \u0161et\u0159en\u00ed, jeho\u017e c\u00edlem je lep\u0161\u00ed pozn\u00e1n\u00ed \u017eivot\u016f a kari\u00e9r absolvent\u016f. V\u00a0jeho r\u00e1mci jsem za V\u0160LG oslovil 939 absolvent\u016f, kte\u0159\u00ed ukon\u010dili sv\u00e9 studium v posledn\u00edch letech. Je pro m\u011b p\u0159\u00edjemn\u00fdm zji\u0161t\u011bn\u00edm, \u017ee na\u0161e kontakty na absolventy jsou st\u00e1le aktu\u00e1ln\u00ed, sv\u00e9ho adres\u00e1ta nena\u0161lo pouze necel\u00fdch 40 mail\u016f. Term\u00edn pro \u00fa\u010dast absolvent\u016f v\u00a0\u0161et\u0159en\u00ed sice [&hellip;]","og_url":"https:\/\/vslg.cz\/sk\/aktuality\/spokojeni-absolventi-vysoke-skoly-logistiky\/","og_site_name":"Vysok\u00e1 \u0161kola logistiky o.p.s","og_image":[{"width":1154,"height":678,"url":"https:\/\/vslg.cz\/wp-content\/uploads\/2022\/02\/Screenshot-2022-02-01-at-17.07.49.png","type":"image\/png"}],"twitter_card":"summary_large_image","twitter_misc":{"Predpokladan\u00fd \u010das \u010d\u00edtania":"3 min\u00faty"},"schema":{"@context":"https:\/\/schema.org","@graph":[{"@type":"WebPage","@id":"https:\/\/vslg.cz\/sk\/aktuality\/spokojeni-absolventi-vysoke-skoly-logistiky\/","url":"https:\/\/vslg.cz\/sk\/aktuality\/spokojeni-absolventi-vysoke-skoly-logistiky\/","name":"Spokojen\u00ed absolventi Vysok\u00e9 \u0161koly logistiky - Vysok\u00e1 \u0161kola logistiky o.p.s","isPartOf":{"@id":"https:\/\/vslg.cz\/sk\/#website"},"primaryImageOfPage":{"@id":"https:\/\/vslg.cz\/sk\/aktuality\/spokojeni-absolventi-vysoke-skoly-logistiky\/#primaryimage"},"image":{"@id":"https:\/\/vslg.cz\/sk\/aktuality\/spokojeni-absolventi-vysoke-skoly-logistiky\/#primaryimage"},"thumbnailUrl":"https:\/\/vslg.cz\/wp-content\/uploads\/2022\/02\/Screenshot-2022-02-01-at-17.07.49.png","datePublished":"2023-03-21T13:16:50+00:00","breadcrumb":{"@id":"https:\/\/vslg.cz\/sk\/aktuality\/spokojeni-absolventi-vysoke-skoly-logistiky\/#breadcrumb"},"inLanguage":"sk-SK","potentialAction":[{"@type":"ReadAction","target":["https:\/\/vslg.cz\/sk\/aktuality\/spokojeni-absolventi-vysoke-skoly-logistiky\/"]}]},{"@type":"ImageObject","inLanguage":"sk-SK","@id":"https:\/\/vslg.cz\/sk\/aktuality\/spokojeni-absolventi-vysoke-skoly-logistiky\/#primaryimage","url":"https:\/\/vslg.cz\/wp-content\/uploads\/2022\/02\/Screenshot-2022-02-01-at-17.07.49.png","contentUrl":"https:\/\/vslg.cz\/wp-content\/uploads\/2022\/02\/Screenshot-2022-02-01-at-17.07.49.png","width":1154,"height":678},{"@type":"BreadcrumbList","@id":"https:\/\/vslg.cz\/sk\/aktuality\/spokojeni-absolventi-vysoke-skoly-logistiky\/#breadcrumb","itemListElement":[{"@type":"ListItem","position":1,"name":"Vysok\u00e1 \u0161kola logistiky","item":"https:\/\/vslg.cz\/sk\/"},{"@type":"ListItem","position":2,"name":"Aktuality","item":"https:\/\/vslg.cz\/sk\/aktuality\/"},{"@type":"ListItem","position":3,"name":"Spokojen\u00ed absolventi Vysok\u00e9 \u0161koly logistiky"}]},{"@type":"WebSite","@id":"https:\/\/vslg.cz\/sk\/#website","url":"https:\/\/vslg.cz\/sk\/","name":"Vysok\u00e1 \u0161kola logistiky o.p.s","description":"Kvalita. Prest\u00ed\u017e. \u00daspech. Prec\u00edznos\u0165.","potentialAction":[{"@type":"SearchAction","target":{"@type":"EntryPoint","urlTemplate":"https:\/\/vslg.cz\/sk\/?s={search_term_string}"},"query-input":{"@type":"PropertyValueSpecification","valueRequired":true,"valueName":"search_term_string"}}],"inLanguage":"sk-SK"}]}},"meta_box":[],"_links":{"self":[{"href":"https:\/\/vslg.cz\/sk\/wp-json\/wp\/v2\/aktuality\/7256","targetHints":{"allow":["GET"]}}],"collection":[{"href":"https:\/\/vslg.cz\/sk\/wp-json\/wp\/v2\/aktuality"}],"about":[{"href":"https:\/\/vslg.cz\/sk\/wp-json\/wp\/v2\/types\/aktuality"}],"version-history":[{"count":1,"href":"https:\/\/vslg.cz\/sk\/wp-json\/wp\/v2\/aktuality\/7256\/revisions"}],"predecessor-version":[{"id":7257,"href":"https:\/\/vslg.cz\/sk\/wp-json\/wp\/v2\/aktuality\/7256\/revisions\/7257"}],"wp:featuredmedia":[{"embeddable":true,"href":"https:\/\/vslg.cz\/sk\/wp-json\/wp\/v2\/media\/4161"}],"wp:attachment":[{"href":"https:\/\/vslg.cz\/sk\/wp-json\/wp\/v2\/media?parent=7256"}],"wp:term":[{"taxonomy":"kategoria","embeddable":true,"href":"https:\/\/vslg.cz\/sk\/wp-json\/wp\/v2\/kategoria?post=7256"},{"taxonomy":"mesto","embeddable":true,"href":"https:\/\/vslg.cz\/sk\/wp-json\/wp\/v2\/mesto?post=7256"},{"taxonomy":"skola","embeddable":true,"href":"https:\/\/vslg.cz\/sk\/wp-json\/wp\/v2\/skola?post=7256"}],"curies":[{"name":"wp","href":"https:\/\/api.w.org\/{rel}","templated":true}]}}