{"id":4540,"date":"2022-02-20T13:08:37","date_gmt":"2022-02-20T12:08:37","guid":{"rendered":"https:\/\/vslg.cz\/aktuality\/studentum-vslg-nabizime-pro-rozsireni-kompetenci-odborne-praktikum\/"},"modified":"2023-04-25T10:40:00","modified_gmt":"2023-04-25T08:40:00","slug":"studentum-vslg-nabizime-pro-rozsireni-kompetenci-odborne-praktikum","status":"publish","type":"aktuality","link":"https:\/\/vslg.cz\/sk\/aktuality\/studentum-vslg-nabizime-pro-rozsireni-kompetenci-odborne-praktikum\/","title":{"rendered":"Student\u016fm V\u0160LG nab\u00edz\u00edme pro roz\u0161\u00ed\u0159en\u00ed kompetenc\u00ed odborn\u00e9 praktikum"},"content":{"rendered":"\n<p>Vysok\u00e1 \u0161kola logistiky <strong>nab\u00edz\u00ed student\u016fm bakal\u00e1\u0159sk\u00e9ho studia v\u0161ech ro\u010dn\u00edk\u016f a\u00a0specializac\u00ed<\/strong>\u00a0v\u00a0akademick\u00e9m roce 2021\/2022 odbornou p\u0159\u00edpravu v\u00a0<strong>nepovinn\u00e9m p\u0159edm\u011btu Odborn\u00e9 praktikum.<\/strong><br\/>Tento p\u0159edm\u011bt je vyu\u010dov\u00e1n ve\u00a0spolupr\u00e1ci se Spr\u00e1vou \u017eeleznic, Oblastn\u00edm \u0159editelstv\u00edm Ostrava. V\u00fduka prob\u00edh\u00e1 v\u00a0P\u0159erov\u011b.<br\/>C\u00edlem p\u0159edm\u011btu je sezn\u00e1mit studenty s\u00a0problematikou \u0159\u00edzen\u00ed \u017eelezni\u010dn\u00ed dopravy a p\u0159ipravit je na\u00a0odborn\u00e9 zkou\u0161ky pot\u0159ebn\u00e9 pro mana\u017eersk\u00e9 funkce t\u00fdkaj\u00edc\u00ed se provozu \u017eelezni\u010dn\u00ed dopravy.<\/p>\n\n<p><strong><u>Spr\u00e1va \u017eeleznic, s. o., nab\u00edz\u00ed<\/u><\/strong>\u00a0\u00fasp\u011b\u0161n\u00fdm absolvent\u016fm odborn\u00e9 p\u0159\u00edpravy\u00a0<strong>po slo\u017een\u00ed p\u0159\u00edslu\u0161n\u00fdch odborn\u00fdch zkou\u0161ek:<\/strong><\/p>\n\n<ul class=\"wp-block-list\">\n<li>mo\u017enost brig\u00e1dy ji\u017e v\u00a0pr\u016fb\u011bhu studia a p\u0159es letn\u00ed pr\u00e1zdniny s\u00a0nadpr\u016fm\u011brnou hodinovou mzdou,<\/li>\n\n\n\n<li>po \u00fasp\u011b\u0161n\u00e9m ukon\u010den\u00ed vysoko\u0161kolsk\u00e9ho studia mo\u017enost p\u0159ijet\u00ed do\u00a0zam\u011bstn\u00e1n\u00ed,<\/li>\n\n\n\n<li>zaj\u00edmavou mana\u017eerskou pr\u00e1ci na\u00a0r\u016fzn\u00fdch pracovn\u00edch pozic\u00edch,<\/li>\n\n\n\n<li>zam\u011bstnaneck\u00e9 v\u00fdhody podle kolektivn\u00ed smlouvy.<\/li>\n<\/ul>\n\n<p>Z\u00e1jemci o tento bezplatn\u011b vyu\u010dovan\u00fd p\u0159edm\u011bt se mohou\u00a0<strong>do\u00a0<\/strong><strong>15.\u00a02.\u00a02022<\/strong>\u00a0hl\u00e1sit u Ing. Blanky Kalupov\u00e9, Ph.D., kancel\u00e1\u0159: 308\/309, tel.: 581\u00a0259\u00a0132 nebo 602\u00a0423\u00a0168, mail:\u00a0<a href=\"mailto:blanka.kalupova@vslg.cz\">blanka.kalupova@vslg.cz<\/a><\/p>\n\n<p><strong>Budoucnost pat\u0159\u00ed dispe\u010dersk\u00e9mu \u0159\u00edzen\u00ed provozu<\/strong><\/p>\n\n<p>Centr\u00e1ln\u00ed dispe\u010dersk\u00e9 pracovi\u0161t\u011b pro \u0159\u00edzen\u00ed \u017eelezni\u010dn\u00ed dopravy v\u00a0P\u0159erov\u011b<\/p>\n<div class=\"wp-block-image\">\n<figure class=\"aligncenter size-large\"><img loading=\"lazy\" decoding=\"async\" width=\"624\" height=\"468\" src=\"https:\/\/vslg.cz\/wp-content\/uploads\/2022\/02\/velin.png\" alt=\"\" class=\"wp-image-4309\" srcset=\"https:\/\/vslg.cz\/wp-content\/uploads\/2022\/02\/velin.png 624w, https:\/\/vslg.cz\/wp-content\/uploads\/2022\/02\/velin-300x225.png 300w\" sizes=\"auto, (max-width: 624px) 100vw, 624px\" \/><\/figure><\/div>\n<p class=\"has-text-align-left\">Informace o Spr\u00e1v\u011b \u017eeleznic, s.\u00a0o. lze z\u00edskat na\u00a0adrese\u00a0<a href=\"http:\/\/www.spravazeleznic.cz\/\">www.spravazeleznic.cz<\/a><\/p>\n\n<p>Organiza\u010dn\u00ed sch\u00e9ma Spr\u00e1vy \u017eeleznic<\/p>\n<div class=\"wp-block-image\">\n<figure class=\"aligncenter size-large\"><img loading=\"lazy\" decoding=\"async\" width=\"482\" height=\"217\" src=\"https:\/\/vslg.cz\/wp-content\/uploads\/2022\/02\/schema.png\" alt=\"\" class=\"wp-image-4314\" srcset=\"https:\/\/vslg.cz\/wp-content\/uploads\/2022\/02\/schema.png 482w, https:\/\/vslg.cz\/wp-content\/uploads\/2022\/02\/schema-300x135.png 300w\" sizes=\"auto, (max-width: 482px) 100vw, 482px\" \/><\/figure><\/div>","protected":false},"excerpt":{"rendered":"<p>Vysok\u00e1 \u0161kola logistiky nab\u00edz\u00ed student\u016fm bakal\u00e1\u0159sk\u00e9ho studia v\u0161ech ro\u010dn\u00edk\u016f a specializac\u00ed v akademick\u00e9m roce 2021\/2022 odbornou p\u0159\u00edpravu v nepovinn\u00e9m p\u0159edm\u011btu Odborn\u00e9 praktikum.<\/p>\n","protected":false},"featured_media":4161,"template":"","kategoria":[11],"mesto":[],"skola":[],"class_list":["post-4540","aktuality","type-aktuality","status-publish","has-post-thumbnail","hentry","kategoria-novinky"],"yoast_head":"<!-- This site is optimized with the Yoast SEO plugin v26.8 - https:\/\/yoast.com\/product\/yoast-seo-wordpress\/ -->\n<title>Student\u016fm V\u0160LG nab\u00edz\u00edme pro roz\u0161\u00ed\u0159en\u00ed kompetenc\u00ed odborn\u00e9 praktikum - Vysok\u00e1 \u0161kola logistiky o.p.s<\/title>\n<meta name=\"robots\" content=\"index, follow, max-snippet:-1, max-image-preview:large, max-video-preview:-1\" \/>\n<link rel=\"canonical\" href=\"https:\/\/vslg.cz\/sk\/aktuality\/studentum-vslg-nabizime-pro-rozsireni-kompetenci-odborne-praktikum\/\" \/>\n<meta property=\"og:locale\" content=\"sk_SK\" \/>\n<meta property=\"og:type\" content=\"article\" \/>\n<meta property=\"og:title\" content=\"Student\u016fm V\u0160LG nab\u00edz\u00edme pro roz\u0161\u00ed\u0159en\u00ed kompetenc\u00ed odborn\u00e9 praktikum - Vysok\u00e1 \u0161kola logistiky o.p.s\" \/>\n<meta property=\"og:description\" content=\"Vysok\u00e1 \u0161kola logistiky nab\u00edz\u00ed student\u016fm bakal\u00e1\u0159sk\u00e9ho studia v\u0161ech ro\u010dn\u00edk\u016f a specializac\u00ed v akademick\u00e9m roce 2021\/2022 odbornou p\u0159\u00edpravu v nepovinn\u00e9m p\u0159edm\u011btu Odborn\u00e9 praktikum.\" \/>\n<meta property=\"og:url\" content=\"https:\/\/vslg.cz\/sk\/aktuality\/studentum-vslg-nabizime-pro-rozsireni-kompetenci-odborne-praktikum\/\" \/>\n<meta property=\"og:site_name\" content=\"Vysok\u00e1 \u0161kola logistiky o.p.s\" \/>\n<meta property=\"article:modified_time\" content=\"2023-04-25T08:40:00+00:00\" \/>\n<meta property=\"og:image\" content=\"https:\/\/vslg.cz\/wp-content\/uploads\/2022\/02\/Screenshot-2022-02-01-at-17.07.49.png\" \/>\n\t<meta property=\"og:image:width\" content=\"1154\" \/>\n\t<meta property=\"og:image:height\" content=\"678\" \/>\n\t<meta property=\"og:image:type\" content=\"image\/png\" \/>\n<meta name=\"twitter:card\" content=\"summary_large_image\" \/>\n<meta name=\"twitter:label1\" content=\"Predpokladan\u00fd \u010das \u010d\u00edtania\" \/>\n\t<meta name=\"twitter:data1\" content=\"1 min\u00fata\" \/>\n<script type=\"application\/ld+json\" class=\"yoast-schema-graph\">{\"@context\":\"https:\/\/schema.org\",\"@graph\":[{\"@type\":\"WebPage\",\"@id\":\"https:\/\/vslg.cz\/sk\/aktuality\/studentum-vslg-nabizime-pro-rozsireni-kompetenci-odborne-praktikum\/\",\"url\":\"https:\/\/vslg.cz\/sk\/aktuality\/studentum-vslg-nabizime-pro-rozsireni-kompetenci-odborne-praktikum\/\",\"name\":\"Student\u016fm V\u0160LG nab\u00edz\u00edme pro roz\u0161\u00ed\u0159en\u00ed kompetenc\u00ed odborn\u00e9 praktikum - Vysok\u00e1 \u0161kola logistiky o.p.s\",\"isPartOf\":{\"@id\":\"https:\/\/vslg.cz\/sk\/#website\"},\"primaryImageOfPage\":{\"@id\":\"https:\/\/vslg.cz\/sk\/aktuality\/studentum-vslg-nabizime-pro-rozsireni-kompetenci-odborne-praktikum\/#primaryimage\"},\"image\":{\"@id\":\"https:\/\/vslg.cz\/sk\/aktuality\/studentum-vslg-nabizime-pro-rozsireni-kompetenci-odborne-praktikum\/#primaryimage\"},\"thumbnailUrl\":\"https:\/\/vslg.cz\/wp-content\/uploads\/2022\/02\/Screenshot-2022-02-01-at-17.07.49.png\",\"datePublished\":\"2022-02-20T12:08:37+00:00\",\"dateModified\":\"2023-04-25T08:40:00+00:00\",\"breadcrumb\":{\"@id\":\"https:\/\/vslg.cz\/sk\/aktuality\/studentum-vslg-nabizime-pro-rozsireni-kompetenci-odborne-praktikum\/#breadcrumb\"},\"inLanguage\":\"sk-SK\",\"potentialAction\":[{\"@type\":\"ReadAction\",\"target\":[\"https:\/\/vslg.cz\/sk\/aktuality\/studentum-vslg-nabizime-pro-rozsireni-kompetenci-odborne-praktikum\/\"]}]},{\"@type\":\"ImageObject\",\"inLanguage\":\"sk-SK\",\"@id\":\"https:\/\/vslg.cz\/sk\/aktuality\/studentum-vslg-nabizime-pro-rozsireni-kompetenci-odborne-praktikum\/#primaryimage\",\"url\":\"https:\/\/vslg.cz\/wp-content\/uploads\/2022\/02\/Screenshot-2022-02-01-at-17.07.49.png\",\"contentUrl\":\"https:\/\/vslg.cz\/wp-content\/uploads\/2022\/02\/Screenshot-2022-02-01-at-17.07.49.png\",\"width\":1154,\"height\":678},{\"@type\":\"BreadcrumbList\",\"@id\":\"https:\/\/vslg.cz\/sk\/aktuality\/studentum-vslg-nabizime-pro-rozsireni-kompetenci-odborne-praktikum\/#breadcrumb\",\"itemListElement\":[{\"@type\":\"ListItem\",\"position\":1,\"name\":\"Vysok\u00e1 \u0161kola logistiky\",\"item\":\"https:\/\/vslg.cz\/sk\/\"},{\"@type\":\"ListItem\",\"position\":2,\"name\":\"Aktuality\",\"item\":\"https:\/\/vslg.cz\/sk\/aktuality\/\"},{\"@type\":\"ListItem\",\"position\":3,\"name\":\"Novinky\",\"item\":\"https:\/\/vslg.cz\/sk\/kategoria\/novinky\/\"},{\"@type\":\"ListItem\",\"position\":4,\"name\":\"Student\u016fm V\u0160LG nab\u00edz\u00edme pro roz\u0161\u00ed\u0159en\u00ed kompetenc\u00ed odborn\u00e9 praktikum\"}]},{\"@type\":\"WebSite\",\"@id\":\"https:\/\/vslg.cz\/sk\/#website\",\"url\":\"https:\/\/vslg.cz\/sk\/\",\"name\":\"Vysok\u00e1 \u0161kola logistiky o.p.s\",\"description\":\"Kvalita. Prest\u00ed\u017e. \u00daspech. Prec\u00edznos\u0165.\",\"potentialAction\":[{\"@type\":\"SearchAction\",\"target\":{\"@type\":\"EntryPoint\",\"urlTemplate\":\"https:\/\/vslg.cz\/sk\/?s={search_term_string}\"},\"query-input\":{\"@type\":\"PropertyValueSpecification\",\"valueRequired\":true,\"valueName\":\"search_term_string\"}}],\"inLanguage\":\"sk-SK\"}]}<\/script>\n<!-- \/ Yoast SEO plugin. -->","yoast_head_json":{"title":"Student\u016fm V\u0160LG nab\u00edz\u00edme pro roz\u0161\u00ed\u0159en\u00ed kompetenc\u00ed odborn\u00e9 praktikum - Vysok\u00e1 \u0161kola logistiky o.p.s","robots":{"index":"index","follow":"follow","max-snippet":"max-snippet:-1","max-image-preview":"max-image-preview:large","max-video-preview":"max-video-preview:-1"},"canonical":"https:\/\/vslg.cz\/sk\/aktuality\/studentum-vslg-nabizime-pro-rozsireni-kompetenci-odborne-praktikum\/","og_locale":"sk_SK","og_type":"article","og_title":"Student\u016fm V\u0160LG nab\u00edz\u00edme pro roz\u0161\u00ed\u0159en\u00ed kompetenc\u00ed odborn\u00e9 praktikum - Vysok\u00e1 \u0161kola logistiky o.p.s","og_description":"Vysok\u00e1 \u0161kola logistiky nab\u00edz\u00ed student\u016fm bakal\u00e1\u0159sk\u00e9ho studia v\u0161ech ro\u010dn\u00edk\u016f a specializac\u00ed v akademick\u00e9m roce 2021\/2022 odbornou p\u0159\u00edpravu v nepovinn\u00e9m p\u0159edm\u011btu Odborn\u00e9 praktikum.","og_url":"https:\/\/vslg.cz\/sk\/aktuality\/studentum-vslg-nabizime-pro-rozsireni-kompetenci-odborne-praktikum\/","og_site_name":"Vysok\u00e1 \u0161kola logistiky o.p.s","article_modified_time":"2023-04-25T08:40:00+00:00","og_image":[{"width":1154,"height":678,"url":"https:\/\/vslg.cz\/wp-content\/uploads\/2022\/02\/Screenshot-2022-02-01-at-17.07.49.png","type":"image\/png"}],"twitter_card":"summary_large_image","twitter_misc":{"Predpokladan\u00fd \u010das \u010d\u00edtania":"1 min\u00fata"},"schema":{"@context":"https:\/\/schema.org","@graph":[{"@type":"WebPage","@id":"https:\/\/vslg.cz\/sk\/aktuality\/studentum-vslg-nabizime-pro-rozsireni-kompetenci-odborne-praktikum\/","url":"https:\/\/vslg.cz\/sk\/aktuality\/studentum-vslg-nabizime-pro-rozsireni-kompetenci-odborne-praktikum\/","name":"Student\u016fm V\u0160LG nab\u00edz\u00edme pro roz\u0161\u00ed\u0159en\u00ed kompetenc\u00ed odborn\u00e9 praktikum - Vysok\u00e1 \u0161kola logistiky o.p.s","isPartOf":{"@id":"https:\/\/vslg.cz\/sk\/#website"},"primaryImageOfPage":{"@id":"https:\/\/vslg.cz\/sk\/aktuality\/studentum-vslg-nabizime-pro-rozsireni-kompetenci-odborne-praktikum\/#primaryimage"},"image":{"@id":"https:\/\/vslg.cz\/sk\/aktuality\/studentum-vslg-nabizime-pro-rozsireni-kompetenci-odborne-praktikum\/#primaryimage"},"thumbnailUrl":"https:\/\/vslg.cz\/wp-content\/uploads\/2022\/02\/Screenshot-2022-02-01-at-17.07.49.png","datePublished":"2022-02-20T12:08:37+00:00","dateModified":"2023-04-25T08:40:00+00:00","breadcrumb":{"@id":"https:\/\/vslg.cz\/sk\/aktuality\/studentum-vslg-nabizime-pro-rozsireni-kompetenci-odborne-praktikum\/#breadcrumb"},"inLanguage":"sk-SK","potentialAction":[{"@type":"ReadAction","target":["https:\/\/vslg.cz\/sk\/aktuality\/studentum-vslg-nabizime-pro-rozsireni-kompetenci-odborne-praktikum\/"]}]},{"@type":"ImageObject","inLanguage":"sk-SK","@id":"https:\/\/vslg.cz\/sk\/aktuality\/studentum-vslg-nabizime-pro-rozsireni-kompetenci-odborne-praktikum\/#primaryimage","url":"https:\/\/vslg.cz\/wp-content\/uploads\/2022\/02\/Screenshot-2022-02-01-at-17.07.49.png","contentUrl":"https:\/\/vslg.cz\/wp-content\/uploads\/2022\/02\/Screenshot-2022-02-01-at-17.07.49.png","width":1154,"height":678},{"@type":"BreadcrumbList","@id":"https:\/\/vslg.cz\/sk\/aktuality\/studentum-vslg-nabizime-pro-rozsireni-kompetenci-odborne-praktikum\/#breadcrumb","itemListElement":[{"@type":"ListItem","position":1,"name":"Vysok\u00e1 \u0161kola logistiky","item":"https:\/\/vslg.cz\/sk\/"},{"@type":"ListItem","position":2,"name":"Aktuality","item":"https:\/\/vslg.cz\/sk\/aktuality\/"},{"@type":"ListItem","position":3,"name":"Novinky","item":"https:\/\/vslg.cz\/sk\/kategoria\/novinky\/"},{"@type":"ListItem","position":4,"name":"Student\u016fm V\u0160LG nab\u00edz\u00edme pro roz\u0161\u00ed\u0159en\u00ed kompetenc\u00ed odborn\u00e9 praktikum"}]},{"@type":"WebSite","@id":"https:\/\/vslg.cz\/sk\/#website","url":"https:\/\/vslg.cz\/sk\/","name":"Vysok\u00e1 \u0161kola logistiky o.p.s","description":"Kvalita. Prest\u00ed\u017e. \u00daspech. Prec\u00edznos\u0165.","potentialAction":[{"@type":"SearchAction","target":{"@type":"EntryPoint","urlTemplate":"https:\/\/vslg.cz\/sk\/?s={search_term_string}"},"query-input":{"@type":"PropertyValueSpecification","valueRequired":true,"valueName":"search_term_string"}}],"inLanguage":"sk-SK"}]}},"meta_box":[],"_links":{"self":[{"href":"https:\/\/vslg.cz\/sk\/wp-json\/wp\/v2\/aktuality\/4540","targetHints":{"allow":["GET"]}}],"collection":[{"href":"https:\/\/vslg.cz\/sk\/wp-json\/wp\/v2\/aktuality"}],"about":[{"href":"https:\/\/vslg.cz\/sk\/wp-json\/wp\/v2\/types\/aktuality"}],"version-history":[{"count":2,"href":"https:\/\/vslg.cz\/sk\/wp-json\/wp\/v2\/aktuality\/4540\/revisions"}],"predecessor-version":[{"id":7674,"href":"https:\/\/vslg.cz\/sk\/wp-json\/wp\/v2\/aktuality\/4540\/revisions\/7674"}],"wp:featuredmedia":[{"embeddable":true,"href":"https:\/\/vslg.cz\/sk\/wp-json\/wp\/v2\/media\/4161"}],"wp:attachment":[{"href":"https:\/\/vslg.cz\/sk\/wp-json\/wp\/v2\/media?parent=4540"}],"wp:term":[{"taxonomy":"kategoria","embeddable":true,"href":"https:\/\/vslg.cz\/sk\/wp-json\/wp\/v2\/kategoria?post=4540"},{"taxonomy":"mesto","embeddable":true,"href":"https:\/\/vslg.cz\/sk\/wp-json\/wp\/v2\/mesto?post=4540"},{"taxonomy":"skola","embeddable":true,"href":"https:\/\/vslg.cz\/sk\/wp-json\/wp\/v2\/skola?post=4540"}],"curies":[{"name":"wp","href":"https:\/\/api.w.org\/{rel}","templated":true}]}}