{"id":13176,"date":"2026-04-13T08:45:00","date_gmt":"2026-04-13T06:45:00","guid":{"rendered":"https:\/\/vslg.cz\/?post_type=aktuality&#038;p=13176"},"modified":"2026-04-14T11:40:09","modified_gmt":"2026-04-14T09:40:09","slug":"dni-otvorenych-dveri-2","status":"publish","type":"aktuality","link":"https:\/\/vslg.cz\/sk\/aktuality\/dni-otvorenych-dveri-2\/","title":{"rendered":"Dni otvoren\u00fdch dver\u00ed"},"content":{"rendered":"\n<p>Zauj\u00edma v\u00e1s, ako vyzeraj\u00fa priestory V\u0160LG? Chcete spozna\u0165 prostredie, kde prebieha v\u00fdu\u010dba? Chcete sa stretn\u00fa\u0165 so z\u00e1stupcami \u0161koly? Potom sa na v\u00e1s te\u0161\u00edme na Dni otvoren\u00fdch dver\u00ed Vysokej \u0161koly logistiky.<\/p>\n\n\n\n<p><strong>Term\u00edny v\u0161etk\u00fdch DOD:<\/strong><\/p>\n\n\n\n<p><strong>P\u0159erov, Palack\u00e9hoho 1381\/25<\/strong><\/p>\n\n\n\n<p><strong>v \u00fater\u00fd<\/strong> <strong>v \u010d<\/strong><strong>ase od 14:00 do 17:00 hodin<\/strong><\/p>\n\n\n\n<ul class=\"wp-block-list\">\n<li>26. 9. 2025; 4. 11. 2025; 9. 12. 2025; 6. 1. 2026; 3. 2. 2026; 3. 3. 2026; 14. 4. 2026;<strong> 5. 5. 2026; 9. 6. 2026; 15. 9. 2026<\/strong><\/li>\n<\/ul>\n\n\n\n<p><strong>v sobotu v \u010dase od 8:30 do 12:00 hodin<\/strong><\/p>\n\n\n\n<ul class=\"wp-block-list\">\n<li>18. 10. 2025; 15. 11. 2025; 13. 12. 2025; 10. 1. 2026; 21. 2. 2026; 7. 3. 2026; 11. 4. 2026;<strong> 16. 5. 2026<\/strong><\/li>\n<\/ul>\n\n\n\n<p><strong>EC Praha, Vinohradsk\u00e1 1632\/180, 2. patro<\/strong><\/p>\n\n\n\n<p><strong>ve \u010dtvrtek <\/strong><strong>v \u010dase od 13:00 do 15:00<\/strong> <strong>hodin<\/strong><\/p>\n\n\n\n<ul class=\"wp-block-list\">\n<li>13. 11. 2025; 11. 12. 2025; 8. 1. 2026; 5. 2. 2026; 5. 3. 2026; 16. 4. 2026;<strong> 14. 5. 2026; 4. 6. 2026<\/strong><\/li>\n<\/ul>\n\n\n\n<p><strong>v sobotu v \u010dase od 11:00 do 14:00<\/strong> <strong>hodin<\/strong> (pri pr\u00edchode k budove volajte tel. 603 437 165)<\/p>\n\n\n\n<ul class=\"wp-block-list\">\n<li>14. 2. 2026; 14. 3. 2026; 11. 4. 2026;<strong> 16. 5. 2026; 20. 6. 2026<\/strong><\/li>\n<\/ul>\n\n\n\n<p><strong>EC Bratislava, Tower 115 &#8211; Pribinova 25, 811 09 Bratislava, 3. patro<\/strong><\/p>\n\n\n\n<p><strong>v p\u00e1tek v \u010dase od 14:00 do 16:00 hodin<\/strong><\/p>\n\n\n\n<ul class=\"wp-block-list\">\n<li>20. 2. 2026<\/li>\n<\/ul>\n\n\n\n<p><strong>v sobotu v \u010dase od 11:00 do 14:30 hodin<\/strong><\/p>\n\n\n\n<ul class=\"wp-block-list\">\n<li><strong>25. 4. 2026<\/strong>; <strong>21. 5. 2026<\/strong><\/li>\n<\/ul>\n\n\n\n<p><strong>N\u00e1v\u0161tevy \u0161k\u00f4l s\u00fa mo\u017en\u00e9 po individu\u00e1lnom dohovore so \u0161tudijn\u00fdm oddelen\u00edm na emaili:&nbsp;<\/strong><a href=\"mailto:studijni@vslg.cz\">studijni@vslg.cz<\/a><\/p>\n\n\n\n<p><\/p>\n","protected":false},"excerpt":{"rendered":"<p>Zauj\u00edma v\u00e1s, ako vyzeraj\u00fa priestory V\u0160LG? Chcete spozna\u0165 prostredie, kde prebieha v\u00fdu\u010dba? Chcete sa stretn\u00fa\u0165 so z\u00e1stupcami \u0161koly? Potom sa na v\u00e1s te\u0161\u00edme na Dni otvoren\u00fdch dver\u00ed Vysokej \u0161koly logistiky. Term\u00edny v\u0161etk\u00fdch DOD: P\u0159erov, Palack\u00e9hoho 1381\/25 v \u00fater\u00fd v \u010dase od 14:00 do 17:00 hodin v sobotu v \u010dase od 8:30 do 12:00 hodin EC [&hellip;]<\/p>\n","protected":false},"featured_media":10062,"template":"","kategoria":[11,12],"mesto":[],"skola":[],"class_list":["post-13176","aktuality","type-aktuality","status-publish","has-post-thumbnail","hentry","kategoria-novinky","kategoria-podujatia"],"yoast_head":"<!-- This site is optimized with the Yoast SEO plugin v26.8 - https:\/\/yoast.com\/product\/yoast-seo-wordpress\/ -->\n<title>Dni otvoren\u00fdch dver\u00ed - Vysok\u00e1 \u0161kola logistiky o.p.s<\/title>\n<meta name=\"robots\" content=\"index, follow, max-snippet:-1, max-image-preview:large, max-video-preview:-1\" \/>\n<link rel=\"canonical\" href=\"https:\/\/vslg.cz\/sk\/aktuality\/dni-otvorenych-dveri-2\/\" \/>\n<meta property=\"og:locale\" content=\"sk_SK\" \/>\n<meta property=\"og:type\" content=\"article\" \/>\n<meta property=\"og:title\" content=\"Dni otvoren\u00fdch dver\u00ed - Vysok\u00e1 \u0161kola logistiky o.p.s\" \/>\n<meta property=\"og:description\" content=\"Zauj\u00edma v\u00e1s, ako vyzeraj\u00fa priestory V\u0160LG? Chcete spozna\u0165 prostredie, kde prebieha v\u00fdu\u010dba? Chcete sa stretn\u00fa\u0165 so z\u00e1stupcami \u0161koly? Potom sa na v\u00e1s te\u0161\u00edme na Dni otvoren\u00fdch dver\u00ed Vysokej \u0161koly logistiky. Term\u00edny v\u0161etk\u00fdch DOD: P\u0159erov, Palack\u00e9hoho 1381\/25 v \u00fater\u00fd v \u010dase od 14:00 do 17:00 hodin v sobotu v \u010dase od 8:30 do 12:00 hodin EC [&hellip;]\" \/>\n<meta property=\"og:url\" content=\"https:\/\/vslg.cz\/sk\/aktuality\/dni-otvorenych-dveri-2\/\" \/>\n<meta property=\"og:site_name\" content=\"Vysok\u00e1 \u0161kola logistiky o.p.s\" \/>\n<meta property=\"article:modified_time\" content=\"2026-04-14T09:40:09+00:00\" \/>\n<meta property=\"og:image\" content=\"https:\/\/vslg.cz\/wp-content\/uploads\/2024\/04\/IMG_20240418_113114-scaled.jpg\" \/>\n\t<meta property=\"og:image:width\" content=\"2560\" \/>\n\t<meta property=\"og:image:height\" content=\"1439\" \/>\n\t<meta property=\"og:image:type\" content=\"image\/jpeg\" \/>\n<meta name=\"twitter:card\" content=\"summary_large_image\" \/>\n<meta name=\"twitter:label1\" content=\"Predpokladan\u00fd \u010das \u010d\u00edtania\" \/>\n\t<meta name=\"twitter:data1\" content=\"2 min\u00faty\" \/>\n<script type=\"application\/ld+json\" class=\"yoast-schema-graph\">{\"@context\":\"https:\/\/schema.org\",\"@graph\":[{\"@type\":\"WebPage\",\"@id\":\"https:\/\/vslg.cz\/sk\/aktuality\/dni-otvorenych-dveri-2\/\",\"url\":\"https:\/\/vslg.cz\/sk\/aktuality\/dni-otvorenych-dveri-2\/\",\"name\":\"Dni otvoren\u00fdch dver\u00ed - Vysok\u00e1 \u0161kola logistiky o.p.s\",\"isPartOf\":{\"@id\":\"https:\/\/vslg.cz\/sk\/#website\"},\"primaryImageOfPage\":{\"@id\":\"https:\/\/vslg.cz\/sk\/aktuality\/dni-otvorenych-dveri-2\/#primaryimage\"},\"image\":{\"@id\":\"https:\/\/vslg.cz\/sk\/aktuality\/dni-otvorenych-dveri-2\/#primaryimage\"},\"thumbnailUrl\":\"https:\/\/vslg.cz\/wp-content\/uploads\/2024\/04\/IMG_20240418_113114-scaled.jpg\",\"datePublished\":\"2026-04-13T06:45:00+00:00\",\"dateModified\":\"2026-04-14T09:40:09+00:00\",\"breadcrumb\":{\"@id\":\"https:\/\/vslg.cz\/sk\/aktuality\/dni-otvorenych-dveri-2\/#breadcrumb\"},\"inLanguage\":\"sk-SK\",\"potentialAction\":[{\"@type\":\"ReadAction\",\"target\":[\"https:\/\/vslg.cz\/sk\/aktuality\/dni-otvorenych-dveri-2\/\"]}]},{\"@type\":\"ImageObject\",\"inLanguage\":\"sk-SK\",\"@id\":\"https:\/\/vslg.cz\/sk\/aktuality\/dni-otvorenych-dveri-2\/#primaryimage\",\"url\":\"https:\/\/vslg.cz\/wp-content\/uploads\/2024\/04\/IMG_20240418_113114-scaled.jpg\",\"contentUrl\":\"https:\/\/vslg.cz\/wp-content\/uploads\/2024\/04\/IMG_20240418_113114-scaled.jpg\",\"width\":2560,\"height\":1439},{\"@type\":\"BreadcrumbList\",\"@id\":\"https:\/\/vslg.cz\/sk\/aktuality\/dni-otvorenych-dveri-2\/#breadcrumb\",\"itemListElement\":[{\"@type\":\"ListItem\",\"position\":1,\"name\":\"Vysok\u00e1 \u0161kola logistiky\",\"item\":\"https:\/\/vslg.cz\/sk\/\"},{\"@type\":\"ListItem\",\"position\":2,\"name\":\"Aktuality\",\"item\":\"https:\/\/vslg.cz\/sk\/aktuality\/\"},{\"@type\":\"ListItem\",\"position\":3,\"name\":\"Novinky\",\"item\":\"https:\/\/vslg.cz\/sk\/kategoria\/novinky\/\"},{\"@type\":\"ListItem\",\"position\":4,\"name\":\"Dni otvoren\u00fdch dver\u00ed\"}]},{\"@type\":\"WebSite\",\"@id\":\"https:\/\/vslg.cz\/sk\/#website\",\"url\":\"https:\/\/vslg.cz\/sk\/\",\"name\":\"Vysok\u00e1 \u0161kola logistiky o.p.s\",\"description\":\"Kvalita. Prest\u00ed\u017e. \u00daspech. Prec\u00edznos\u0165.\",\"potentialAction\":[{\"@type\":\"SearchAction\",\"target\":{\"@type\":\"EntryPoint\",\"urlTemplate\":\"https:\/\/vslg.cz\/sk\/?s={search_term_string}\"},\"query-input\":{\"@type\":\"PropertyValueSpecification\",\"valueRequired\":true,\"valueName\":\"search_term_string\"}}],\"inLanguage\":\"sk-SK\"}]}<\/script>\n<!-- \/ Yoast SEO plugin. -->","yoast_head_json":{"title":"Dni otvoren\u00fdch dver\u00ed - Vysok\u00e1 \u0161kola logistiky o.p.s","robots":{"index":"index","follow":"follow","max-snippet":"max-snippet:-1","max-image-preview":"max-image-preview:large","max-video-preview":"max-video-preview:-1"},"canonical":"https:\/\/vslg.cz\/sk\/aktuality\/dni-otvorenych-dveri-2\/","og_locale":"sk_SK","og_type":"article","og_title":"Dni otvoren\u00fdch dver\u00ed - Vysok\u00e1 \u0161kola logistiky o.p.s","og_description":"Zauj\u00edma v\u00e1s, ako vyzeraj\u00fa priestory V\u0160LG? Chcete spozna\u0165 prostredie, kde prebieha v\u00fdu\u010dba? Chcete sa stretn\u00fa\u0165 so z\u00e1stupcami \u0161koly? Potom sa na v\u00e1s te\u0161\u00edme na Dni otvoren\u00fdch dver\u00ed Vysokej \u0161koly logistiky. Term\u00edny v\u0161etk\u00fdch DOD: P\u0159erov, Palack\u00e9hoho 1381\/25 v \u00fater\u00fd v \u010dase od 14:00 do 17:00 hodin v sobotu v \u010dase od 8:30 do 12:00 hodin EC [&hellip;]","og_url":"https:\/\/vslg.cz\/sk\/aktuality\/dni-otvorenych-dveri-2\/","og_site_name":"Vysok\u00e1 \u0161kola logistiky o.p.s","article_modified_time":"2026-04-14T09:40:09+00:00","og_image":[{"width":2560,"height":1439,"url":"https:\/\/vslg.cz\/wp-content\/uploads\/2024\/04\/IMG_20240418_113114-scaled.jpg","type":"image\/jpeg"}],"twitter_card":"summary_large_image","twitter_misc":{"Predpokladan\u00fd \u010das \u010d\u00edtania":"2 min\u00faty"},"schema":{"@context":"https:\/\/schema.org","@graph":[{"@type":"WebPage","@id":"https:\/\/vslg.cz\/sk\/aktuality\/dni-otvorenych-dveri-2\/","url":"https:\/\/vslg.cz\/sk\/aktuality\/dni-otvorenych-dveri-2\/","name":"Dni otvoren\u00fdch dver\u00ed - Vysok\u00e1 \u0161kola logistiky o.p.s","isPartOf":{"@id":"https:\/\/vslg.cz\/sk\/#website"},"primaryImageOfPage":{"@id":"https:\/\/vslg.cz\/sk\/aktuality\/dni-otvorenych-dveri-2\/#primaryimage"},"image":{"@id":"https:\/\/vslg.cz\/sk\/aktuality\/dni-otvorenych-dveri-2\/#primaryimage"},"thumbnailUrl":"https:\/\/vslg.cz\/wp-content\/uploads\/2024\/04\/IMG_20240418_113114-scaled.jpg","datePublished":"2026-04-13T06:45:00+00:00","dateModified":"2026-04-14T09:40:09+00:00","breadcrumb":{"@id":"https:\/\/vslg.cz\/sk\/aktuality\/dni-otvorenych-dveri-2\/#breadcrumb"},"inLanguage":"sk-SK","potentialAction":[{"@type":"ReadAction","target":["https:\/\/vslg.cz\/sk\/aktuality\/dni-otvorenych-dveri-2\/"]}]},{"@type":"ImageObject","inLanguage":"sk-SK","@id":"https:\/\/vslg.cz\/sk\/aktuality\/dni-otvorenych-dveri-2\/#primaryimage","url":"https:\/\/vslg.cz\/wp-content\/uploads\/2024\/04\/IMG_20240418_113114-scaled.jpg","contentUrl":"https:\/\/vslg.cz\/wp-content\/uploads\/2024\/04\/IMG_20240418_113114-scaled.jpg","width":2560,"height":1439},{"@type":"BreadcrumbList","@id":"https:\/\/vslg.cz\/sk\/aktuality\/dni-otvorenych-dveri-2\/#breadcrumb","itemListElement":[{"@type":"ListItem","position":1,"name":"Vysok\u00e1 \u0161kola logistiky","item":"https:\/\/vslg.cz\/sk\/"},{"@type":"ListItem","position":2,"name":"Aktuality","item":"https:\/\/vslg.cz\/sk\/aktuality\/"},{"@type":"ListItem","position":3,"name":"Novinky","item":"https:\/\/vslg.cz\/sk\/kategoria\/novinky\/"},{"@type":"ListItem","position":4,"name":"Dni otvoren\u00fdch dver\u00ed"}]},{"@type":"WebSite","@id":"https:\/\/vslg.cz\/sk\/#website","url":"https:\/\/vslg.cz\/sk\/","name":"Vysok\u00e1 \u0161kola logistiky o.p.s","description":"Kvalita. Prest\u00ed\u017e. \u00daspech. Prec\u00edznos\u0165.","potentialAction":[{"@type":"SearchAction","target":{"@type":"EntryPoint","urlTemplate":"https:\/\/vslg.cz\/sk\/?s={search_term_string}"},"query-input":{"@type":"PropertyValueSpecification","valueRequired":true,"valueName":"search_term_string"}}],"inLanguage":"sk-SK"}]}},"meta_box":[],"_links":{"self":[{"href":"https:\/\/vslg.cz\/sk\/wp-json\/wp\/v2\/aktuality\/13176","targetHints":{"allow":["GET"]}}],"collection":[{"href":"https:\/\/vslg.cz\/sk\/wp-json\/wp\/v2\/aktuality"}],"about":[{"href":"https:\/\/vslg.cz\/sk\/wp-json\/wp\/v2\/types\/aktuality"}],"version-history":[{"count":7,"href":"https:\/\/vslg.cz\/sk\/wp-json\/wp\/v2\/aktuality\/13176\/revisions"}],"predecessor-version":[{"id":14522,"href":"https:\/\/vslg.cz\/sk\/wp-json\/wp\/v2\/aktuality\/13176\/revisions\/14522"}],"wp:featuredmedia":[{"embeddable":true,"href":"https:\/\/vslg.cz\/sk\/wp-json\/wp\/v2\/media\/10062"}],"wp:attachment":[{"href":"https:\/\/vslg.cz\/sk\/wp-json\/wp\/v2\/media?parent=13176"}],"wp:term":[{"taxonomy":"kategoria","embeddable":true,"href":"https:\/\/vslg.cz\/sk\/wp-json\/wp\/v2\/kategoria?post=13176"},{"taxonomy":"mesto","embeddable":true,"href":"https:\/\/vslg.cz\/sk\/wp-json\/wp\/v2\/mesto?post=13176"},{"taxonomy":"skola","embeddable":true,"href":"https:\/\/vslg.cz\/sk\/wp-json\/wp\/v2\/skola?post=13176"}],"curies":[{"name":"wp","href":"https:\/\/api.w.org\/{rel}","templated":true}]}}