{"version":"1.0","provider_name":"Vysok\u00e1 \u0161kola logistiky o.p.s","provider_url":"https:\/\/vslg.cz\/sk\/","title":"POZV\u00c1NKA NA ODBORNOU P\u0158EDN\u00c1\u0160KU\u201eHistorie dopravy z ekonomick\u00e9ho pohledu\u201c - Vysok\u00e1 \u0161kola logistiky o.p.s","type":"rich","width":600,"height":338,"html":"<blockquote class=\"wp-embedded-content\" data-secret=\"GqrgaZll6B\"><a href=\"https:\/\/vslg.cz\/sk\/aktuality\/pozvanka-na-odbornou-prednaskuhistorie-dopravy-z-ekonomickeho-pohledu\/\">POZV\u00c1NKA NA ODBORNOU P\u0158EDN\u00c1\u0160KU<br>\u201eHistorie dopravy z ekonomick\u00e9ho pohledu\u201c<\/a><\/blockquote><iframe sandbox=\"allow-scripts\" security=\"restricted\" src=\"https:\/\/vslg.cz\/sk\/aktuality\/pozvanka-na-odbornou-prednaskuhistorie-dopravy-z-ekonomickeho-pohledu\/embed\/#?secret=GqrgaZll6B\" width=\"600\" height=\"338\" title=\"&#8220;POZV\u00c1NKA NA ODBORNOU P\u0158EDN\u00c1\u0160KU&lt;br&gt;\u201eHistorie dopravy z ekonomick\u00e9ho pohledu\u201c&#8221; &#8212; Vysok\u00e1 \u0161kola logistiky o.p.s\" data-secret=\"GqrgaZll6B\" frameborder=\"0\" marginwidth=\"0\" marginheight=\"0\" scrolling=\"no\" class=\"wp-embedded-content\"><\/iframe><script type=\"text\/javascript\">\n\/* <![CDATA[ *\/\n\/*! This file is auto-generated *\/\n!function(d,l){\"use strict\";l.querySelector&&d.addEventListener&&\"undefined\"!=typeof URL&&(d.wp=d.wp||{},d.wp.receiveEmbedMessage||(d.wp.receiveEmbedMessage=function(e){var t=e.data;if((t||t.secret||t.message||t.value)&&!\/[^a-zA-Z0-9]\/.test(t.secret)){for(var s,r,n,a=l.querySelectorAll('iframe[data-secret=\"'+t.secret+'\"]'),o=l.querySelectorAll('blockquote[data-secret=\"'+t.secret+'\"]'),c=new RegExp(\"^https?:$\",\"i\"),i=0;i<o.length;i++)o[i].style.display=\"none\";for(i=0;i<a.length;i++)s=a[i],e.source===s.contentWindow&&(s.removeAttribute(\"style\"),\"height\"===t.message?(1e3<(r=parseInt(t.value,10))?r=1e3:~~r<200&&(r=200),s.height=r):\"link\"===t.message&&(r=new URL(s.getAttribute(\"src\")),n=new URL(t.value),c.test(n.protocol))&&n.host===r.host&&l.activeElement===s&&(d.top.location.href=t.value))}},d.addEventListener(\"message\",d.wp.receiveEmbedMessage,!1),l.addEventListener(\"DOMContentLoaded\",function(){for(var e,t,s=l.querySelectorAll(\"iframe.wp-embedded-content\"),r=0;r<s.length;r++)(t=(e=s[r]).getAttribute(\"data-secret\"))||(t=Math.random().toString(36).substring(2,12),e.src+=\"#?secret=\"+t,e.setAttribute(\"data-secret\",t)),e.contentWindow.postMessage({message:\"ready\",secret:t},\"*\")},!1)))}(window,document);\n\/* ]]> *\/\n<\/script>\n","thumbnail_url":"https:\/\/vslg.cz\/wp-content\/uploads\/2022\/04\/Historie.png","thumbnail_width":998,"thumbnail_height":574,"description":"Odborn\u00e1 p\u0159edn\u00e1\u0161ka byla realizov\u00e1na v r\u00e1mci v\u00fduky Katedry bakal\u00e1\u0159sk\u00e9ho studia. P\u0159edn\u00e1\u0161ka na t\u00e9ma \u201eHistorie dopravy z\u00a0ekonomick\u00e9ho pohledu\u201c se uskute\u010dnila dne 26. 4. 2022. P\u0159edn\u00e1\u0161ej\u00edc\u00edm byl doc. Ing. Zden\u011bk \u0158\u00edha, Ph.D. Setk\u00e1n\u00ed prob\u011bhlo online, prost\u0159ednictv\u00edm aplikace MS Teams."}