{"id":8585,"date":"2023-07-10T14:54:49","date_gmt":"2023-07-10T12:54:49","guid":{"rendered":"https:\/\/vslg.cz\/aktuality\/slavnostni-otevreni-in-hub-v-prerove\/"},"modified":"2023-07-10T14:54:49","modified_gmt":"2023-07-10T12:54:49","slug":"slavnostni-otevreni-in-hub-v-prerove","status":"publish","type":"aktuality","link":"https:\/\/vslg.cz\/en\/aktuality\/slavnostni-otevreni-in-hub-v-prerove\/","title":{"rendered":"Slavnostn\u00ed otev\u0159en\u00ed IN-HUB v\u00a0P\u0159erov\u011b"},"content":{"rendered":"\n<p>Ve \u010dtvrtek 15. \u010dervna 2023 byly slavnostn\u011b otev\u0159eny zrekonstruovan\u00e9 prostory Bla\u017ekova domu na n\u00e1m\u011bst\u00ed TGM v P\u0159erov\u011b, kter\u00e9 budou nov\u011b slou\u017eit pro rozvoj podnik\u00e1n\u00ed a inovace. Stejn\u00fd den byla podeps\u00e1na smlouva mezi m\u011bstem P\u0159erovem a Inova\u010dn\u00edm centrem Olomouck\u00e9ho kraje k\u00a0jeho provozu.\u00a0 IN-HUB disponuje nejen office prostory, ale i d\u00edlnami s\u00a03D tisk\u00e1rnami a dal\u0161\u00edm\u00a0vybaven\u00edm, jako nap\u0159. nahr\u00e1vac\u00edm studiem, prostory pro start-up a jin\u00e9 projekty podporuj\u00edc\u00ed podnik\u00e1n\u00ed a inovace na P\u0159erovsku. IN-HUB je v\u00a0souladu se z\u00e1m\u011brem m\u011bsta P\u0159erova i Olomouck\u00e9ho kraje v\u00a0oblasti podnik\u00e1n\u00ed, vzd\u011bl\u00e1v\u00e1n\u00ed a inovace. Vysok\u00e1 \u0161kola logistiky byla p\u0159\u00edtomna na slavnostn\u00edm zah\u00e1jen\u00ed a t\u011b\u0161\u00ed se na spolupr\u00e1ci, kter\u00e1 byla zah\u00e1jena ji\u017e s\u00a0Inova\u010dn\u00edm centrem Olomouck\u00e9ho kraje v\u00a0minul\u00fdch letech.<\/p>\n\n<figure class=\"wp-block-gallery has-nested-images columns-default is-cropped wp-block-gallery-1 is-layout-flex wp-block-gallery-is-layout-flex\">\n<figure class=\"wp-block-image size-large\"><img loading=\"lazy\" decoding=\"async\" width=\"750\" height=\"1000\" data-id=\"8508\" src=\"https:\/\/vslg.cz\/wp-content\/uploads\/2023\/07\/IMG_20230615_155124_resized_20230626_031958321.jpg\" alt=\"\" class=\"wp-image-8508\" srcset=\"https:\/\/vslg.cz\/wp-content\/uploads\/2023\/07\/IMG_20230615_155124_resized_20230626_031958321.jpg 750w, https:\/\/vslg.cz\/wp-content\/uploads\/2023\/07\/IMG_20230615_155124_resized_20230626_031958321-225x300.jpg 225w\" sizes=\"auto, (max-width: 750px) 100vw, 750px\" \/><\/figure>\n\n\n\n<figure class=\"wp-block-image size-large\"><img loading=\"lazy\" decoding=\"async\" width=\"750\" height=\"1000\" data-id=\"8518\" src=\"https:\/\/vslg.cz\/wp-content\/uploads\/2023\/07\/IMG_20230615_155847_resized_20230626_031958655.jpg\" alt=\"\" class=\"wp-image-8518\" srcset=\"https:\/\/vslg.cz\/wp-content\/uploads\/2023\/07\/IMG_20230615_155847_resized_20230626_031958655.jpg 750w, https:\/\/vslg.cz\/wp-content\/uploads\/2023\/07\/IMG_20230615_155847_resized_20230626_031958655-225x300.jpg 225w\" sizes=\"auto, (max-width: 750px) 100vw, 750px\" \/><\/figure>\n\n\n\n<figure class=\"wp-block-image size-large\"><img loading=\"lazy\" decoding=\"async\" width=\"1000\" height=\"750\" data-id=\"8513\" src=\"https:\/\/vslg.cz\/wp-content\/uploads\/2023\/07\/IMG_20230615_155240_resized_20230626_031957907.jpg\" alt=\"\" class=\"wp-image-8513\" srcset=\"https:\/\/vslg.cz\/wp-content\/uploads\/2023\/07\/IMG_20230615_155240_resized_20230626_031957907.jpg 1000w, https:\/\/vslg.cz\/wp-content\/uploads\/2023\/07\/IMG_20230615_155240_resized_20230626_031957907-300x225.jpg 300w, https:\/\/vslg.cz\/wp-content\/uploads\/2023\/07\/IMG_20230615_155240_resized_20230626_031957907-768x576.jpg 768w\" sizes=\"auto, (max-width: 1000px) 100vw, 1000px\" \/><\/figure>\n\n\n\n<figure class=\"wp-block-image size-large\"><img loading=\"lazy\" decoding=\"async\" width=\"750\" height=\"1000\" data-id=\"8523\" src=\"https:\/\/vslg.cz\/wp-content\/uploads\/2023\/07\/IMG_20230615_160327_resized_20230626_031958834.jpg\" alt=\"\" class=\"wp-image-8523\" srcset=\"https:\/\/vslg.cz\/wp-content\/uploads\/2023\/07\/IMG_20230615_160327_resized_20230626_031958834.jpg 750w, https:\/\/vslg.cz\/wp-content\/uploads\/2023\/07\/IMG_20230615_160327_resized_20230626_031958834-225x300.jpg 225w\" sizes=\"auto, (max-width: 750px) 100vw, 750px\" \/><\/figure>\n\n\n\n<figure class=\"wp-block-image size-large\"><img loading=\"lazy\" decoding=\"async\" width=\"750\" height=\"1000\" data-id=\"8533\" src=\"https:\/\/vslg.cz\/wp-content\/uploads\/2023\/07\/IMG_20230615_160422_resized_20230626_031958238.jpg\" alt=\"\" class=\"wp-image-8533\" srcset=\"https:\/\/vslg.cz\/wp-content\/uploads\/2023\/07\/IMG_20230615_160422_resized_20230626_031958238.jpg 750w, https:\/\/vslg.cz\/wp-content\/uploads\/2023\/07\/IMG_20230615_160422_resized_20230626_031958238-225x300.jpg 225w\" sizes=\"auto, (max-width: 750px) 100vw, 750px\" \/><\/figure>\n\n\n\n<figure class=\"wp-block-image size-large\"><img loading=\"lazy\" decoding=\"async\" width=\"750\" height=\"1000\" data-id=\"8538\" src=\"https:\/\/vslg.cz\/wp-content\/uploads\/2023\/07\/IMG_20230615_161040_resized_20230626_031958522.jpg\" alt=\"\" class=\"wp-image-8538\" srcset=\"https:\/\/vslg.cz\/wp-content\/uploads\/2023\/07\/IMG_20230615_161040_resized_20230626_031958522.jpg 750w, https:\/\/vslg.cz\/wp-content\/uploads\/2023\/07\/IMG_20230615_161040_resized_20230626_031958522-225x300.jpg 225w\" sizes=\"auto, (max-width: 750px) 100vw, 750px\" \/><\/figure>\n\n\n\n<figure class=\"wp-block-image size-large\"><img loading=\"lazy\" decoding=\"async\" width=\"612\" height=\"816\" data-id=\"8563\" src=\"https:\/\/vslg.cz\/wp-content\/uploads\/2023\/07\/IMG_20230615_161642_resized_20230626_031958761.jpg\" alt=\"\" class=\"wp-image-8563\" srcset=\"https:\/\/vslg.cz\/wp-content\/uploads\/2023\/07\/IMG_20230615_161642_resized_20230626_031958761.jpg 612w, https:\/\/vslg.cz\/wp-content\/uploads\/2023\/07\/IMG_20230615_161642_resized_20230626_031958761-225x300.jpg 225w\" sizes=\"auto, (max-width: 612px) 100vw, 612px\" \/><\/figure>\n\n\n\n<figure class=\"wp-block-image size-large\"><img loading=\"lazy\" decoding=\"async\" width=\"768\" height=\"1024\" data-id=\"8553\" src=\"https:\/\/vslg.cz\/wp-content\/uploads\/2023\/07\/IMG_20230615_161602-768x1024.jpg\" alt=\"\" class=\"wp-image-8553\" srcset=\"https:\/\/vslg.cz\/wp-content\/uploads\/2023\/07\/IMG_20230615_161602-768x1024.jpg 768w, https:\/\/vslg.cz\/wp-content\/uploads\/2023\/07\/IMG_20230615_161602-225x300.jpg 225w, https:\/\/vslg.cz\/wp-content\/uploads\/2023\/07\/IMG_20230615_161602-1152x1536.jpg 1152w, https:\/\/vslg.cz\/wp-content\/uploads\/2023\/07\/IMG_20230615_161602-1536x2048.jpg 1536w, https:\/\/vslg.cz\/wp-content\/uploads\/2023\/07\/IMG_20230615_161602-scaled.jpg 1920w\" sizes=\"auto, (max-width: 768px) 100vw, 768px\" \/><\/figure>\n\n\n\n<figure class=\"wp-block-image size-large\"><img loading=\"lazy\" decoding=\"async\" width=\"750\" height=\"1000\" data-id=\"8548\" src=\"https:\/\/vslg.cz\/wp-content\/uploads\/2023\/07\/IMG_20230615_161254_resized_20230626_031958436.jpg\" alt=\"\" class=\"wp-image-8548\" srcset=\"https:\/\/vslg.cz\/wp-content\/uploads\/2023\/07\/IMG_20230615_161254_resized_20230626_031958436.jpg 750w, https:\/\/vslg.cz\/wp-content\/uploads\/2023\/07\/IMG_20230615_161254_resized_20230626_031958436-225x300.jpg 225w\" sizes=\"auto, (max-width: 750px) 100vw, 750px\" \/><\/figure>\n\n\n\n<figure class=\"wp-block-image size-large\"><img loading=\"lazy\" decoding=\"async\" width=\"750\" height=\"1000\" data-id=\"8528\" src=\"https:\/\/vslg.cz\/wp-content\/uploads\/2023\/07\/IMG_20230615_160028_resized_20230626_031958015.jpg\" alt=\"\" class=\"wp-image-8528\" srcset=\"https:\/\/vslg.cz\/wp-content\/uploads\/2023\/07\/IMG_20230615_160028_resized_20230626_031958015.jpg 750w, https:\/\/vslg.cz\/wp-content\/uploads\/2023\/07\/IMG_20230615_160028_resized_20230626_031958015-225x300.jpg 225w\" sizes=\"auto, (max-width: 750px) 100vw, 750px\" \/><\/figure>\n\n\n\n<figure class=\"wp-block-image size-large\"><img loading=\"lazy\" decoding=\"async\" width=\"1000\" height=\"750\" data-id=\"8543\" src=\"https:\/\/vslg.cz\/wp-content\/uploads\/2023\/07\/IMG_20230615_161104_resized_20230626_031957762.jpg\" alt=\"\" class=\"wp-image-8543\" srcset=\"https:\/\/vslg.cz\/wp-content\/uploads\/2023\/07\/IMG_20230615_161104_resized_20230626_031957762.jpg 1000w, https:\/\/vslg.cz\/wp-content\/uploads\/2023\/07\/IMG_20230615_161104_resized_20230626_031957762-300x225.jpg 300w, https:\/\/vslg.cz\/wp-content\/uploads\/2023\/07\/IMG_20230615_161104_resized_20230626_031957762-768x576.jpg 768w\" sizes=\"auto, (max-width: 1000px) 100vw, 1000px\" \/><\/figure>\n\n\n\n<figure class=\"wp-block-image size-large\"><img loading=\"lazy\" decoding=\"async\" width=\"768\" height=\"1024\" data-id=\"8558\" src=\"https:\/\/vslg.cz\/wp-content\/uploads\/2023\/07\/IMG_20230615_161637-768x1024.jpg\" alt=\"\" class=\"wp-image-8558\" srcset=\"https:\/\/vslg.cz\/wp-content\/uploads\/2023\/07\/IMG_20230615_161637-768x1024.jpg 768w, https:\/\/vslg.cz\/wp-content\/uploads\/2023\/07\/IMG_20230615_161637-225x300.jpg 225w, https:\/\/vslg.cz\/wp-content\/uploads\/2023\/07\/IMG_20230615_161637-1152x1536.jpg 1152w, https:\/\/vslg.cz\/wp-content\/uploads\/2023\/07\/IMG_20230615_161637-1536x2048.jpg 1536w, https:\/\/vslg.cz\/wp-content\/uploads\/2023\/07\/IMG_20230615_161637-scaled.jpg 1920w\" sizes=\"auto, (max-width: 768px) 100vw, 768px\" \/><\/figure>\n\n\n\n<figure class=\"wp-block-image size-large\"><img loading=\"lazy\" decoding=\"async\" width=\"1000\" height=\"750\" data-id=\"8568\" src=\"https:\/\/vslg.cz\/wp-content\/uploads\/2023\/07\/IMG_20230615_161735_resized_20230626_031958115.jpg\" alt=\"\" class=\"wp-image-8568\" srcset=\"https:\/\/vslg.cz\/wp-content\/uploads\/2023\/07\/IMG_20230615_161735_resized_20230626_031958115.jpg 1000w, https:\/\/vslg.cz\/wp-content\/uploads\/2023\/07\/IMG_20230615_161735_resized_20230626_031958115-300x225.jpg 300w, https:\/\/vslg.cz\/wp-content\/uploads\/2023\/07\/IMG_20230615_161735_resized_20230626_031958115-768x576.jpg 768w\" sizes=\"auto, (max-width: 1000px) 100vw, 1000px\" \/><\/figure>\n<\/figure>\n","protected":false},"excerpt":{"rendered":"<p>Ve \u010dtvrtek 15. \u010dervna 2023 byly slavnostn\u011b otev\u0159eny zrekonstruovan\u00e9 prostory Bla\u017ekova domu na n\u00e1m\u011bst\u00ed TGM v P\u0159erov\u011b, kter\u00e9 budou nov\u011b slou\u017eit pro rozvoj podnik\u00e1n\u00ed a inovace. Stejn\u00fd den byla podeps\u00e1na smlouva mezi m\u011bstem P\u0159erovem a Inova\u010dn\u00edm centrem Olomouck\u00e9ho kraje k\u00a0jeho provozu.\u00a0 IN-HUB disponuje nejen office prostory, ale i d\u00edlnami s\u00a03D tisk\u00e1rnami a dal\u0161\u00edm\u00a0vybaven\u00edm, jako nap\u0159. [&hellip;]<\/p>\n","protected":false},"featured_media":8569,"template":"","kategoria":[140,141],"mesto":[],"skola":[],"class_list":["post-8585","aktuality","type-aktuality","status-publish","has-post-thumbnail","hentry","kategoria-news","kategoria-events"],"yoast_head":"<!-- This site is optimized with the Yoast SEO plugin v26.8 - https:\/\/yoast.com\/product\/yoast-seo-wordpress\/ -->\n<title>Slavnostn\u00ed otev\u0159en\u00ed IN-HUB v\u00a0P\u0159erov\u011b - Vysok\u00e1 \u0161kola logistiky o.p.s<\/title>\n<meta name=\"robots\" content=\"index, follow, max-snippet:-1, max-image-preview:large, max-video-preview:-1\" \/>\n<link rel=\"canonical\" href=\"https:\/\/vslg.cz\/en\/aktuality\/slavnostni-otevreni-in-hub-v-prerove\/\" \/>\n<meta property=\"og:locale\" content=\"en_US\" \/>\n<meta property=\"og:type\" content=\"article\" \/>\n<meta property=\"og:title\" content=\"Slavnostn\u00ed otev\u0159en\u00ed IN-HUB v\u00a0P\u0159erov\u011b - Vysok\u00e1 \u0161kola logistiky o.p.s\" \/>\n<meta property=\"og:description\" content=\"Ve \u010dtvrtek 15. \u010dervna 2023 byly slavnostn\u011b otev\u0159eny zrekonstruovan\u00e9 prostory Bla\u017ekova domu na n\u00e1m\u011bst\u00ed TGM v P\u0159erov\u011b, kter\u00e9 budou nov\u011b slou\u017eit pro rozvoj podnik\u00e1n\u00ed a inovace. Stejn\u00fd den byla podeps\u00e1na smlouva mezi m\u011bstem P\u0159erovem a Inova\u010dn\u00edm centrem Olomouck\u00e9ho kraje k\u00a0jeho provozu.\u00a0 IN-HUB disponuje nejen office prostory, ale i d\u00edlnami s\u00a03D tisk\u00e1rnami a dal\u0161\u00edm\u00a0vybaven\u00edm, jako nap\u0159. [&hellip;]\" \/>\n<meta property=\"og:url\" content=\"https:\/\/vslg.cz\/en\/aktuality\/slavnostni-otevreni-in-hub-v-prerove\/\" \/>\n<meta property=\"og:site_name\" content=\"Vysok\u00e1 \u0161kola logistiky o.p.s\" \/>\n<meta property=\"og:image\" content=\"https:\/\/vslg.cz\/wp-content\/uploads\/2023\/07\/IMG_20230615_161735_resized_20230626_031958115.jpg\" \/>\n\t<meta property=\"og:image:width\" content=\"1000\" \/>\n\t<meta property=\"og:image:height\" content=\"750\" \/>\n\t<meta property=\"og:image:type\" content=\"image\/jpeg\" \/>\n<meta name=\"twitter:card\" content=\"summary_large_image\" \/>\n<meta name=\"twitter:label1\" content=\"Est. reading time\" \/>\n\t<meta name=\"twitter:data1\" content=\"1 minute\" \/>\n<script type=\"application\/ld+json\" class=\"yoast-schema-graph\">{\"@context\":\"https:\/\/schema.org\",\"@graph\":[{\"@type\":\"WebPage\",\"@id\":\"https:\/\/vslg.cz\/en\/aktuality\/slavnostni-otevreni-in-hub-v-prerove\/\",\"url\":\"https:\/\/vslg.cz\/en\/aktuality\/slavnostni-otevreni-in-hub-v-prerove\/\",\"name\":\"Slavnostn\u00ed otev\u0159en\u00ed IN-HUB v\u00a0P\u0159erov\u011b - Vysok\u00e1 \u0161kola logistiky o.p.s\",\"isPartOf\":{\"@id\":\"https:\/\/vslg.cz\/en\/#website\"},\"primaryImageOfPage\":{\"@id\":\"https:\/\/vslg.cz\/en\/aktuality\/slavnostni-otevreni-in-hub-v-prerove\/#primaryimage\"},\"image\":{\"@id\":\"https:\/\/vslg.cz\/en\/aktuality\/slavnostni-otevreni-in-hub-v-prerove\/#primaryimage\"},\"thumbnailUrl\":\"https:\/\/vslg.cz\/wp-content\/uploads\/2023\/07\/IMG_20230615_161735_resized_20230626_031958115.jpg\",\"datePublished\":\"2023-07-10T12:54:49+00:00\",\"breadcrumb\":{\"@id\":\"https:\/\/vslg.cz\/en\/aktuality\/slavnostni-otevreni-in-hub-v-prerove\/#breadcrumb\"},\"inLanguage\":\"en-US\",\"potentialAction\":[{\"@type\":\"ReadAction\",\"target\":[\"https:\/\/vslg.cz\/en\/aktuality\/slavnostni-otevreni-in-hub-v-prerove\/\"]}]},{\"@type\":\"ImageObject\",\"inLanguage\":\"en-US\",\"@id\":\"https:\/\/vslg.cz\/en\/aktuality\/slavnostni-otevreni-in-hub-v-prerove\/#primaryimage\",\"url\":\"https:\/\/vslg.cz\/wp-content\/uploads\/2023\/07\/IMG_20230615_161735_resized_20230626_031958115.jpg\",\"contentUrl\":\"https:\/\/vslg.cz\/wp-content\/uploads\/2023\/07\/IMG_20230615_161735_resized_20230626_031958115.jpg\",\"width\":1000,\"height\":750},{\"@type\":\"BreadcrumbList\",\"@id\":\"https:\/\/vslg.cz\/en\/aktuality\/slavnostni-otevreni-in-hub-v-prerove\/#breadcrumb\",\"itemListElement\":[{\"@type\":\"ListItem\",\"position\":1,\"name\":\"Vysok\u00e1 \u0161kola logistiky\",\"item\":\"https:\/\/vslg.cz\/en\/\"},{\"@type\":\"ListItem\",\"position\":2,\"name\":\"Aktuality\",\"item\":\"https:\/\/vslg.cz\/en\/aktuality\/\"},{\"@type\":\"ListItem\",\"position\":3,\"name\":\"Slavnostn\u00ed otev\u0159en\u00ed IN-HUB v\u00a0P\u0159erov\u011b\"}]},{\"@type\":\"WebSite\",\"@id\":\"https:\/\/vslg.cz\/en\/#website\",\"url\":\"https:\/\/vslg.cz\/en\/\",\"name\":\"Vysok\u00e1 \u0161kola logistiky o.p.s\",\"description\":\"Kvalita. Prest\u00ed\u017e. \u00daspech. Prec\u00edznos\u0165.\",\"potentialAction\":[{\"@type\":\"SearchAction\",\"target\":{\"@type\":\"EntryPoint\",\"urlTemplate\":\"https:\/\/vslg.cz\/en\/?s={search_term_string}\"},\"query-input\":{\"@type\":\"PropertyValueSpecification\",\"valueRequired\":true,\"valueName\":\"search_term_string\"}}],\"inLanguage\":\"en-US\"}]}<\/script>\n<!-- \/ Yoast SEO plugin. -->","yoast_head_json":{"title":"Slavnostn\u00ed otev\u0159en\u00ed IN-HUB v\u00a0P\u0159erov\u011b - Vysok\u00e1 \u0161kola logistiky o.p.s","robots":{"index":"index","follow":"follow","max-snippet":"max-snippet:-1","max-image-preview":"max-image-preview:large","max-video-preview":"max-video-preview:-1"},"canonical":"https:\/\/vslg.cz\/en\/aktuality\/slavnostni-otevreni-in-hub-v-prerove\/","og_locale":"en_US","og_type":"article","og_title":"Slavnostn\u00ed otev\u0159en\u00ed IN-HUB v\u00a0P\u0159erov\u011b - Vysok\u00e1 \u0161kola logistiky o.p.s","og_description":"Ve \u010dtvrtek 15. \u010dervna 2023 byly slavnostn\u011b otev\u0159eny zrekonstruovan\u00e9 prostory Bla\u017ekova domu na n\u00e1m\u011bst\u00ed TGM v P\u0159erov\u011b, kter\u00e9 budou nov\u011b slou\u017eit pro rozvoj podnik\u00e1n\u00ed a inovace. Stejn\u00fd den byla podeps\u00e1na smlouva mezi m\u011bstem P\u0159erovem a Inova\u010dn\u00edm centrem Olomouck\u00e9ho kraje k\u00a0jeho provozu.\u00a0 IN-HUB disponuje nejen office prostory, ale i d\u00edlnami s\u00a03D tisk\u00e1rnami a dal\u0161\u00edm\u00a0vybaven\u00edm, jako nap\u0159. [&hellip;]","og_url":"https:\/\/vslg.cz\/en\/aktuality\/slavnostni-otevreni-in-hub-v-prerove\/","og_site_name":"Vysok\u00e1 \u0161kola logistiky o.p.s","og_image":[{"width":1000,"height":750,"url":"https:\/\/vslg.cz\/wp-content\/uploads\/2023\/07\/IMG_20230615_161735_resized_20230626_031958115.jpg","type":"image\/jpeg"}],"twitter_card":"summary_large_image","twitter_misc":{"Est. reading time":"1 minute"},"schema":{"@context":"https:\/\/schema.org","@graph":[{"@type":"WebPage","@id":"https:\/\/vslg.cz\/en\/aktuality\/slavnostni-otevreni-in-hub-v-prerove\/","url":"https:\/\/vslg.cz\/en\/aktuality\/slavnostni-otevreni-in-hub-v-prerove\/","name":"Slavnostn\u00ed otev\u0159en\u00ed IN-HUB v\u00a0P\u0159erov\u011b - Vysok\u00e1 \u0161kola logistiky o.p.s","isPartOf":{"@id":"https:\/\/vslg.cz\/en\/#website"},"primaryImageOfPage":{"@id":"https:\/\/vslg.cz\/en\/aktuality\/slavnostni-otevreni-in-hub-v-prerove\/#primaryimage"},"image":{"@id":"https:\/\/vslg.cz\/en\/aktuality\/slavnostni-otevreni-in-hub-v-prerove\/#primaryimage"},"thumbnailUrl":"https:\/\/vslg.cz\/wp-content\/uploads\/2023\/07\/IMG_20230615_161735_resized_20230626_031958115.jpg","datePublished":"2023-07-10T12:54:49+00:00","breadcrumb":{"@id":"https:\/\/vslg.cz\/en\/aktuality\/slavnostni-otevreni-in-hub-v-prerove\/#breadcrumb"},"inLanguage":"en-US","potentialAction":[{"@type":"ReadAction","target":["https:\/\/vslg.cz\/en\/aktuality\/slavnostni-otevreni-in-hub-v-prerove\/"]}]},{"@type":"ImageObject","inLanguage":"en-US","@id":"https:\/\/vslg.cz\/en\/aktuality\/slavnostni-otevreni-in-hub-v-prerove\/#primaryimage","url":"https:\/\/vslg.cz\/wp-content\/uploads\/2023\/07\/IMG_20230615_161735_resized_20230626_031958115.jpg","contentUrl":"https:\/\/vslg.cz\/wp-content\/uploads\/2023\/07\/IMG_20230615_161735_resized_20230626_031958115.jpg","width":1000,"height":750},{"@type":"BreadcrumbList","@id":"https:\/\/vslg.cz\/en\/aktuality\/slavnostni-otevreni-in-hub-v-prerove\/#breadcrumb","itemListElement":[{"@type":"ListItem","position":1,"name":"Vysok\u00e1 \u0161kola logistiky","item":"https:\/\/vslg.cz\/en\/"},{"@type":"ListItem","position":2,"name":"Aktuality","item":"https:\/\/vslg.cz\/en\/aktuality\/"},{"@type":"ListItem","position":3,"name":"Slavnostn\u00ed otev\u0159en\u00ed IN-HUB v\u00a0P\u0159erov\u011b"}]},{"@type":"WebSite","@id":"https:\/\/vslg.cz\/en\/#website","url":"https:\/\/vslg.cz\/en\/","name":"Vysok\u00e1 \u0161kola logistiky o.p.s","description":"Kvalita. Prest\u00ed\u017e. \u00daspech. Prec\u00edznos\u0165.","potentialAction":[{"@type":"SearchAction","target":{"@type":"EntryPoint","urlTemplate":"https:\/\/vslg.cz\/en\/?s={search_term_string}"},"query-input":{"@type":"PropertyValueSpecification","valueRequired":true,"valueName":"search_term_string"}}],"inLanguage":"en-US"}]}},"meta_box":[],"_links":{"self":[{"href":"https:\/\/vslg.cz\/en\/wp-json\/wp\/v2\/aktuality\/8585","targetHints":{"allow":["GET"]}}],"collection":[{"href":"https:\/\/vslg.cz\/en\/wp-json\/wp\/v2\/aktuality"}],"about":[{"href":"https:\/\/vslg.cz\/en\/wp-json\/wp\/v2\/types\/aktuality"}],"version-history":[{"count":1,"href":"https:\/\/vslg.cz\/en\/wp-json\/wp\/v2\/aktuality\/8585\/revisions"}],"predecessor-version":[{"id":8586,"href":"https:\/\/vslg.cz\/en\/wp-json\/wp\/v2\/aktuality\/8585\/revisions\/8586"}],"wp:featuredmedia":[{"embeddable":true,"href":"https:\/\/vslg.cz\/en\/wp-json\/wp\/v2\/media\/8569"}],"wp:attachment":[{"href":"https:\/\/vslg.cz\/en\/wp-json\/wp\/v2\/media?parent=8585"}],"wp:term":[{"taxonomy":"kategoria","embeddable":true,"href":"https:\/\/vslg.cz\/en\/wp-json\/wp\/v2\/kategoria?post=8585"},{"taxonomy":"mesto","embeddable":true,"href":"https:\/\/vslg.cz\/en\/wp-json\/wp\/v2\/mesto?post=8585"},{"taxonomy":"skola","embeddable":true,"href":"https:\/\/vslg.cz\/en\/wp-json\/wp\/v2\/skola?post=8585"}],"curies":[{"name":"wp","href":"https:\/\/api.w.org\/{rel}","templated":true}]}}