{"id":7784,"date":"2023-04-25T12:11:04","date_gmt":"2023-04-25T10:11:04","guid":{"rendered":"https:\/\/vslg.cz\/aktuality\/vysoka-skola-logistiky-podporila-soutez-logistik-junior-strednich-skol\/"},"modified":"2023-04-25T12:11:04","modified_gmt":"2023-04-25T10:11:04","slug":"vysoka-skola-logistiky-podporila-soutez-logistik-junior-strednich-skol","status":"publish","type":"aktuality","link":"https:\/\/vslg.cz\/en\/aktuality\/vysoka-skola-logistiky-podporila-soutez-logistik-junior-strednich-skol\/","title":{"rendered":"Vysok\u00e1 \u0161kola logistiky podpo\u0159ila sout\u011b\u017e LOGISTIK JUNIOR st\u0159edn\u00edch \u0161kol"},"content":{"rendered":"\n<p>Vysok\u00e1 \u0161kola logistiky podpo\u0159ila sout\u011b\u017en\u00ed kl\u00e1n\u00ed v\u00a0oboru logistiky mezi dvac\u00edtkou sout\u011b\u017en\u00edch dru\u017estev z\u00a0dvan\u00e1cti st\u0159edn\u00edch \u0161kol nap\u0159i\u010d \u010ceskou republikou. Do celost\u00e1tn\u00ed sout\u011b\u017ee LOGISTIC JUNIOR S\u0160 2022, kter\u00fd se konal v\u00a0Dalovic\u00edch nedaleko Karlov\u00fdch Var\u016f ve dnech 11.-13. \u0159\u00edjna 2022, p\u0159isp\u011bla Vysok\u00e1 \u0161kola logistiky odborn\u011b i v\u011bcn\u00fdmi dary.\u00a0Rektor Vysok\u00e9 \u0161koly logistiky prof. Ing. V\u00e1clav Cemp\u00edrek, Ph.D., DBA, a p\u0159edseda Svazu spedice a logistiky \u010cR, Ing. Petr Ro\u017eek, Ph.D, prov\u011b\u0159ovali schopnost aplikovat znalosti sout\u011b\u017e\u00edc\u00edch na konkr\u00e9tn\u00ed probl\u00e9my praxe. Oba hodnot\u00ed sout\u011b\u017e na vysok\u00e9 \u00farovni s velmi nadan\u00fdmi mlad\u00fdmi logistiky, kte\u0159\u00ed mohou usp\u011bt i na mezin\u00e1rodn\u00edm trhu d\u00edky prok\u00e1zan\u00fdm jazykov\u00fdm dovednostem. Nejen v\u00a0r\u00e1mci d\u00edl\u010d\u00edho t\u00e9matu udr\u017eitelnosti a implementace princip\u016f koncepce udr\u017eiteln\u00e9ho rozvoje prok\u00e1zali studenti znalosti z\u00a0aplikovan\u00e9 logistiky, p\u0159edvedli tak\u00e9 dovednosti mana\u017eersk\u00e9, prezenta\u010dn\u00ed i t\u00fdmovou spolupr\u00e1ci. Z\u00e1v\u011bre\u010dn\u00fd t\u0159et\u00ed den sout\u011b\u017ee byl dopln\u011bn o exkurze s\u00a0uk\u00e1zkou logistick\u00fdch sklad\u016f a v\u00fdroben v\u00a0praxi a komplexn\u011b tak doplnil a uzav\u0159el 14. ro\u010dn\u00edk celost\u00e1tn\u00ed sout\u011b\u017ee st\u0159edn\u00edch \u0161kol v\u00a0logistice.<\/p>\n","protected":false},"excerpt":{"rendered":"<p>Vysok\u00e1 \u0161kola logistiky podpo\u0159ila sout\u011b\u017en\u00ed kl\u00e1n\u00ed v\u00a0oboru logistiky mezi dvac\u00edtkou sout\u011b\u017en\u00edch dru\u017estev z\u00a0dvan\u00e1cti st\u0159edn\u00edch \u0161kol nap\u0159i\u010d \u010ceskou republikou. Do celost\u00e1tn\u00ed sout\u011b\u017ee LOGISTIC JUNIOR S\u0160 2022, kter\u00fd se konal v\u00a0Dalovic\u00edch nedaleko Karlov\u00fdch Var\u016f ve dnech 11.-13. \u0159\u00edjna 2022, p\u0159isp\u011bla Vysok\u00e1 \u0161kola logistiky odborn\u011b i v\u011bcn\u00fdmi dary.\u00a0Rektor Vysok\u00e9 \u0161koly logistiky prof. Ing. V\u00e1clav Cemp\u00edrek, Ph.D., DBA, a [&hellip;]<\/p>\n","protected":false},"featured_media":6046,"template":"","kategoria":[140,141],"mesto":[],"skola":[],"class_list":["post-7784","aktuality","type-aktuality","status-publish","has-post-thumbnail","hentry","kategoria-news","kategoria-events"],"yoast_head":"<!-- This site is optimized with the Yoast SEO plugin v26.8 - https:\/\/yoast.com\/product\/yoast-seo-wordpress\/ -->\n<title>Vysok\u00e1 \u0161kola logistiky podpo\u0159ila sout\u011b\u017e LOGISTIK JUNIOR st\u0159edn\u00edch \u0161kol - Vysok\u00e1 \u0161kola logistiky o.p.s<\/title>\n<meta name=\"robots\" content=\"index, follow, max-snippet:-1, max-image-preview:large, max-video-preview:-1\" \/>\n<link rel=\"canonical\" href=\"https:\/\/vslg.cz\/en\/aktuality\/vysoka-skola-logistiky-podporila-soutez-logistik-junior-strednich-skol\/\" \/>\n<meta property=\"og:locale\" content=\"en_US\" \/>\n<meta property=\"og:type\" content=\"article\" \/>\n<meta property=\"og:title\" content=\"Vysok\u00e1 \u0161kola logistiky podpo\u0159ila sout\u011b\u017e LOGISTIK JUNIOR st\u0159edn\u00edch \u0161kol - Vysok\u00e1 \u0161kola logistiky o.p.s\" \/>\n<meta property=\"og:description\" content=\"Vysok\u00e1 \u0161kola logistiky podpo\u0159ila sout\u011b\u017en\u00ed kl\u00e1n\u00ed v\u00a0oboru logistiky mezi dvac\u00edtkou sout\u011b\u017en\u00edch dru\u017estev z\u00a0dvan\u00e1cti st\u0159edn\u00edch \u0161kol nap\u0159i\u010d \u010ceskou republikou. Do celost\u00e1tn\u00ed sout\u011b\u017ee LOGISTIC JUNIOR S\u0160 2022, kter\u00fd se konal v\u00a0Dalovic\u00edch nedaleko Karlov\u00fdch Var\u016f ve dnech 11.-13. \u0159\u00edjna 2022, p\u0159isp\u011bla Vysok\u00e1 \u0161kola logistiky odborn\u011b i v\u011bcn\u00fdmi dary.\u00a0Rektor Vysok\u00e9 \u0161koly logistiky prof. Ing. V\u00e1clav Cemp\u00edrek, Ph.D., DBA, a [&hellip;]\" \/>\n<meta property=\"og:url\" content=\"https:\/\/vslg.cz\/en\/aktuality\/vysoka-skola-logistiky-podporila-soutez-logistik-junior-strednich-skol\/\" \/>\n<meta property=\"og:site_name\" content=\"Vysok\u00e1 \u0161kola logistiky o.p.s\" \/>\n<meta property=\"og:image\" content=\"https:\/\/vslg.cz\/wp-content\/uploads\/2022\/10\/LogistikJunior_tymCT.jpg\" \/>\n\t<meta property=\"og:image:width\" content=\"1600\" \/>\n\t<meta property=\"og:image:height\" content=\"1200\" \/>\n\t<meta property=\"og:image:type\" content=\"image\/jpeg\" \/>\n<meta name=\"twitter:card\" content=\"summary_large_image\" \/>\n<meta name=\"twitter:label1\" content=\"Est. reading time\" \/>\n\t<meta name=\"twitter:data1\" content=\"1 minute\" \/>\n<script type=\"application\/ld+json\" class=\"yoast-schema-graph\">{\"@context\":\"https:\/\/schema.org\",\"@graph\":[{\"@type\":\"WebPage\",\"@id\":\"https:\/\/vslg.cz\/en\/aktuality\/vysoka-skola-logistiky-podporila-soutez-logistik-junior-strednich-skol\/\",\"url\":\"https:\/\/vslg.cz\/en\/aktuality\/vysoka-skola-logistiky-podporila-soutez-logistik-junior-strednich-skol\/\",\"name\":\"Vysok\u00e1 \u0161kola logistiky podpo\u0159ila sout\u011b\u017e LOGISTIK JUNIOR st\u0159edn\u00edch \u0161kol - Vysok\u00e1 \u0161kola logistiky o.p.s\",\"isPartOf\":{\"@id\":\"https:\/\/vslg.cz\/en\/#website\"},\"primaryImageOfPage\":{\"@id\":\"https:\/\/vslg.cz\/en\/aktuality\/vysoka-skola-logistiky-podporila-soutez-logistik-junior-strednich-skol\/#primaryimage\"},\"image\":{\"@id\":\"https:\/\/vslg.cz\/en\/aktuality\/vysoka-skola-logistiky-podporila-soutez-logistik-junior-strednich-skol\/#primaryimage\"},\"thumbnailUrl\":\"https:\/\/vslg.cz\/wp-content\/uploads\/2022\/10\/LogistikJunior_tymCT.jpg\",\"datePublished\":\"2023-04-25T10:11:04+00:00\",\"breadcrumb\":{\"@id\":\"https:\/\/vslg.cz\/en\/aktuality\/vysoka-skola-logistiky-podporila-soutez-logistik-junior-strednich-skol\/#breadcrumb\"},\"inLanguage\":\"en-US\",\"potentialAction\":[{\"@type\":\"ReadAction\",\"target\":[\"https:\/\/vslg.cz\/en\/aktuality\/vysoka-skola-logistiky-podporila-soutez-logistik-junior-strednich-skol\/\"]}]},{\"@type\":\"ImageObject\",\"inLanguage\":\"en-US\",\"@id\":\"https:\/\/vslg.cz\/en\/aktuality\/vysoka-skola-logistiky-podporila-soutez-logistik-junior-strednich-skol\/#primaryimage\",\"url\":\"https:\/\/vslg.cz\/wp-content\/uploads\/2022\/10\/LogistikJunior_tymCT.jpg\",\"contentUrl\":\"https:\/\/vslg.cz\/wp-content\/uploads\/2022\/10\/LogistikJunior_tymCT.jpg\",\"width\":1600,\"height\":1200},{\"@type\":\"BreadcrumbList\",\"@id\":\"https:\/\/vslg.cz\/en\/aktuality\/vysoka-skola-logistiky-podporila-soutez-logistik-junior-strednich-skol\/#breadcrumb\",\"itemListElement\":[{\"@type\":\"ListItem\",\"position\":1,\"name\":\"Vysok\u00e1 \u0161kola logistiky\",\"item\":\"https:\/\/vslg.cz\/en\/\"},{\"@type\":\"ListItem\",\"position\":2,\"name\":\"Aktuality\",\"item\":\"https:\/\/vslg.cz\/en\/aktuality\/\"},{\"@type\":\"ListItem\",\"position\":3,\"name\":\"Vysok\u00e1 \u0161kola logistiky podpo\u0159ila sout\u011b\u017e LOGISTIK JUNIOR st\u0159edn\u00edch \u0161kol\"}]},{\"@type\":\"WebSite\",\"@id\":\"https:\/\/vslg.cz\/en\/#website\",\"url\":\"https:\/\/vslg.cz\/en\/\",\"name\":\"Vysok\u00e1 \u0161kola logistiky o.p.s\",\"description\":\"Kvalita. Prest\u00ed\u017e. \u00daspech. Prec\u00edznos\u0165.\",\"potentialAction\":[{\"@type\":\"SearchAction\",\"target\":{\"@type\":\"EntryPoint\",\"urlTemplate\":\"https:\/\/vslg.cz\/en\/?s={search_term_string}\"},\"query-input\":{\"@type\":\"PropertyValueSpecification\",\"valueRequired\":true,\"valueName\":\"search_term_string\"}}],\"inLanguage\":\"en-US\"}]}<\/script>\n<!-- \/ Yoast SEO plugin. -->","yoast_head_json":{"title":"Vysok\u00e1 \u0161kola logistiky podpo\u0159ila sout\u011b\u017e LOGISTIK JUNIOR st\u0159edn\u00edch \u0161kol - Vysok\u00e1 \u0161kola logistiky o.p.s","robots":{"index":"index","follow":"follow","max-snippet":"max-snippet:-1","max-image-preview":"max-image-preview:large","max-video-preview":"max-video-preview:-1"},"canonical":"https:\/\/vslg.cz\/en\/aktuality\/vysoka-skola-logistiky-podporila-soutez-logistik-junior-strednich-skol\/","og_locale":"en_US","og_type":"article","og_title":"Vysok\u00e1 \u0161kola logistiky podpo\u0159ila sout\u011b\u017e LOGISTIK JUNIOR st\u0159edn\u00edch \u0161kol - Vysok\u00e1 \u0161kola logistiky o.p.s","og_description":"Vysok\u00e1 \u0161kola logistiky podpo\u0159ila sout\u011b\u017en\u00ed kl\u00e1n\u00ed v\u00a0oboru logistiky mezi dvac\u00edtkou sout\u011b\u017en\u00edch dru\u017estev z\u00a0dvan\u00e1cti st\u0159edn\u00edch \u0161kol nap\u0159i\u010d \u010ceskou republikou. Do celost\u00e1tn\u00ed sout\u011b\u017ee LOGISTIC JUNIOR S\u0160 2022, kter\u00fd se konal v\u00a0Dalovic\u00edch nedaleko Karlov\u00fdch Var\u016f ve dnech 11.-13. \u0159\u00edjna 2022, p\u0159isp\u011bla Vysok\u00e1 \u0161kola logistiky odborn\u011b i v\u011bcn\u00fdmi dary.\u00a0Rektor Vysok\u00e9 \u0161koly logistiky prof. Ing. V\u00e1clav Cemp\u00edrek, Ph.D., DBA, a [&hellip;]","og_url":"https:\/\/vslg.cz\/en\/aktuality\/vysoka-skola-logistiky-podporila-soutez-logistik-junior-strednich-skol\/","og_site_name":"Vysok\u00e1 \u0161kola logistiky o.p.s","og_image":[{"width":1600,"height":1200,"url":"https:\/\/vslg.cz\/wp-content\/uploads\/2022\/10\/LogistikJunior_tymCT.jpg","type":"image\/jpeg"}],"twitter_card":"summary_large_image","twitter_misc":{"Est. reading time":"1 minute"},"schema":{"@context":"https:\/\/schema.org","@graph":[{"@type":"WebPage","@id":"https:\/\/vslg.cz\/en\/aktuality\/vysoka-skola-logistiky-podporila-soutez-logistik-junior-strednich-skol\/","url":"https:\/\/vslg.cz\/en\/aktuality\/vysoka-skola-logistiky-podporila-soutez-logistik-junior-strednich-skol\/","name":"Vysok\u00e1 \u0161kola logistiky podpo\u0159ila sout\u011b\u017e LOGISTIK JUNIOR st\u0159edn\u00edch \u0161kol - Vysok\u00e1 \u0161kola logistiky o.p.s","isPartOf":{"@id":"https:\/\/vslg.cz\/en\/#website"},"primaryImageOfPage":{"@id":"https:\/\/vslg.cz\/en\/aktuality\/vysoka-skola-logistiky-podporila-soutez-logistik-junior-strednich-skol\/#primaryimage"},"image":{"@id":"https:\/\/vslg.cz\/en\/aktuality\/vysoka-skola-logistiky-podporila-soutez-logistik-junior-strednich-skol\/#primaryimage"},"thumbnailUrl":"https:\/\/vslg.cz\/wp-content\/uploads\/2022\/10\/LogistikJunior_tymCT.jpg","datePublished":"2023-04-25T10:11:04+00:00","breadcrumb":{"@id":"https:\/\/vslg.cz\/en\/aktuality\/vysoka-skola-logistiky-podporila-soutez-logistik-junior-strednich-skol\/#breadcrumb"},"inLanguage":"en-US","potentialAction":[{"@type":"ReadAction","target":["https:\/\/vslg.cz\/en\/aktuality\/vysoka-skola-logistiky-podporila-soutez-logistik-junior-strednich-skol\/"]}]},{"@type":"ImageObject","inLanguage":"en-US","@id":"https:\/\/vslg.cz\/en\/aktuality\/vysoka-skola-logistiky-podporila-soutez-logistik-junior-strednich-skol\/#primaryimage","url":"https:\/\/vslg.cz\/wp-content\/uploads\/2022\/10\/LogistikJunior_tymCT.jpg","contentUrl":"https:\/\/vslg.cz\/wp-content\/uploads\/2022\/10\/LogistikJunior_tymCT.jpg","width":1600,"height":1200},{"@type":"BreadcrumbList","@id":"https:\/\/vslg.cz\/en\/aktuality\/vysoka-skola-logistiky-podporila-soutez-logistik-junior-strednich-skol\/#breadcrumb","itemListElement":[{"@type":"ListItem","position":1,"name":"Vysok\u00e1 \u0161kola logistiky","item":"https:\/\/vslg.cz\/en\/"},{"@type":"ListItem","position":2,"name":"Aktuality","item":"https:\/\/vslg.cz\/en\/aktuality\/"},{"@type":"ListItem","position":3,"name":"Vysok\u00e1 \u0161kola logistiky podpo\u0159ila sout\u011b\u017e LOGISTIK JUNIOR st\u0159edn\u00edch \u0161kol"}]},{"@type":"WebSite","@id":"https:\/\/vslg.cz\/en\/#website","url":"https:\/\/vslg.cz\/en\/","name":"Vysok\u00e1 \u0161kola logistiky o.p.s","description":"Kvalita. Prest\u00ed\u017e. \u00daspech. Prec\u00edznos\u0165.","potentialAction":[{"@type":"SearchAction","target":{"@type":"EntryPoint","urlTemplate":"https:\/\/vslg.cz\/en\/?s={search_term_string}"},"query-input":{"@type":"PropertyValueSpecification","valueRequired":true,"valueName":"search_term_string"}}],"inLanguage":"en-US"}]}},"meta_box":[],"_links":{"self":[{"href":"https:\/\/vslg.cz\/en\/wp-json\/wp\/v2\/aktuality\/7784","targetHints":{"allow":["GET"]}}],"collection":[{"href":"https:\/\/vslg.cz\/en\/wp-json\/wp\/v2\/aktuality"}],"about":[{"href":"https:\/\/vslg.cz\/en\/wp-json\/wp\/v2\/types\/aktuality"}],"version-history":[{"count":1,"href":"https:\/\/vslg.cz\/en\/wp-json\/wp\/v2\/aktuality\/7784\/revisions"}],"predecessor-version":[{"id":7785,"href":"https:\/\/vslg.cz\/en\/wp-json\/wp\/v2\/aktuality\/7784\/revisions\/7785"}],"wp:featuredmedia":[{"embeddable":true,"href":"https:\/\/vslg.cz\/en\/wp-json\/wp\/v2\/media\/6046"}],"wp:attachment":[{"href":"https:\/\/vslg.cz\/en\/wp-json\/wp\/v2\/media?parent=7784"}],"wp:term":[{"taxonomy":"kategoria","embeddable":true,"href":"https:\/\/vslg.cz\/en\/wp-json\/wp\/v2\/kategoria?post=7784"},{"taxonomy":"mesto","embeddable":true,"href":"https:\/\/vslg.cz\/en\/wp-json\/wp\/v2\/mesto?post=7784"},{"taxonomy":"skola","embeddable":true,"href":"https:\/\/vslg.cz\/en\/wp-json\/wp\/v2\/skola?post=7784"}],"curies":[{"name":"wp","href":"https:\/\/api.w.org\/{rel}","templated":true}]}}