{"id":7764,"date":"2023-04-25T12:05:34","date_gmt":"2023-04-25T10:05:34","guid":{"rendered":"https:\/\/vslg.cz\/aktuality\/pozvanka-na-konferenci-inovacni-region-prerovsko\/"},"modified":"2023-04-25T12:05:34","modified_gmt":"2023-04-25T10:05:34","slug":"pozvanka-na-konferenci-inovacni-region-prerovsko","status":"publish","type":"aktuality","link":"https:\/\/vslg.cz\/en\/aktuality\/pozvanka-na-konferenci-inovacni-region-prerovsko\/","title":{"rendered":"Pozv\u00e1nka na konferenci Inova\u010dn\u00ed region P\u0159erovsko"},"content":{"rendered":"\n<p>Vysok\u00e1 \u0161kola logistiky spolupo\u0159\u00e1d\u00e1 <strong>konferenci Inova\u010dn\u00ed region P\u0159erovsko<\/strong>, kter\u00e1 se uskute\u010dn\u00ed ve <strong>\u010dtvrtek 12.5.2022 v\u00a0prostor\u00e1ch Vysok\u00e9 \u0161koly logistiky v P\u0159erov\u011b<\/strong>. Hlavn\u00edm organiz\u00e1torem je Inova\u010dn\u00ed centrum Olomouck\u00e9ho kraje (ICOK).<\/p>\n\n<p>C\u00edlem konference je nab\u00eddnout praktick\u00fd pohled na inovace v businessu pomoc\u00ed konkr\u00e9tn\u00edch use case m\u00edstn\u00edch firem a za\u010d\u00ednaj\u00edc\u00edch podnikatel\u016f\/startupov\u00fdch projekt\u016f a umo\u017enit propojen\u00ed mezi akt\u00e9ry inova\u010dn\u00edho prost\u0159ed\u00ed na P\u0159erovsku.<br\/>Panelov\u00e1 \u010d\u00e1st je zam\u011b\u0159en\u00e1 na diskusi, kam by se m\u011bl region posouvat z hlediska podpory inovac\u00ed, co firmy o\u010dek\u00e1vaj\u00ed od ve\u0159ejn\u00fdch subjekt\u016f typu ICOK, OHK P\u0159erov, m\u011bsto P\u0159erov\/ budouc\u00ed inova\u010dn\u00ed hub, nebo co naopak cht\u011bj\u00ed regionu nab\u00eddnout, co u\u017e d\u011blaj\u00ed pro jeho rozvoj \u2013 investice do vzd\u011bl\u00e1v\u00e1n\u00ed, nov\u00fdch technologi\u00ed atp.<\/p>\n\n<p>\u00da\u010dast na konferenci i matchmakingu je bezplatn\u00e1.<br\/><strong>Na konferenci se p\u0159ihlaste\u00a0<a href=\"https:\/\/docs.google.com\/forms\/d\/e\/1FAIpQLSeJ82tzL2qsQs9jsKrKxy_3kD4oXXJZJpkUy9W9hnfr9oUEOA\/viewform\">zde<\/a>.<\/strong><br\/><strong>Na matchmaking se p\u0159ihlaste <a href=\"https:\/\/forms.gle\/5HwARXWCix6WoMEw8\">zde<\/a>.\u00a0<\/strong><\/p>\n\n<h3 class=\"wp-block-heading\">Program konference Inova\u010dn\u00ed region P\u0159erovsko<\/h3>\n\n<figure class=\"wp-block-image size-large\"><img loading=\"lazy\" decoding=\"async\" width=\"900\" height=\"506\" src=\"https:\/\/vslg.cz\/wp-content\/uploads\/2022\/05\/Pozvanka_PNG2.png\" alt=\"\" class=\"wp-image-5572\" srcset=\"https:\/\/vslg.cz\/wp-content\/uploads\/2022\/05\/Pozvanka_PNG2.png 900w, https:\/\/vslg.cz\/wp-content\/uploads\/2022\/05\/Pozvanka_PNG2-300x169.png 300w, https:\/\/vslg.cz\/wp-content\/uploads\/2022\/05\/Pozvanka_PNG2-768x432.png 768w\" sizes=\"auto, (max-width: 900px) 100vw, 900px\" \/><\/figure>\n\n<h3 class=\"wp-block-heading\">Matchmaking\u00a0Inovace a realita v logistice 4.0<\/h3>\n\n<p><strong>13:00\u201315:00\u00a0<\/strong><br\/>Z\u00e1kladn\u00ed principy konceptu Pr\u016fmysl 4.0 vy\u017eaduj\u00ed zm\u011bnu my\u0161len\u00ed \u2013 inovace \u2013 i v oblasti logistiky. Tyto principy, kter\u00e9 vych\u00e1zej\u00ed z automatizace, digitalizace, um\u011bl\u00e9 inteligence a informa\u010dn\u00edch a komunika\u010dn\u00edch technologi\u00ed, se mus\u00ed z\u00e1konit\u011b odrazit i v ostatn\u00edch oblastech, do kter\u00fdch logistika zasahuje. Z\u00e1kladn\u00edm trendem je praktick\u00e9 vyu\u017eit\u00ed chytr\u00e9 logistiky v oblasti pr\u016fmyslov\u00fdch podnik\u016f, kter\u00e1 vy\u017eaduje autonomn\u00ed \u0159\u00edzen\u00ed tok\u016f a propojenost na informa\u010dn\u00ed infrastrukturu i vyu\u017eit\u00ed cloudov\u00fdch technologi\u00ed. Stejn\u00fd p\u0159\u00edstup lze uplatit i v \u0159e\u0161en\u00ed konceptu Smart regionu, kde tyto aspekty hraj\u00ed kl\u00ed\u010dovou \u00falohu s podporou \u0159e\u0161en\u00ed, kter\u00e1 respektuj\u00ed principy Green Deal.<br\/>C\u00edlem matchmakingov\u00e9 akce je hledat konkr\u00e9tn\u00ed formy spolupr\u00e1ce mezi Vysokou \u0161kolou logistiky a firmami sm\u011b\u0159uj\u00edc\u00ed k transferu znalost\u00ed a technologi\u00ed z v\u011bdecko-v\u00fdzkumn\u00e9ho prost\u0159ed\u00ed do aplika\u010dn\u00ed sf\u00e9ry.<\/p>\n","protected":false},"excerpt":{"rendered":"<p>R\u00e1di bychom V\u00e1s pozvali na konferenci Inova\u010dn\u00ed region P\u0159erovsko.<\/p>\n","protected":false},"featured_media":7434,"template":"","kategoria":[140,141],"mesto":[],"skola":[],"class_list":["post-7764","aktuality","type-aktuality","status-publish","has-post-thumbnail","hentry","kategoria-news","kategoria-events"],"yoast_head":"<!-- This site is optimized with the Yoast SEO plugin v26.8 - https:\/\/yoast.com\/product\/yoast-seo-wordpress\/ -->\n<title>Pozv\u00e1nka na konferenci Inova\u010dn\u00ed region P\u0159erovsko - Vysok\u00e1 \u0161kola logistiky o.p.s<\/title>\n<meta name=\"robots\" content=\"index, follow, max-snippet:-1, max-image-preview:large, max-video-preview:-1\" \/>\n<link rel=\"canonical\" href=\"https:\/\/vslg.cz\/en\/aktuality\/pozvanka-na-konferenci-inovacni-region-prerovsko\/\" \/>\n<meta property=\"og:locale\" content=\"en_US\" \/>\n<meta property=\"og:type\" content=\"article\" \/>\n<meta property=\"og:title\" content=\"Pozv\u00e1nka na konferenci Inova\u010dn\u00ed region P\u0159erovsko - Vysok\u00e1 \u0161kola logistiky o.p.s\" \/>\n<meta property=\"og:description\" content=\"R\u00e1di bychom V\u00e1s pozvali na konferenci Inova\u010dn\u00ed region P\u0159erovsko.\" \/>\n<meta property=\"og:url\" content=\"https:\/\/vslg.cz\/en\/aktuality\/pozvanka-na-konferenci-inovacni-region-prerovsko\/\" \/>\n<meta property=\"og:site_name\" content=\"Vysok\u00e1 \u0161kola logistiky o.p.s\" \/>\n<meta property=\"og:image\" content=\"https:\/\/vslg.cz\/wp-content\/uploads\/2022\/05\/IK-1.png\" \/>\n\t<meta property=\"og:image:width\" content=\"973\" \/>\n\t<meta property=\"og:image:height\" content=\"235\" \/>\n\t<meta property=\"og:image:type\" content=\"image\/png\" \/>\n<meta name=\"twitter:card\" content=\"summary_large_image\" \/>\n<meta name=\"twitter:label1\" content=\"Est. reading time\" \/>\n\t<meta name=\"twitter:data1\" content=\"2 minutes\" \/>\n<script type=\"application\/ld+json\" class=\"yoast-schema-graph\">{\"@context\":\"https:\/\/schema.org\",\"@graph\":[{\"@type\":\"WebPage\",\"@id\":\"https:\/\/vslg.cz\/en\/aktuality\/pozvanka-na-konferenci-inovacni-region-prerovsko\/\",\"url\":\"https:\/\/vslg.cz\/en\/aktuality\/pozvanka-na-konferenci-inovacni-region-prerovsko\/\",\"name\":\"Pozv\u00e1nka na konferenci Inova\u010dn\u00ed region P\u0159erovsko - Vysok\u00e1 \u0161kola logistiky o.p.s\",\"isPartOf\":{\"@id\":\"https:\/\/vslg.cz\/en\/#website\"},\"primaryImageOfPage\":{\"@id\":\"https:\/\/vslg.cz\/en\/aktuality\/pozvanka-na-konferenci-inovacni-region-prerovsko\/#primaryimage\"},\"image\":{\"@id\":\"https:\/\/vslg.cz\/en\/aktuality\/pozvanka-na-konferenci-inovacni-region-prerovsko\/#primaryimage\"},\"thumbnailUrl\":\"https:\/\/vslg.cz\/wp-content\/uploads\/2022\/05\/IK-1.png\",\"datePublished\":\"2023-04-25T10:05:34+00:00\",\"breadcrumb\":{\"@id\":\"https:\/\/vslg.cz\/en\/aktuality\/pozvanka-na-konferenci-inovacni-region-prerovsko\/#breadcrumb\"},\"inLanguage\":\"en-US\",\"potentialAction\":[{\"@type\":\"ReadAction\",\"target\":[\"https:\/\/vslg.cz\/en\/aktuality\/pozvanka-na-konferenci-inovacni-region-prerovsko\/\"]}]},{\"@type\":\"ImageObject\",\"inLanguage\":\"en-US\",\"@id\":\"https:\/\/vslg.cz\/en\/aktuality\/pozvanka-na-konferenci-inovacni-region-prerovsko\/#primaryimage\",\"url\":\"https:\/\/vslg.cz\/wp-content\/uploads\/2022\/05\/IK-1.png\",\"contentUrl\":\"https:\/\/vslg.cz\/wp-content\/uploads\/2022\/05\/IK-1.png\",\"width\":973,\"height\":235},{\"@type\":\"BreadcrumbList\",\"@id\":\"https:\/\/vslg.cz\/en\/aktuality\/pozvanka-na-konferenci-inovacni-region-prerovsko\/#breadcrumb\",\"itemListElement\":[{\"@type\":\"ListItem\",\"position\":1,\"name\":\"Vysok\u00e1 \u0161kola logistiky\",\"item\":\"https:\/\/vslg.cz\/en\/\"},{\"@type\":\"ListItem\",\"position\":2,\"name\":\"Aktuality\",\"item\":\"https:\/\/vslg.cz\/en\/aktuality\/\"},{\"@type\":\"ListItem\",\"position\":3,\"name\":\"Pozv\u00e1nka na konferenci Inova\u010dn\u00ed region P\u0159erovsko\"}]},{\"@type\":\"WebSite\",\"@id\":\"https:\/\/vslg.cz\/en\/#website\",\"url\":\"https:\/\/vslg.cz\/en\/\",\"name\":\"Vysok\u00e1 \u0161kola logistiky o.p.s\",\"description\":\"Kvalita. Prest\u00ed\u017e. \u00daspech. Prec\u00edznos\u0165.\",\"potentialAction\":[{\"@type\":\"SearchAction\",\"target\":{\"@type\":\"EntryPoint\",\"urlTemplate\":\"https:\/\/vslg.cz\/en\/?s={search_term_string}\"},\"query-input\":{\"@type\":\"PropertyValueSpecification\",\"valueRequired\":true,\"valueName\":\"search_term_string\"}}],\"inLanguage\":\"en-US\"}]}<\/script>\n<!-- \/ Yoast SEO plugin. -->","yoast_head_json":{"title":"Pozv\u00e1nka na konferenci Inova\u010dn\u00ed region P\u0159erovsko - Vysok\u00e1 \u0161kola logistiky o.p.s","robots":{"index":"index","follow":"follow","max-snippet":"max-snippet:-1","max-image-preview":"max-image-preview:large","max-video-preview":"max-video-preview:-1"},"canonical":"https:\/\/vslg.cz\/en\/aktuality\/pozvanka-na-konferenci-inovacni-region-prerovsko\/","og_locale":"en_US","og_type":"article","og_title":"Pozv\u00e1nka na konferenci Inova\u010dn\u00ed region P\u0159erovsko - Vysok\u00e1 \u0161kola logistiky o.p.s","og_description":"R\u00e1di bychom V\u00e1s pozvali na konferenci Inova\u010dn\u00ed region P\u0159erovsko.","og_url":"https:\/\/vslg.cz\/en\/aktuality\/pozvanka-na-konferenci-inovacni-region-prerovsko\/","og_site_name":"Vysok\u00e1 \u0161kola logistiky o.p.s","og_image":[{"width":973,"height":235,"url":"https:\/\/vslg.cz\/wp-content\/uploads\/2022\/05\/IK-1.png","type":"image\/png"}],"twitter_card":"summary_large_image","twitter_misc":{"Est. reading time":"2 minutes"},"schema":{"@context":"https:\/\/schema.org","@graph":[{"@type":"WebPage","@id":"https:\/\/vslg.cz\/en\/aktuality\/pozvanka-na-konferenci-inovacni-region-prerovsko\/","url":"https:\/\/vslg.cz\/en\/aktuality\/pozvanka-na-konferenci-inovacni-region-prerovsko\/","name":"Pozv\u00e1nka na konferenci Inova\u010dn\u00ed region P\u0159erovsko - Vysok\u00e1 \u0161kola logistiky o.p.s","isPartOf":{"@id":"https:\/\/vslg.cz\/en\/#website"},"primaryImageOfPage":{"@id":"https:\/\/vslg.cz\/en\/aktuality\/pozvanka-na-konferenci-inovacni-region-prerovsko\/#primaryimage"},"image":{"@id":"https:\/\/vslg.cz\/en\/aktuality\/pozvanka-na-konferenci-inovacni-region-prerovsko\/#primaryimage"},"thumbnailUrl":"https:\/\/vslg.cz\/wp-content\/uploads\/2022\/05\/IK-1.png","datePublished":"2023-04-25T10:05:34+00:00","breadcrumb":{"@id":"https:\/\/vslg.cz\/en\/aktuality\/pozvanka-na-konferenci-inovacni-region-prerovsko\/#breadcrumb"},"inLanguage":"en-US","potentialAction":[{"@type":"ReadAction","target":["https:\/\/vslg.cz\/en\/aktuality\/pozvanka-na-konferenci-inovacni-region-prerovsko\/"]}]},{"@type":"ImageObject","inLanguage":"en-US","@id":"https:\/\/vslg.cz\/en\/aktuality\/pozvanka-na-konferenci-inovacni-region-prerovsko\/#primaryimage","url":"https:\/\/vslg.cz\/wp-content\/uploads\/2022\/05\/IK-1.png","contentUrl":"https:\/\/vslg.cz\/wp-content\/uploads\/2022\/05\/IK-1.png","width":973,"height":235},{"@type":"BreadcrumbList","@id":"https:\/\/vslg.cz\/en\/aktuality\/pozvanka-na-konferenci-inovacni-region-prerovsko\/#breadcrumb","itemListElement":[{"@type":"ListItem","position":1,"name":"Vysok\u00e1 \u0161kola logistiky","item":"https:\/\/vslg.cz\/en\/"},{"@type":"ListItem","position":2,"name":"Aktuality","item":"https:\/\/vslg.cz\/en\/aktuality\/"},{"@type":"ListItem","position":3,"name":"Pozv\u00e1nka na konferenci Inova\u010dn\u00ed region P\u0159erovsko"}]},{"@type":"WebSite","@id":"https:\/\/vslg.cz\/en\/#website","url":"https:\/\/vslg.cz\/en\/","name":"Vysok\u00e1 \u0161kola logistiky o.p.s","description":"Kvalita. Prest\u00ed\u017e. \u00daspech. Prec\u00edznos\u0165.","potentialAction":[{"@type":"SearchAction","target":{"@type":"EntryPoint","urlTemplate":"https:\/\/vslg.cz\/en\/?s={search_term_string}"},"query-input":{"@type":"PropertyValueSpecification","valueRequired":true,"valueName":"search_term_string"}}],"inLanguage":"en-US"}]}},"meta_box":[],"_links":{"self":[{"href":"https:\/\/vslg.cz\/en\/wp-json\/wp\/v2\/aktuality\/7764","targetHints":{"allow":["GET"]}}],"collection":[{"href":"https:\/\/vslg.cz\/en\/wp-json\/wp\/v2\/aktuality"}],"about":[{"href":"https:\/\/vslg.cz\/en\/wp-json\/wp\/v2\/types\/aktuality"}],"version-history":[{"count":1,"href":"https:\/\/vslg.cz\/en\/wp-json\/wp\/v2\/aktuality\/7764\/revisions"}],"predecessor-version":[{"id":7765,"href":"https:\/\/vslg.cz\/en\/wp-json\/wp\/v2\/aktuality\/7764\/revisions\/7765"}],"wp:featuredmedia":[{"embeddable":true,"href":"https:\/\/vslg.cz\/en\/wp-json\/wp\/v2\/media\/7434"}],"wp:attachment":[{"href":"https:\/\/vslg.cz\/en\/wp-json\/wp\/v2\/media?parent=7764"}],"wp:term":[{"taxonomy":"kategoria","embeddable":true,"href":"https:\/\/vslg.cz\/en\/wp-json\/wp\/v2\/kategoria?post=7764"},{"taxonomy":"mesto","embeddable":true,"href":"https:\/\/vslg.cz\/en\/wp-json\/wp\/v2\/mesto?post=7764"},{"taxonomy":"skola","embeddable":true,"href":"https:\/\/vslg.cz\/en\/wp-json\/wp\/v2\/skola?post=7764"}],"curies":[{"name":"wp","href":"https:\/\/api.w.org\/{rel}","templated":true}]}}